{"id":566,"date":"2024-02-18T09:14:27","date_gmt":"2024-02-18T09:14:27","guid":{"rendered":"https:\/\/brave-visvesvaraya.82-223-114-116.plesk.page\/?page_id=566"},"modified":"2025-03-03T21:07:12","modified_gmt":"2025-03-03T20:07:12","slug":"seguros-para-autonomos","status":"publish","type":"page","link":"https:\/\/balaguergutierrez.es\/index.php\/seguros-para-autonomos\/","title":{"rendered":"Seguros para Aut\u00f3nomos"},"content":{"rendered":"<figure class=\"wp-block-post-featured-image\"><img loading=\"lazy\" decoding=\"async\" width=\"1024\" height=\"426\" src=\"https:\/\/balaguergutierrez.es\/wp-content\/uploads\/2024\/11\/plan-autonomo-e1730465800816.jpg\" class=\"attachment-post-thumbnail size-post-thumbnail wp-post-image\" alt=\"\" style=\"object-fit:cover;\" srcset=\"https:\/\/balaguergutierrez.es\/wp-content\/uploads\/2024\/11\/plan-autonomo-e1730465800816.jpg 1024w, https:\/\/balaguergutierrez.es\/wp-content\/uploads\/2024\/11\/plan-autonomo-e1730465800816-300x125.jpg 300w, https:\/\/balaguergutierrez.es\/wp-content\/uploads\/2024\/11\/plan-autonomo-e1730465800816-768x320.jpg 768w, https:\/\/balaguergutierrez.es\/wp-content\/uploads\/2024\/11\/plan-autonomo-e1730465800816-720x300.jpg 720w\" sizes=\"auto, (max-width: 1024px) 100vw, 1024px\" \/><\/figure>\n\n\n<div style=\"height:50px\" aria-hidden=\"true\" class=\"wp-block-spacer\"><\/div>\n\n\n\n<p>En Espa\u00f1a, los aut\u00f3nomos son el motor del sector servicios, predominando entre los 40 y 54 a\u00f1os, con jornadas intensas y grandes retos econ\u00f3micos. Trabajan con esfuerzo e independencia, pero cualquier imprevisto puede afectar directamente su estabilidad personal y familiar.<\/p>\n\n\n\n<p>En <strong><span style=\"color: red;\">Balaguer &amp; Guti\u00e9rrez<\/span><\/strong>, entendemos tus necesidades y te ofrecemos soluciones adaptadas para proteger tu actividad y garantizar tu tranquilidad.<\/p>\n\n\n\n<h3 class=\"wp-block-heading\">Soluciones aseguradoras para aut\u00f3nomos:<\/h3>\n\n\n\n<ul class=\"wp-block-list\">\n<li><strong><a href=\"https:\/\/balaguergutierrez.es\/index.php\/seguro-de-accidentes\/\">Seguro de Accidente<\/a><a href=\"https:\/\/brave-visvesvaraya.82-223-114-116.plesk.page\/index.php\/seguro-de-accidentes\/\">s<\/a>:<\/strong> Cobertura ante imprevistos diarios que puedan afectar tu trabajo.<\/li>\n\n\n\n<li><strong><a href=\"https:\/\/balaguergutierrez.es\/index.php\/seguro-de-incapacidad-laboral-temporal\/\">Seguro de Incapacidad Laboral Temporal<\/a><\/strong>: Garantiza ingresos durante los periodos de baja laboral.<\/li>\n\n\n\n<li><strong><a href=\"https:\/\/balaguergutierrez.es\/index.php\/salud\/\">Seguro de Salud<\/a><\/strong>: Acceso r\u00e1pido y eficiente a la mejor atenci\u00f3n m\u00e9dica.<\/li>\n\n\n\n<li><strong><a href=\"https:\/\/balaguergutierrez.es\/index.php\/seguro-de-vida\/\">Seguro de Vida<\/a><\/strong>: Protege la seguridad econ\u00f3mica de tus seres queridos.<\/li>\n<\/ul>\n\n\n\n<h3 class=\"wp-block-heading\">\u00bfPor qu\u00e9 elegirnos?<\/h3>\n\n\n\n<p>Te ayudamos a personalizar las coberturas que necesitas, adapt\u00e1ndolas a tu realidad profesional y familiar. Con <strong><span style=\"color: red;\">Balaguer &amp; Guti\u00e9rrez<\/span><\/strong>, aseguras tu tranquilidad mientras te enfocas en lo m\u00e1s importante: tu negocio.<\/p>\n\n\n\n<p class=\"has-text-align-center\"><strong><span style=\"color: red;\">Contacta con nosotros y descubre c\u00f3mo proteger tu actividad y a quienes m\u00e1s te importan.<\/span><\/strong><\/p>\n\n\n\n<hr class=\"wp-block-separator has-text-color has-vivid-red-color has-alpha-channel-opacity has-vivid-red-background-color has-background is-style-wide\"\/>\n\n\n\n<div class=\"wp-block-buttons is-content-justification-center is-layout-flex wp-container-core-buttons-is-layout-16018d1d wp-block-buttons-is-layout-flex\">\n<div class=\"wp-block-button\"><a class=\"wp-block-button__link has-white-color has-vivid-red-background-color has-text-color has-background has-link-color wp-element-button\" href=\"https:\/\/outlook-sdf.office.com\/bookwithme\/user\/d067cf286ea94ad79a1915b27c53db14@balaguergutierrez.com?anonymous&amp;ep=plink\" target=\"_blank\" rel=\" noreferrer noopener nofollow\">Solicita una cita<\/a><\/div>\n<\/div>\n\n\n\n<hr class=\"wp-block-separator has-text-color has-vivid-red-color has-alpha-channel-opacity has-vivid-red-background-color has-background is-style-wide\"\/>\n\n\n<ul class=\"wp-block-latest-posts__list is-grid columns-3 has-dates wp-block-latest-posts\"><li><div class=\"wp-block-latest-posts__featured-image\"><img loading=\"lazy\" decoding=\"async\" width=\"150\" height=\"150\" src=\"https:\/\/balaguergutierrez.es\/wp-content\/uploads\/2026\/03\/seguro-vida-socios-empresa-baleares-2026-150x150.webp\" class=\"attachment-thumbnail size-thumbnail wp-post-image\" alt=\"socios de empresa reunidos revisando acuerdo empresarial en oficina de Palma de Mallorca\" style=\"\" srcset=\"https:\/\/balaguergutierrez.es\/wp-content\/uploads\/2026\/03\/seguro-vida-socios-empresa-baleares-2026-150x150.webp 150w, https:\/\/balaguergutierrez.es\/wp-content\/uploads\/2026\/03\/seguro-vida-socios-empresa-baleares-2026-230x230.webp 230w, https:\/\/balaguergutierrez.es\/wp-content\/uploads\/2026\/03\/seguro-vida-socios-empresa-baleares-2026-365x365.webp 365w\" sizes=\"auto, (max-width: 150px) 100vw, 150px\" \/><\/div><a class=\"wp-block-latest-posts__post-title\" href=\"https:\/\/balaguergutierrez.es\/index.php\/2026\/03\/20\/seguro-vida-socios-baleares\/\">Seguro de vida entre socios: la clave para garantizar la continuidad de tu empresa<\/a><time datetime=\"2026-03-20T12:00:00+01:00\" class=\"wp-block-latest-posts__post-date\">20 de marzo de 2026<\/time><div class=\"wp-block-latest-posts__post-excerpt\">Cuando un socio falta, el problema no es solo personal: tambi\u00e9n es empresarialEn nuestro Pa\u00eds, existen miles de peque\u00f1as empresas y negocios familiares donde dos<\/div><\/li>\n<li><div class=\"wp-block-latest-posts__featured-image\"><img loading=\"lazy\" decoding=\"async\" width=\"150\" height=\"150\" src=\"https:\/\/balaguergutierrez.es\/wp-content\/uploads\/2026\/03\/ciberseguro-empresas-baleares-2026-150x150.webp\" class=\"attachment-thumbnail size-thumbnail wp-post-image\" alt=\"Profesional trabajando en ordenador con alerta de ciberseguridad en oficina de Palma\" style=\"\" srcset=\"https:\/\/balaguergutierrez.es\/wp-content\/uploads\/2026\/03\/ciberseguro-empresas-baleares-2026-150x150.webp 150w, https:\/\/balaguergutierrez.es\/wp-content\/uploads\/2026\/03\/ciberseguro-empresas-baleares-2026-230x230.webp 230w, https:\/\/balaguergutierrez.es\/wp-content\/uploads\/2026\/03\/ciberseguro-empresas-baleares-2026-365x365.webp 365w\" sizes=\"auto, (max-width: 150px) 100vw, 150px\" \/><\/div><a class=\"wp-block-latest-posts__post-title\" href=\"https:\/\/balaguergutierrez.es\/index.php\/2026\/03\/13\/ciberseguro-baleares-empresas\/\">Ciberataques: el riesgo silencioso que ya amenaza a aut\u00f3nomos y pymes<\/a><time datetime=\"2026-03-13T12:00:00+01:00\" class=\"wp-block-latest-posts__post-date\">13 de marzo de 2026<\/time><div class=\"wp-block-latest-posts__post-excerpt\">Una nueva realidad para empresas y profesionales. La digitalizaci\u00f3n ha cambiado la forma de trabajar en toda Espa\u00f1a. Facturaci\u00f3n online, reservas por internet, bases de<\/div><\/li>\n<li><div class=\"wp-block-latest-posts__featured-image\"><img loading=\"lazy\" decoding=\"async\" width=\"150\" height=\"150\" src=\"https:\/\/balaguergutierrez.es\/wp-content\/uploads\/2026\/02\/seguro-coche-electrico-baleares-2026-1-150x150.webp\" class=\"attachment-thumbnail size-thumbnail wp-post-image\" alt=\"Coche el\u00e9ctrico cargando en una calle de Palma de Mallorca\" style=\"\" srcset=\"https:\/\/balaguergutierrez.es\/wp-content\/uploads\/2026\/02\/seguro-coche-electrico-baleares-2026-1-150x150.webp 150w, https:\/\/balaguergutierrez.es\/wp-content\/uploads\/2026\/02\/seguro-coche-electrico-baleares-2026-1-230x230.webp 230w, https:\/\/balaguergutierrez.es\/wp-content\/uploads\/2026\/02\/seguro-coche-electrico-baleares-2026-1-365x365.webp 365w\" sizes=\"auto, (max-width: 150px) 100vw, 150px\" \/><\/div><a class=\"wp-block-latest-posts__post-title\" href=\"https:\/\/balaguergutierrez.es\/index.php\/2026\/03\/06\/seguro-coche-electrico-baleares\/\">Veh\u00edculos el\u00e9ctricos: el seguro que necesitas hoy (y los errores m\u00e1s comunes)<\/a><time datetime=\"2026-03-06T12:00:00+01:00\" class=\"wp-block-latest-posts__post-date\">6 de marzo de 2026<\/time><div class=\"wp-block-latest-posts__post-excerpt\">El veh\u00edculo el\u00e9ctrico ya no es futuro: es presente. Cada mes vemos m\u00e1s coches el\u00e9ctricos e h\u00edbridos enchufables, tanto de particulares como de aut\u00f3nomos y<\/div><\/li>\n<li><div class=\"wp-block-latest-posts__featured-image\"><img loading=\"lazy\" decoding=\"async\" width=\"150\" height=\"150\" src=\"https:\/\/balaguergutierrez.es\/wp-content\/uploads\/2026\/02\/seguro-baja-laboral-baleares-2026-150x150.webp\" class=\"attachment-thumbnail size-thumbnail wp-post-image\" alt=\"Profesional aut\u00f3nomo recuper\u00e1ndose en casa en Palma\" style=\"\" srcset=\"https:\/\/balaguergutierrez.es\/wp-content\/uploads\/2026\/02\/seguro-baja-laboral-baleares-2026-150x150.webp 150w, https:\/\/balaguergutierrez.es\/wp-content\/uploads\/2026\/02\/seguro-baja-laboral-baleares-2026-230x230.webp 230w, https:\/\/balaguergutierrez.es\/wp-content\/uploads\/2026\/02\/seguro-baja-laboral-baleares-2026-365x365.webp 365w\" sizes=\"auto, (max-width: 150px) 100vw, 150px\" \/><\/div><a class=\"wp-block-latest-posts__post-title\" href=\"https:\/\/balaguergutierrez.es\/index.php\/2026\/02\/04\/seguro-baja-laboral-accidentes-baleares\/\">Baja laboral y accidentes: c\u00f3mo proteger tus ingresos cuando no puedes trabajar<\/a><time datetime=\"2026-02-04T12:00:00+01:00\" class=\"wp-block-latest-posts__post-date\">4 de febrero de 2026<\/time><div class=\"wp-block-latest-posts__post-excerpt\">Cada vez m\u00e1s personas viven de su actividad diaria: aut\u00f3nomos, peque\u00f1os empresarios, profesionales liberales y trabajadores clave en pymes. Y hay una realidad inc\u00f3moda que<\/div><\/li>\n<li><div class=\"wp-block-latest-posts__featured-image\"><img loading=\"lazy\" decoding=\"async\" width=\"150\" height=\"150\" src=\"https:\/\/balaguergutierrez.es\/wp-content\/uploads\/2026\/01\/250804-BALAGUER-GUTIERREZ_MEME-RRSS-V2-150x150.webp\" class=\"attachment-thumbnail size-thumbnail wp-post-image\" alt=\"\u00danico n\u00famero de contacto (+34 971 451 651) y App de cliente de Balaguer &amp; Guti\u00e9rrez en Palma de Mallorca\" style=\"\" srcset=\"https:\/\/balaguergutierrez.es\/wp-content\/uploads\/2026\/01\/250804-BALAGUER-GUTIERREZ_MEME-RRSS-V2-150x150.webp 150w, https:\/\/balaguergutierrez.es\/wp-content\/uploads\/2026\/01\/250804-BALAGUER-GUTIERREZ_MEME-RRSS-V2-300x300.webp 300w, https:\/\/balaguergutierrez.es\/wp-content\/uploads\/2026\/01\/250804-BALAGUER-GUTIERREZ_MEME-RRSS-V2-230x230.webp 230w, https:\/\/balaguergutierrez.es\/wp-content\/uploads\/2026\/01\/250804-BALAGUER-GUTIERREZ_MEME-RRSS-V2-365x365.webp 365w, https:\/\/balaguergutierrez.es\/wp-content\/uploads\/2026\/01\/250804-BALAGUER-GUTIERREZ_MEME-RRSS-V2.webp 600w\" sizes=\"auto, (max-width: 150px) 100vw, 150px\" \/><\/div><a class=\"wp-block-latest-posts__post-title\" href=\"https:\/\/balaguergutierrez.es\/index.php\/2026\/01\/29\/unico-numero-whatsapp-fijo-app-cliente\/\">Un \u00fanico n\u00famero para llamadas y WhatsApp (+34 971 451 651) y nuestra nueva App de cliente<\/a><time datetime=\"2026-01-29T12:00:00+01:00\" class=\"wp-block-latest-posts__post-date\">29 de enero de 2026<\/time><div class=\"wp-block-latest-posts__post-excerpt\">A partir del 1 de febrero de 2026, simplificamos tu forma de contactarnos: el \u00fanico n\u00famero de Balaguer &amp; Guti\u00e9rrez (llamadas y WhatsApp) es +34<\/div><\/li>\n<\/ul>","protected":false},"excerpt":{"rendered":"<p>En Espa\u00f1a, los aut\u00f3nomos son el motor del sector servicios, predominando entre los 40 y 54 a\u00f1os, con jornadas intensas y grandes retos econ\u00f3micos. Trabajan con esfuerzo e independencia, pero cualquier imprevisto puede afectar directamente su estabilidad personal y familiar.<\/p>\n","protected":false},"author":1,"featured_media":766,"parent":0,"menu_order":0,"comment_status":"closed","ping_status":"closed","template":"","meta":{"footnotes":""},"class_list":["post-566","page","type-page","status-publish","has-post-thumbnail","hentry","","tg-column-third"],"yoast_head":"<!-- This site is optimized with the Yoast SEO plugin v27.4 - https:\/\/yoast.com\/product\/yoast-seo-wordpress\/ -->\n<title>Seguros para Aut\u00f3nomos - balaguergutierrez.es<\/title>\n<meta name=\"description\" content=\"soluciones para el aut\u00f3nomo: seguro de accidentes, salud, vida, incapacidad laboral temporal y plan de previsi\u00f3n asegurado (PPA).\" \/>\n<meta name=\"robots\" content=\"index, follow, max-snippet:-1, max-image-preview:large, max-video-preview:-1\" \/>\n<link rel=\"canonical\" href=\"https:\/\/balaguergutierrez.es\/index.php\/seguros-para-autonomos\/\" \/>\n<meta property=\"og:locale\" content=\"es_ES\" \/>\n<meta property=\"og:type\" content=\"article\" \/>\n<meta property=\"og:title\" content=\"Seguros para Aut\u00f3nomos - balaguergutierrez.es\" \/>\n<meta property=\"og:description\" content=\"soluciones para el aut\u00f3nomo: seguro de accidentes, salud, vida, incapacidad laboral temporal y plan de previsi\u00f3n asegurado (PPA).\" \/>\n<meta property=\"og:url\" content=\"https:\/\/balaguergutierrez.es\/index.php\/seguros-para-autonomos\/\" \/>\n<meta property=\"og:site_name\" content=\"balaguergutierrez.es\" \/>\n<meta property=\"article:publisher\" content=\"https:\/\/www.facebook.com\/balaguergutierrezcs\/\" \/>\n<meta property=\"article:modified_time\" content=\"2025-03-03T20:07:12+00:00\" \/>\n<meta property=\"og:image\" content=\"https:\/\/balaguergutierrez.es\/wp-content\/uploads\/2024\/11\/plan-autonomo-e1730465800816.jpg\" \/>\n\t<meta property=\"og:image:width\" content=\"1024\" \/>\n\t<meta property=\"og:image:height\" content=\"426\" \/>\n\t<meta property=\"og:image:type\" content=\"image\/jpeg\" \/>\n<meta name=\"twitter:label1\" content=\"Tiempo de lectura\" \/>\n\t<meta name=\"twitter:data1\" content=\"1 minuto\" \/>\n<script type=\"application\/ld+json\" class=\"yoast-schema-graph\">{\"@context\":\"https:\\\/\\\/schema.org\",\"@graph\":[{\"@type\":\"WebPage\",\"@id\":\"https:\\\/\\\/balaguergutierrez.es\\\/index.php\\\/seguros-para-autonomos\\\/\",\"url\":\"https:\\\/\\\/balaguergutierrez.es\\\/index.php\\\/seguros-para-autonomos\\\/\",\"name\":\"Seguros para Aut\u00f3nomos - balaguergutierrez.es\",\"isPartOf\":{\"@id\":\"https:\\\/\\\/balaguergutierrez.es\\\/#website\"},\"primaryImageOfPage\":{\"@id\":\"https:\\\/\\\/balaguergutierrez.es\\\/index.php\\\/seguros-para-autonomos\\\/#primaryimage\"},\"image\":{\"@id\":\"https:\\\/\\\/balaguergutierrez.es\\\/index.php\\\/seguros-para-autonomos\\\/#primaryimage\"},\"thumbnailUrl\":\"https:\\\/\\\/balaguergutierrez.es\\\/wp-content\\\/uploads\\\/2024\\\/11\\\/plan-autonomo-e1730465800816.jpg\",\"datePublished\":\"2024-02-18T09:14:27+00:00\",\"dateModified\":\"2025-03-03T20:07:12+00:00\",\"description\":\"soluciones para el aut\u00f3nomo: seguro de accidentes, salud, vida, incapacidad laboral temporal y plan de previsi\u00f3n asegurado (PPA).\",\"breadcrumb\":{\"@id\":\"https:\\\/\\\/balaguergutierrez.es\\\/index.php\\\/seguros-para-autonomos\\\/#breadcrumb\"},\"inLanguage\":\"es\",\"potentialAction\":[{\"@type\":\"ReadAction\",\"target\":[\"https:\\\/\\\/balaguergutierrez.es\\\/index.php\\\/seguros-para-autonomos\\\/\"]}]},{\"@type\":\"ImageObject\",\"inLanguage\":\"es\",\"@id\":\"https:\\\/\\\/balaguergutierrez.es\\\/index.php\\\/seguros-para-autonomos\\\/#primaryimage\",\"url\":\"https:\\\/\\\/balaguergutierrez.es\\\/wp-content\\\/uploads\\\/2024\\\/11\\\/plan-autonomo-e1730465800816.jpg\",\"contentUrl\":\"https:\\\/\\\/balaguergutierrez.es\\\/wp-content\\\/uploads\\\/2024\\\/11\\\/plan-autonomo-e1730465800816.jpg\",\"width\":1024,\"height\":426},{\"@type\":\"BreadcrumbList\",\"@id\":\"https:\\\/\\\/balaguergutierrez.es\\\/index.php\\\/seguros-para-autonomos\\\/#breadcrumb\",\"itemListElement\":[{\"@type\":\"ListItem\",\"position\":1,\"name\":\"Portada\",\"item\":\"https:\\\/\\\/balaguergutierrez.es\\\/\"},{\"@type\":\"ListItem\",\"position\":2,\"name\":\"Seguros para Aut\u00f3nomos\"}]},{\"@type\":\"WebSite\",\"@id\":\"https:\\\/\\\/balaguergutierrez.es\\\/#website\",\"url\":\"https:\\\/\\\/balaguergutierrez.es\\\/\",\"name\":\"Balaguer & Guti\u00e9rrez, Corredur\u00eda de Seguros\",\"description\":\"Aseguramos lo que de verdad importa\",\"publisher\":{\"@id\":\"https:\\\/\\\/balaguergutierrez.es\\\/#organization\"},\"potentialAction\":[{\"@type\":\"SearchAction\",\"target\":{\"@type\":\"EntryPoint\",\"urlTemplate\":\"https:\\\/\\\/balaguergutierrez.es\\\/?s={search_term_string}\"},\"query-input\":{\"@type\":\"PropertyValueSpecification\",\"valueRequired\":true,\"valueName\":\"search_term_string\"}}],\"inLanguage\":\"es\"},{\"@type\":\"Organization\",\"@id\":\"https:\\\/\\\/balaguergutierrez.es\\\/#organization\",\"name\":\"Balaguer & Guti\u00e9rrez SL\",\"url\":\"https:\\\/\\\/balaguergutierrez.es\\\/\",\"logo\":{\"@type\":\"ImageObject\",\"inLanguage\":\"es\",\"@id\":\"https:\\\/\\\/balaguergutierrez.es\\\/#\\\/schema\\\/logo\\\/image\\\/\",\"url\":\"https:\\\/\\\/balaguergutierrez.es\\\/wp-content\\\/uploads\\\/2023\\\/03\\\/bg2014-Personalizado-1.png\",\"contentUrl\":\"https:\\\/\\\/balaguergutierrez.es\\\/wp-content\\\/uploads\\\/2023\\\/03\\\/bg2014-Personalizado-1.png\",\"width\":300,\"height\":56,\"caption\":\"Balaguer & Guti\u00e9rrez SL\"},\"image\":{\"@id\":\"https:\\\/\\\/balaguergutierrez.es\\\/#\\\/schema\\\/logo\\\/image\\\/\"},\"sameAs\":[\"https:\\\/\\\/www.facebook.com\\\/balaguergutierrezcs\\\/\",\"https:\\\/\\\/www.instagram.com\\\/balaguergutierrezsl\\\/\"]}]}<\/script>\n<!-- \/ Yoast SEO plugin. -->","yoast_head_json":{"title":"Seguros para Aut\u00f3nomos - balaguergutierrez.es","description":"soluciones para el aut\u00f3nomo: seguro de accidentes, salud, vida, incapacidad laboral temporal y plan de previsi\u00f3n asegurado (PPA).","robots":{"index":"index","follow":"follow","max-snippet":"max-snippet:-1","max-image-preview":"max-image-preview:large","max-video-preview":"max-video-preview:-1"},"canonical":"https:\/\/balaguergutierrez.es\/index.php\/seguros-para-autonomos\/","og_locale":"es_ES","og_type":"article","og_title":"Seguros para Aut\u00f3nomos - balaguergutierrez.es","og_description":"soluciones para el aut\u00f3nomo: seguro de accidentes, salud, vida, incapacidad laboral temporal y plan de previsi\u00f3n asegurado (PPA).","og_url":"https:\/\/balaguergutierrez.es\/index.php\/seguros-para-autonomos\/","og_site_name":"balaguergutierrez.es","article_publisher":"https:\/\/www.facebook.com\/balaguergutierrezcs\/","article_modified_time":"2025-03-03T20:07:12+00:00","og_image":[{"width":1024,"height":426,"url":"https:\/\/balaguergutierrez.es\/wp-content\/uploads\/2024\/11\/plan-autonomo-e1730465800816.jpg","type":"image\/jpeg"}],"twitter_misc":{"Tiempo de lectura":"1 minuto"},"schema":{"@context":"https:\/\/schema.org","@graph":[{"@type":"WebPage","@id":"https:\/\/balaguergutierrez.es\/index.php\/seguros-para-autonomos\/","url":"https:\/\/balaguergutierrez.es\/index.php\/seguros-para-autonomos\/","name":"Seguros para Aut\u00f3nomos - balaguergutierrez.es","isPartOf":{"@id":"https:\/\/balaguergutierrez.es\/#website"},"primaryImageOfPage":{"@id":"https:\/\/balaguergutierrez.es\/index.php\/seguros-para-autonomos\/#primaryimage"},"image":{"@id":"https:\/\/balaguergutierrez.es\/index.php\/seguros-para-autonomos\/#primaryimage"},"thumbnailUrl":"https:\/\/balaguergutierrez.es\/wp-content\/uploads\/2024\/11\/plan-autonomo-e1730465800816.jpg","datePublished":"2024-02-18T09:14:27+00:00","dateModified":"2025-03-03T20:07:12+00:00","description":"soluciones para el aut\u00f3nomo: seguro de accidentes, salud, vida, incapacidad laboral temporal y plan de previsi\u00f3n asegurado (PPA).","breadcrumb":{"@id":"https:\/\/balaguergutierrez.es\/index.php\/seguros-para-autonomos\/#breadcrumb"},"inLanguage":"es","potentialAction":[{"@type":"ReadAction","target":["https:\/\/balaguergutierrez.es\/index.php\/seguros-para-autonomos\/"]}]},{"@type":"ImageObject","inLanguage":"es","@id":"https:\/\/balaguergutierrez.es\/index.php\/seguros-para-autonomos\/#primaryimage","url":"https:\/\/balaguergutierrez.es\/wp-content\/uploads\/2024\/11\/plan-autonomo-e1730465800816.jpg","contentUrl":"https:\/\/balaguergutierrez.es\/wp-content\/uploads\/2024\/11\/plan-autonomo-e1730465800816.jpg","width":1024,"height":426},{"@type":"BreadcrumbList","@id":"https:\/\/balaguergutierrez.es\/index.php\/seguros-para-autonomos\/#breadcrumb","itemListElement":[{"@type":"ListItem","position":1,"name":"Portada","item":"https:\/\/balaguergutierrez.es\/"},{"@type":"ListItem","position":2,"name":"Seguros para Aut\u00f3nomos"}]},{"@type":"WebSite","@id":"https:\/\/balaguergutierrez.es\/#website","url":"https:\/\/balaguergutierrez.es\/","name":"Balaguer & Guti\u00e9rrez, Corredur\u00eda de Seguros","description":"Aseguramos lo que de verdad importa","publisher":{"@id":"https:\/\/balaguergutierrez.es\/#organization"},"potentialAction":[{"@type":"SearchAction","target":{"@type":"EntryPoint","urlTemplate":"https:\/\/balaguergutierrez.es\/?s={search_term_string}"},"query-input":{"@type":"PropertyValueSpecification","valueRequired":true,"valueName":"search_term_string"}}],"inLanguage":"es"},{"@type":"Organization","@id":"https:\/\/balaguergutierrez.es\/#organization","name":"Balaguer & Guti\u00e9rrez SL","url":"https:\/\/balaguergutierrez.es\/","logo":{"@type":"ImageObject","inLanguage":"es","@id":"https:\/\/balaguergutierrez.es\/#\/schema\/logo\/image\/","url":"https:\/\/balaguergutierrez.es\/wp-content\/uploads\/2023\/03\/bg2014-Personalizado-1.png","contentUrl":"https:\/\/balaguergutierrez.es\/wp-content\/uploads\/2023\/03\/bg2014-Personalizado-1.png","width":300,"height":56,"caption":"Balaguer & Guti\u00e9rrez SL"},"image":{"@id":"https:\/\/balaguergutierrez.es\/#\/schema\/logo\/image\/"},"sameAs":["https:\/\/www.facebook.com\/balaguergutierrezcs\/","https:\/\/www.instagram.com\/balaguergutierrezsl\/"]}]}},"_links":{"self":[{"href":"https:\/\/balaguergutierrez.es\/index.php\/wp-json\/wp\/v2\/pages\/566","targetHints":{"allow":["GET"]}}],"collection":[{"href":"https:\/\/balaguergutierrez.es\/index.php\/wp-json\/wp\/v2\/pages"}],"about":[{"href":"https:\/\/balaguergutierrez.es\/index.php\/wp-json\/wp\/v2\/types\/page"}],"author":[{"embeddable":true,"href":"https:\/\/balaguergutierrez.es\/index.php\/wp-json\/wp\/v2\/users\/1"}],"replies":[{"embeddable":true,"href":"https:\/\/balaguergutierrez.es\/index.php\/wp-json\/wp\/v2\/comments?post=566"}],"version-history":[{"count":10,"href":"https:\/\/balaguergutierrez.es\/index.php\/wp-json\/wp\/v2\/pages\/566\/revisions"}],"predecessor-version":[{"id":1058,"href":"https:\/\/balaguergutierrez.es\/index.php\/wp-json\/wp\/v2\/pages\/566\/revisions\/1058"}],"wp:featuredmedia":[{"embeddable":true,"href":"https:\/\/balaguergutierrez.es\/index.php\/wp-json\/wp\/v2\/media\/766"}],"wp:attachment":[{"href":"https:\/\/balaguergutierrez.es\/index.php\/wp-json\/wp\/v2\/media?parent=566"}],"curies":[{"name":"wp","href":"https:\/\/api.w.org\/{rel}","templated":true}]}}