{"id":582,"date":"2024-02-18T09:40:37","date_gmt":"2024-02-18T09:40:37","guid":{"rendered":"https:\/\/brave-visvesvaraya.82-223-114-116.plesk.page\/?page_id=582"},"modified":"2025-05-03T19:44:44","modified_gmt":"2025-05-03T18:44:44","slug":"seguro-asistencia-viaje-mallorca","status":"publish","type":"page","link":"https:\/\/balaguergutierrez.es\/index.php\/seguro-asistencia-viaje-mallorca\/","title":{"rendered":"Seguro de Asistencia en Viaje"},"content":{"rendered":"<figure style=\"aspect-ratio:16\/9;width:720px;height:300px;\" class=\"aligncenter wp-block-post-featured-image\"><img loading=\"lazy\" decoding=\"async\" width=\"720\" height=\"300\" src=\"https:\/\/balaguergutierrez.es\/wp-content\/uploads\/2024\/11\/720300-Asistencia-en-Viaje.jpg\" class=\"attachment-post-thumbnail size-post-thumbnail wp-post-image\" alt=\"\" style=\"width:100%;height:100%;object-fit:cover;\" srcset=\"https:\/\/balaguergutierrez.es\/wp-content\/uploads\/2024\/11\/720300-Asistencia-en-Viaje.jpg 720w, https:\/\/balaguergutierrez.es\/wp-content\/uploads\/2024\/11\/720300-Asistencia-en-Viaje-300x125.jpg 300w\" sizes=\"auto, (max-width: 720px) 100vw, 720px\" \/><\/figure>\n\n\n<div style=\"height:50px\" aria-hidden=\"true\" class=\"wp-block-spacer\"><\/div>\n\n\n\n<h2 class=\"wp-block-heading\">Beneficios de Contratar con Nosotros<\/h2>\n\n\n\n<p>Cuando planificamos un viaje, nos enfocamos en cada detalle: investigamos sobre el destino, reservamos billetes, alojamiento, alquilamos un veh\u00edculo, revisamos la previsi\u00f3n del tiempo y contamos los d\u00edas para que la aventura comience.<\/p>\n\n\n\n<p>Sin embargo, a menudo olvidamos considerar imprevistos que podr\u00edan arruinar la experiencia: cancelaciones de vuelo, p\u00e9rdida de equipaje, accidentes o enfermedades e incluso la imposibilidad de viajar por diversas causas.<\/p>\n\n\n\n<p>En <strong><span style=\"color: red;\">BALAGUER &amp; GUTI\u00c9RREZ<\/span><\/strong>, te ofrecemos una gama completa de seguros de viaje adaptados a tus necesidades: desde escapadas breves y viajes de estudios hasta aventuras o desplazamientos de trabajo. Viajar seguro es viajar tranquilo; cuida tu tranquilidad en cada paso del camino. Selecciona el seguro que necesitas y completa el formulario para obtener toda la informaci\u00f3n:<\/p>\n\n\n\n<ul class=\"wp-block-list\">\n<li><strong>Seguro para viajes de Placer<\/strong>: Disfruta de tus vacaciones con la tranquilidad de estar cubierto ante imprevistos como cancelaciones, p\u00e9rdida de equipaje, asistencia m\u00e9dica y m\u00e1s.<\/li>\n\n\n\n<li><strong>Seguro para Empresas<\/strong>: Protege a tus empleados en sus desplazamientos de trabajo. Cubre desde problemas de salud hasta p\u00e9rdida de documentos o equipaje para asegurar su bienestar en cada destino.<\/li>\n\n\n\n<li><strong>Seguro para Estudiantes<\/strong>: Ideal para j\u00f3venes que realizan intercambios, pr\u00e1cticas o estudios en el extranjero. Cubre asistencia m\u00e9dica, responsabilidad civil y otros aspectos esenciales para una estancia segura.<\/li>\n\n\n\n<li><strong><a href=\"https:\/\/balaguergutierrez.es\/index.php\/seguro-de-esqui\/\">Seguro de Esqu\u00ed<\/a><\/strong>: Disfruta de tus escapadas a la nieve con protecci\u00f3n ante accidentes, p\u00e9rdida de equipo o cancelaciones. La cobertura perfecta para esquiadores y amantes de los deportes de invierno.<\/li>\n<\/ul>\n\n\n\n<p>Viaja con tranquilidad, sabiendo que cuidamos de cada detalle en tu experiencia.<\/p>\n\n\n\n<hr class=\"wp-block-separator has-text-color has-vivid-red-color has-alpha-channel-opacity has-vivid-red-background-color has-background is-style-wide\"\/>\n\n\n\n<div class=\"wp-block-buttons is-content-justification-center is-layout-flex wp-container-core-buttons-is-layout-16018d1d wp-block-buttons-is-layout-flex\">\n<div class=\"wp-block-button\"><a class=\"wp-block-button__link has-white-color has-vivid-red-background-color has-text-color has-background has-link-color wp-element-button\" href=\"https:\/\/forms.office.com\/e\/L9vidSmtAU\" target=\"_blank\" rel=\" noreferrer noopener nofollow\">Solicita Presupuesto<\/a><\/div>\n<\/div>\n\n\n\n<hr class=\"wp-block-separator has-text-color has-vivid-red-color has-alpha-channel-opacity has-vivid-red-background-color has-background is-style-wide\"\/>\n\n\n<ul class=\"wp-block-latest-posts__list is-grid columns-3 has-dates wp-block-latest-posts\"><li><div class=\"wp-block-latest-posts__featured-image\"><img loading=\"lazy\" decoding=\"async\" width=\"150\" height=\"150\" src=\"https:\/\/balaguergutierrez.es\/wp-content\/uploads\/2026\/01\/250804-BALAGUER-GUTIERREZ_MEME-RRSS-V2-150x150.webp\" class=\"attachment-thumbnail size-thumbnail wp-post-image\" alt=\"\u00danico n\u00famero de contacto (+34 971 451 651) y App de cliente de Balaguer &amp; Guti\u00e9rrez en Palma de Mallorca\" style=\"\" srcset=\"https:\/\/balaguergutierrez.es\/wp-content\/uploads\/2026\/01\/250804-BALAGUER-GUTIERREZ_MEME-RRSS-V2-150x150.webp 150w, https:\/\/balaguergutierrez.es\/wp-content\/uploads\/2026\/01\/250804-BALAGUER-GUTIERREZ_MEME-RRSS-V2-300x300.webp 300w, https:\/\/balaguergutierrez.es\/wp-content\/uploads\/2026\/01\/250804-BALAGUER-GUTIERREZ_MEME-RRSS-V2-230x230.webp 230w, https:\/\/balaguergutierrez.es\/wp-content\/uploads\/2026\/01\/250804-BALAGUER-GUTIERREZ_MEME-RRSS-V2-365x365.webp 365w, https:\/\/balaguergutierrez.es\/wp-content\/uploads\/2026\/01\/250804-BALAGUER-GUTIERREZ_MEME-RRSS-V2.webp 600w\" sizes=\"auto, (max-width: 150px) 100vw, 150px\" \/><\/div><a class=\"wp-block-latest-posts__post-title\" href=\"https:\/\/balaguergutierrez.es\/index.php\/2026\/01\/29\/unico-numero-whatsapp-fijo-app-cliente\/\">Un \u00fanico n\u00famero para llamadas y WhatsApp (+34 971 451 651) y nuestra nueva App de cliente<\/a><time datetime=\"2026-01-29T12:00:00+01:00\" class=\"wp-block-latest-posts__post-date\">29 de enero de 2026<\/time><div class=\"wp-block-latest-posts__post-excerpt\">A partir del 1 de febrero de 2026, simplificamos tu forma de contactarnos: el \u00fanico n\u00famero de Balaguer &amp; Guti\u00e9rrez (llamadas y WhatsApp) es +34<\/div><\/li>\n<li><div class=\"wp-block-latest-posts__featured-image\"><img loading=\"lazy\" decoding=\"async\" width=\"150\" height=\"150\" src=\"https:\/\/balaguergutierrez.es\/wp-content\/uploads\/2025\/12\/seguro-viaje-baleares-2025-150x150.webp\" class=\"attachment-thumbnail size-thumbnail wp-post-image\" alt=\"Familia sonriente con maletas en aeropuerto listo para viajar\" style=\"\" srcset=\"https:\/\/balaguergutierrez.es\/wp-content\/uploads\/2025\/12\/seguro-viaje-baleares-2025-150x150.webp 150w, https:\/\/balaguergutierrez.es\/wp-content\/uploads\/2025\/12\/seguro-viaje-baleares-2025-230x230.webp 230w, https:\/\/balaguergutierrez.es\/wp-content\/uploads\/2025\/12\/seguro-viaje-baleares-2025-365x365.webp 365w\" sizes=\"auto, (max-width: 150px) 100vw, 150px\" \/><\/div><a class=\"wp-block-latest-posts__post-title\" href=\"https:\/\/balaguergutierrez.es\/index.php\/2025\/12\/22\/por-que-el-seguro-de-viaje-y-salud-es-ahora-imprescindible-para-viajeros\/\">Por qu\u00e9 el Seguro de Viaje y Salud es ahora imprescindible para viajeros<\/a><time datetime=\"2025-12-22T12:00:00+01:00\" class=\"wp-block-latest-posts__post-date\">22 de diciembre de 2025<\/time><div class=\"wp-block-latest-posts__post-excerpt\">El mundo ha vuelto a viajar con fuerza. Esta temporada, m\u00e1s personas est\u00e1n organizando viajes, escapadas y veranos largos fuera de casa. Esta tendencia, confirmada<\/div><\/li>\n<li><div class=\"wp-block-latest-posts__featured-image\"><img loading=\"lazy\" decoding=\"async\" width=\"150\" height=\"150\" src=\"https:\/\/balaguergutierrez.es\/wp-content\/uploads\/2024\/02\/PAGINA_SKI-150x150.jpg\" class=\"attachment-thumbnail size-thumbnail wp-post-image\" alt=\"\" style=\"\" srcset=\"https:\/\/balaguergutierrez.es\/wp-content\/uploads\/2024\/02\/PAGINA_SKI-150x150.jpg 150w, https:\/\/balaguergutierrez.es\/wp-content\/uploads\/2024\/02\/PAGINA_SKI-230x230.jpg 230w\" sizes=\"auto, (max-width: 150px) 100vw, 150px\" \/><\/div><a class=\"wp-block-latest-posts__post-title\" href=\"https:\/\/balaguergutierrez.es\/index.php\/2025\/12\/05\/seguro-de-asistencia-para-esquiadores-viaja-tranquilo\/\">Seguro de asistencia para esquiadores: viaja tranquilo<\/a><time datetime=\"2025-12-05T12:11:15+01:00\" class=\"wp-block-latest-posts__post-date\">5 de diciembre de 2025<\/time><div class=\"wp-block-latest-posts__post-excerpt\">Esquiar es libertad\u2026 hasta que algo se tuerce. Una ca\u00edda, un rescate en pistas, una fractura lejos de casa o un forfait perdido pueden convertir<\/div><\/li>\n<li><div class=\"wp-block-latest-posts__featured-image\"><img loading=\"lazy\" decoding=\"async\" width=\"150\" height=\"150\" src=\"https:\/\/balaguergutierrez.es\/wp-content\/uploads\/2025\/08\/balaguergutierrez-guia-seguros-palma-2025-150x150.webp\" class=\"attachment-thumbnail size-thumbnail wp-post-image\" alt=\"Corredores de seguros asesorando en Palma sobre hogar, auto, vida, salud y empresa\" style=\"\" srcset=\"https:\/\/balaguergutierrez.es\/wp-content\/uploads\/2025\/08\/balaguergutierrez-guia-seguros-palma-2025-150x150.webp 150w, https:\/\/balaguergutierrez.es\/wp-content\/uploads\/2025\/08\/balaguergutierrez-guia-seguros-palma-2025-230x230.webp 230w, https:\/\/balaguergutierrez.es\/wp-content\/uploads\/2025\/08\/balaguergutierrez-guia-seguros-palma-2025-365x365.webp 365w\" sizes=\"auto, (max-width: 150px) 100vw, 150px\" \/><\/div><a class=\"wp-block-latest-posts__post-title\" href=\"https:\/\/balaguergutierrez.es\/index.php\/2025\/08\/21\/guia-seguros-palma-baleares\/\">Gu\u00eda pr\u00e1ctica de los seguros que ofrecemos en Balaguer &amp; Guti\u00e9rrez<\/a><time datetime=\"2025-08-21T12:44:06+01:00\" class=\"wp-block-latest-posts__post-date\">21 de agosto de 2025<\/time><div class=\"wp-block-latest-posts__post-excerpt\">En Balaguer &amp; Guti\u00e9rrez llevamos m\u00e1s de 30 a\u00f1os ayudando a personas, aut\u00f3nomos y empresas de Baleares a asegurar lo importante sin complicaciones. Como Corredur\u00eda<\/div><\/li>\n<\/ul>","protected":false},"excerpt":{"rendered":"<p>Beneficios de Contratar con Nosotros Cuando planificamos un viaje, nos enfocamos en cada detalle: investigamos sobre el destino, reservamos billetes, alojamiento, alquilamos un veh\u00edculo, revisamos la previsi\u00f3n del tiempo y contamos los d\u00edas para que la aventura comience. Sin embargo,<\/p>\n","protected":false},"author":1,"featured_media":818,"parent":0,"menu_order":0,"comment_status":"closed","ping_status":"closed","template":"","meta":{"footnotes":""},"class_list":["post-582","page","type-page","status-publish","has-post-thumbnail","hentry","","tg-column-third"],"yoast_head":"<!-- This site is optimized with the Yoast SEO plugin v27.4 - https:\/\/yoast.com\/product\/yoast-seo-wordpress\/ -->\n<title>Seguro de Asistencia en Viaje en Mallorca - Balaguer &amp; Guti\u00e9rrez<\/title>\n<meta name=\"description\" content=\"Contrata tu seguro de asistencia en viaje en Mallorca con Balaguer &amp; Guti\u00e9rrez. Coberturas completas que incluyen asistencia m\u00e9dica, repatriaci\u00f3n, p\u00e9rdida de equipaje y m\u00e1s. Viaja con tranquilidad y seguridad.\" \/>\n<meta name=\"robots\" content=\"index, follow, max-snippet:-1, max-image-preview:large, max-video-preview:-1\" \/>\n<link rel=\"canonical\" href=\"https:\/\/balaguergutierrez.es\/index.php\/seguro-asistencia-viaje-mallorca\/\" \/>\n<meta property=\"og:locale\" content=\"es_ES\" \/>\n<meta property=\"og:type\" content=\"article\" \/>\n<meta property=\"og:title\" content=\"Seguro de Asistencia en Viaje en Mallorca - Balaguer &amp; Guti\u00e9rrez\" \/>\n<meta property=\"og:description\" content=\"Contrata tu seguro de asistencia en viaje en Mallorca con Balaguer &amp; Guti\u00e9rrez. Coberturas completas que incluyen asistencia m\u00e9dica, repatriaci\u00f3n, p\u00e9rdida de equipaje y m\u00e1s. Viaja con tranquilidad y seguridad.\" \/>\n<meta property=\"og:url\" content=\"https:\/\/balaguergutierrez.es\/index.php\/seguro-asistencia-viaje-mallorca\/\" \/>\n<meta property=\"og:site_name\" content=\"balaguergutierrez.es\" \/>\n<meta property=\"article:publisher\" content=\"https:\/\/www.facebook.com\/balaguergutierrezcs\/\" \/>\n<meta property=\"article:modified_time\" content=\"2025-05-03T18:44:44+00:00\" \/>\n<meta property=\"og:image\" content=\"https:\/\/balaguergutierrez.es\/wp-content\/uploads\/2024\/11\/720300-Asistencia-en-Viaje.jpg\" \/>\n\t<meta property=\"og:image:width\" content=\"720\" \/>\n\t<meta property=\"og:image:height\" content=\"300\" \/>\n\t<meta property=\"og:image:type\" content=\"image\/jpeg\" \/>\n<meta name=\"twitter:label1\" content=\"Tiempo de lectura\" \/>\n\t<meta name=\"twitter:data1\" content=\"2 minutos\" \/>\n<script type=\"application\/ld+json\" class=\"yoast-schema-graph\">{\"@context\":\"https:\\\/\\\/schema.org\",\"@graph\":[{\"@type\":\"WebPage\",\"@id\":\"https:\\\/\\\/balaguergutierrez.es\\\/index.php\\\/seguro-asistencia-viaje-mallorca\\\/\",\"url\":\"https:\\\/\\\/balaguergutierrez.es\\\/index.php\\\/seguro-asistencia-viaje-mallorca\\\/\",\"name\":\"Seguro de Asistencia en Viaje en Mallorca - Balaguer & Guti\u00e9rrez\",\"isPartOf\":{\"@id\":\"https:\\\/\\\/balaguergutierrez.es\\\/#website\"},\"primaryImageOfPage\":{\"@id\":\"https:\\\/\\\/balaguergutierrez.es\\\/index.php\\\/seguro-asistencia-viaje-mallorca\\\/#primaryimage\"},\"image\":{\"@id\":\"https:\\\/\\\/balaguergutierrez.es\\\/index.php\\\/seguro-asistencia-viaje-mallorca\\\/#primaryimage\"},\"thumbnailUrl\":\"https:\\\/\\\/balaguergutierrez.es\\\/wp-content\\\/uploads\\\/2024\\\/11\\\/720300-Asistencia-en-Viaje.jpg\",\"datePublished\":\"2024-02-18T09:40:37+00:00\",\"dateModified\":\"2025-05-03T18:44:44+00:00\",\"description\":\"Contrata tu seguro de asistencia en viaje en Mallorca con Balaguer & Guti\u00e9rrez. Coberturas completas que incluyen asistencia m\u00e9dica, repatriaci\u00f3n, p\u00e9rdida de equipaje y m\u00e1s. Viaja con tranquilidad y seguridad.\",\"breadcrumb\":{\"@id\":\"https:\\\/\\\/balaguergutierrez.es\\\/index.php\\\/seguro-asistencia-viaje-mallorca\\\/#breadcrumb\"},\"inLanguage\":\"es\",\"potentialAction\":[{\"@type\":\"ReadAction\",\"target\":[\"https:\\\/\\\/balaguergutierrez.es\\\/index.php\\\/seguro-asistencia-viaje-mallorca\\\/\"]}]},{\"@type\":\"ImageObject\",\"inLanguage\":\"es\",\"@id\":\"https:\\\/\\\/balaguergutierrez.es\\\/index.php\\\/seguro-asistencia-viaje-mallorca\\\/#primaryimage\",\"url\":\"https:\\\/\\\/balaguergutierrez.es\\\/wp-content\\\/uploads\\\/2024\\\/11\\\/720300-Asistencia-en-Viaje.jpg\",\"contentUrl\":\"https:\\\/\\\/balaguergutierrez.es\\\/wp-content\\\/uploads\\\/2024\\\/11\\\/720300-Asistencia-en-Viaje.jpg\",\"width\":720,\"height\":300},{\"@type\":\"BreadcrumbList\",\"@id\":\"https:\\\/\\\/balaguergutierrez.es\\\/index.php\\\/seguro-asistencia-viaje-mallorca\\\/#breadcrumb\",\"itemListElement\":[{\"@type\":\"ListItem\",\"position\":1,\"name\":\"Portada\",\"item\":\"https:\\\/\\\/balaguergutierrez.es\\\/\"},{\"@type\":\"ListItem\",\"position\":2,\"name\":\"Seguro de Asistencia en Viaje\"}]},{\"@type\":\"WebSite\",\"@id\":\"https:\\\/\\\/balaguergutierrez.es\\\/#website\",\"url\":\"https:\\\/\\\/balaguergutierrez.es\\\/\",\"name\":\"Balaguer & Guti\u00e9rrez, Corredur\u00eda de Seguros\",\"description\":\"Aseguramos lo que de verdad importa\",\"publisher\":{\"@id\":\"https:\\\/\\\/balaguergutierrez.es\\\/#organization\"},\"potentialAction\":[{\"@type\":\"SearchAction\",\"target\":{\"@type\":\"EntryPoint\",\"urlTemplate\":\"https:\\\/\\\/balaguergutierrez.es\\\/?s={search_term_string}\"},\"query-input\":{\"@type\":\"PropertyValueSpecification\",\"valueRequired\":true,\"valueName\":\"search_term_string\"}}],\"inLanguage\":\"es\"},{\"@type\":\"Organization\",\"@id\":\"https:\\\/\\\/balaguergutierrez.es\\\/#organization\",\"name\":\"Balaguer & Guti\u00e9rrez SL\",\"url\":\"https:\\\/\\\/balaguergutierrez.es\\\/\",\"logo\":{\"@type\":\"ImageObject\",\"inLanguage\":\"es\",\"@id\":\"https:\\\/\\\/balaguergutierrez.es\\\/#\\\/schema\\\/logo\\\/image\\\/\",\"url\":\"https:\\\/\\\/balaguergutierrez.es\\\/wp-content\\\/uploads\\\/2023\\\/03\\\/bg2014-Personalizado-1.png\",\"contentUrl\":\"https:\\\/\\\/balaguergutierrez.es\\\/wp-content\\\/uploads\\\/2023\\\/03\\\/bg2014-Personalizado-1.png\",\"width\":300,\"height\":56,\"caption\":\"Balaguer & Guti\u00e9rrez SL\"},\"image\":{\"@id\":\"https:\\\/\\\/balaguergutierrez.es\\\/#\\\/schema\\\/logo\\\/image\\\/\"},\"sameAs\":[\"https:\\\/\\\/www.facebook.com\\\/balaguergutierrezcs\\\/\",\"https:\\\/\\\/www.instagram.com\\\/balaguergutierrezsl\\\/\"]}]}<\/script>\n<!-- \/ Yoast SEO plugin. -->","yoast_head_json":{"title":"Seguro de Asistencia en Viaje en Mallorca - Balaguer & Guti\u00e9rrez","description":"Contrata tu seguro de asistencia en viaje en Mallorca con Balaguer & Guti\u00e9rrez. Coberturas completas que incluyen asistencia m\u00e9dica, repatriaci\u00f3n, p\u00e9rdida de equipaje y m\u00e1s. Viaja con tranquilidad y seguridad.","robots":{"index":"index","follow":"follow","max-snippet":"max-snippet:-1","max-image-preview":"max-image-preview:large","max-video-preview":"max-video-preview:-1"},"canonical":"https:\/\/balaguergutierrez.es\/index.php\/seguro-asistencia-viaje-mallorca\/","og_locale":"es_ES","og_type":"article","og_title":"Seguro de Asistencia en Viaje en Mallorca - Balaguer & Guti\u00e9rrez","og_description":"Contrata tu seguro de asistencia en viaje en Mallorca con Balaguer & Guti\u00e9rrez. Coberturas completas que incluyen asistencia m\u00e9dica, repatriaci\u00f3n, p\u00e9rdida de equipaje y m\u00e1s. Viaja con tranquilidad y seguridad.","og_url":"https:\/\/balaguergutierrez.es\/index.php\/seguro-asistencia-viaje-mallorca\/","og_site_name":"balaguergutierrez.es","article_publisher":"https:\/\/www.facebook.com\/balaguergutierrezcs\/","article_modified_time":"2025-05-03T18:44:44+00:00","og_image":[{"width":720,"height":300,"url":"https:\/\/balaguergutierrez.es\/wp-content\/uploads\/2024\/11\/720300-Asistencia-en-Viaje.jpg","type":"image\/jpeg"}],"twitter_misc":{"Tiempo de lectura":"2 minutos"},"schema":{"@context":"https:\/\/schema.org","@graph":[{"@type":"WebPage","@id":"https:\/\/balaguergutierrez.es\/index.php\/seguro-asistencia-viaje-mallorca\/","url":"https:\/\/balaguergutierrez.es\/index.php\/seguro-asistencia-viaje-mallorca\/","name":"Seguro de Asistencia en Viaje en Mallorca - Balaguer & Guti\u00e9rrez","isPartOf":{"@id":"https:\/\/balaguergutierrez.es\/#website"},"primaryImageOfPage":{"@id":"https:\/\/balaguergutierrez.es\/index.php\/seguro-asistencia-viaje-mallorca\/#primaryimage"},"image":{"@id":"https:\/\/balaguergutierrez.es\/index.php\/seguro-asistencia-viaje-mallorca\/#primaryimage"},"thumbnailUrl":"https:\/\/balaguergutierrez.es\/wp-content\/uploads\/2024\/11\/720300-Asistencia-en-Viaje.jpg","datePublished":"2024-02-18T09:40:37+00:00","dateModified":"2025-05-03T18:44:44+00:00","description":"Contrata tu seguro de asistencia en viaje en Mallorca con Balaguer & Guti\u00e9rrez. Coberturas completas que incluyen asistencia m\u00e9dica, repatriaci\u00f3n, p\u00e9rdida de equipaje y m\u00e1s. Viaja con tranquilidad y seguridad.","breadcrumb":{"@id":"https:\/\/balaguergutierrez.es\/index.php\/seguro-asistencia-viaje-mallorca\/#breadcrumb"},"inLanguage":"es","potentialAction":[{"@type":"ReadAction","target":["https:\/\/balaguergutierrez.es\/index.php\/seguro-asistencia-viaje-mallorca\/"]}]},{"@type":"ImageObject","inLanguage":"es","@id":"https:\/\/balaguergutierrez.es\/index.php\/seguro-asistencia-viaje-mallorca\/#primaryimage","url":"https:\/\/balaguergutierrez.es\/wp-content\/uploads\/2024\/11\/720300-Asistencia-en-Viaje.jpg","contentUrl":"https:\/\/balaguergutierrez.es\/wp-content\/uploads\/2024\/11\/720300-Asistencia-en-Viaje.jpg","width":720,"height":300},{"@type":"BreadcrumbList","@id":"https:\/\/balaguergutierrez.es\/index.php\/seguro-asistencia-viaje-mallorca\/#breadcrumb","itemListElement":[{"@type":"ListItem","position":1,"name":"Portada","item":"https:\/\/balaguergutierrez.es\/"},{"@type":"ListItem","position":2,"name":"Seguro de Asistencia en Viaje"}]},{"@type":"WebSite","@id":"https:\/\/balaguergutierrez.es\/#website","url":"https:\/\/balaguergutierrez.es\/","name":"Balaguer & Guti\u00e9rrez, Corredur\u00eda de Seguros","description":"Aseguramos lo que de verdad importa","publisher":{"@id":"https:\/\/balaguergutierrez.es\/#organization"},"potentialAction":[{"@type":"SearchAction","target":{"@type":"EntryPoint","urlTemplate":"https:\/\/balaguergutierrez.es\/?s={search_term_string}"},"query-input":{"@type":"PropertyValueSpecification","valueRequired":true,"valueName":"search_term_string"}}],"inLanguage":"es"},{"@type":"Organization","@id":"https:\/\/balaguergutierrez.es\/#organization","name":"Balaguer & Guti\u00e9rrez SL","url":"https:\/\/balaguergutierrez.es\/","logo":{"@type":"ImageObject","inLanguage":"es","@id":"https:\/\/balaguergutierrez.es\/#\/schema\/logo\/image\/","url":"https:\/\/balaguergutierrez.es\/wp-content\/uploads\/2023\/03\/bg2014-Personalizado-1.png","contentUrl":"https:\/\/balaguergutierrez.es\/wp-content\/uploads\/2023\/03\/bg2014-Personalizado-1.png","width":300,"height":56,"caption":"Balaguer & Guti\u00e9rrez SL"},"image":{"@id":"https:\/\/balaguergutierrez.es\/#\/schema\/logo\/image\/"},"sameAs":["https:\/\/www.facebook.com\/balaguergutierrezcs\/","https:\/\/www.instagram.com\/balaguergutierrezsl\/"]}]}},"_links":{"self":[{"href":"https:\/\/balaguergutierrez.es\/index.php\/wp-json\/wp\/v2\/pages\/582","targetHints":{"allow":["GET"]}}],"collection":[{"href":"https:\/\/balaguergutierrez.es\/index.php\/wp-json\/wp\/v2\/pages"}],"about":[{"href":"https:\/\/balaguergutierrez.es\/index.php\/wp-json\/wp\/v2\/types\/page"}],"author":[{"embeddable":true,"href":"https:\/\/balaguergutierrez.es\/index.php\/wp-json\/wp\/v2\/users\/1"}],"replies":[{"embeddable":true,"href":"https:\/\/balaguergutierrez.es\/index.php\/wp-json\/wp\/v2\/comments?post=582"}],"version-history":[{"count":23,"href":"https:\/\/balaguergutierrez.es\/index.php\/wp-json\/wp\/v2\/pages\/582\/revisions"}],"predecessor-version":[{"id":1184,"href":"https:\/\/balaguergutierrez.es\/index.php\/wp-json\/wp\/v2\/pages\/582\/revisions\/1184"}],"wp:featuredmedia":[{"embeddable":true,"href":"https:\/\/balaguergutierrez.es\/index.php\/wp-json\/wp\/v2\/media\/818"}],"wp:attachment":[{"href":"https:\/\/balaguergutierrez.es\/index.php\/wp-json\/wp\/v2\/media?parent=582"}],"curies":[{"name":"wp","href":"https:\/\/api.w.org\/{rel}","templated":true}]}}