{"id":585,"date":"2024-02-18T09:45:30","date_gmt":"2024-02-18T09:45:30","guid":{"rendered":"https:\/\/brave-visvesvaraya.82-223-114-116.plesk.page\/?page_id=585"},"modified":"2025-03-03T21:05:44","modified_gmt":"2025-03-03T20:05:44","slug":"seguros-particulares-familia","status":"publish","type":"page","link":"https:\/\/balaguergutierrez.es\/index.php\/seguros-particulares-familia\/","title":{"rendered":"Seguros para Particulares"},"content":{"rendered":"<figure class=\"wp-block-post-featured-image\"><img loading=\"lazy\" decoding=\"async\" width=\"700\" height=\"200\" src=\"https:\/\/balaguergutierrez.es\/wp-content\/uploads\/2024\/02\/particulares.jpg\" class=\"attachment-post-thumbnail size-post-thumbnail wp-post-image\" alt=\"\" style=\"object-fit:cover;\" srcset=\"https:\/\/balaguergutierrez.es\/wp-content\/uploads\/2024\/02\/particulares.jpg 700w, https:\/\/balaguergutierrez.es\/wp-content\/uploads\/2024\/02\/particulares-300x86.jpg 300w\" sizes=\"auto, (max-width: 700px) 100vw, 700px\" \/><\/figure>\n\n\n<div style=\"height:50px\" aria-hidden=\"true\" class=\"wp-block-spacer\"><\/div>\n\n\n\n<h3 class=\"wp-block-heading\"><strong>Seguros para Particulares: Protege lo que m\u00e1s importa<\/strong><\/h3>\n\n\n\n<p>En <strong><span style=\"color: red;\">Balaguer &amp; Guti\u00e9rrez<\/span><\/strong>, sabemos que la tranquilidad de tu familia y la protecci\u00f3n de tu entorno personal son lo m\u00e1s importante. Por eso, nos especializamos en dise\u00f1ar soluciones aseguradoras que se adapten a las necesidades \u00fanicas de cada persona y cada hogar.<\/p>\n\n\n\n<h3 class=\"wp-block-heading\"><strong>Coberturas personalizadas y actualizadas para tu tranquilidad<\/strong><\/h3>\n\n\n\n<ul class=\"wp-block-list\">\n<li><strong>Adaptaci\u00f3n a tus necesidades<\/strong>: Analizamos tu situaci\u00f3n para ofrecerte seguros que protejan lo que m\u00e1s valoras.<\/li>\n\n\n\n<li><strong>Productos en constante evoluci\u00f3n<\/strong>: Trabajamos con los productos m\u00e1s innovadores del mercado, garantizando siempre las mejores coberturas al mejor precio.<\/li>\n\n\n\n<li><strong>Compromiso con tu bienestar<\/strong>: Tu seguridad y la de tu familia son nuestra prioridad absoluta.<\/li>\n<\/ul>\n\n\n\n<h3 class=\"wp-block-heading\"><strong>Algunos de nuestros seguros:<\/strong><\/h3>\n\n\n\n<ul class=\"wp-block-list\">\n<li><strong><a href=\"https:\/\/balaguergutierrez.es\/index.php\/seguro-de-hogar\/\">Hogar<\/a><\/strong>: Protecci\u00f3n completa para tu vivienda frente a imprevistos.<\/li>\n\n\n\n<li><strong><a href=\"https:\/\/balaguergutierrez.es\/index.php\/salud\/\">Salud<\/a><\/strong>: Atenci\u00f3n m\u00e9dica de calidad, adaptada a tus necesidades.<\/li>\n\n\n\n<li><strong><a href=\"https:\/\/balaguergutierrez.es\/index.php\/seguro-de-vida\/\">Vida<\/a><\/strong>: Garantiza el futuro de tus seres queridos.<\/li>\n\n\n\n<li><strong><a href=\"https:\/\/balaguergutierrez.es\/index.php\/automoviles\/\">Veh\u00edculos<\/a><\/strong>: Coberturas integrales para tu coche, moto o bicicleta.<\/li>\n\n\n\n<li><strong><a href=\"https:\/\/balaguergutierrez.es\/index.php\/asistencia-en-viaje\/\">Viaje<\/a><\/strong>: Disfruta de tus escapadas con tranquilidad y seguridad.<\/li>\n\n\n\n<li><strong><a href=\"https:\/\/balaguergutierrez.es\/index.php\/seguro-de-accidentes\/\">Accidentes personales<\/a><\/strong>: Protecci\u00f3n frente a imprevistos en tu d\u00eda a d\u00eda.<\/li>\n<\/ul>\n\n\n\n<p>En <strong><span style=\"color: red;\">Balaguer &amp; Guti\u00e9rrez<\/span><\/strong>, creemos que cada persona y cada familia es \u00fanica. Por eso, nuestro objetivo es que puedas centrarte en disfrutar de la vida con la confianza de estar plenamente protegido.<\/p>\n\n\n\n<p class=\"has-text-align-center\"><strong><span style=\"color: red;\">Contacta con nosotros y descubre c\u00f3mo podemos ayudarte a proteger lo que m\u00e1s te importa.<\/span><\/strong><\/p>\n\n\n\n<hr class=\"wp-block-separator has-text-color has-vivid-red-color has-alpha-channel-opacity has-vivid-red-background-color has-background is-style-wide\"\/>\n\n\n\n<div class=\"wp-block-buttons is-content-justification-center is-layout-flex wp-container-core-buttons-is-layout-16018d1d wp-block-buttons-is-layout-flex\">\n<div class=\"wp-block-button\"><a class=\"wp-block-button__link has-white-color has-vivid-red-background-color has-text-color has-background has-link-color wp-element-button\" href=\"https:\/\/outlook.office.com\/bookwithme\/user\/d067cf286ea94ad79a1915b27c53db14@balaguergutierrez.com?anonymous&amp;ep=plink\" target=\"_blank\" rel=\" noreferrer noopener nofollow\">Solicita una cita<\/a><\/div>\n<\/div>\n\n\n\n<hr class=\"wp-block-separator has-text-color has-vivid-red-color has-alpha-channel-opacity has-vivid-red-background-color has-background is-style-wide\"\/>\n\n\n<ul class=\"wp-block-latest-posts__list is-grid columns-3 has-dates wp-block-latest-posts\"><li><div class=\"wp-block-latest-posts__featured-image\"><img loading=\"lazy\" decoding=\"async\" width=\"150\" height=\"150\" src=\"https:\/\/balaguergutierrez.es\/wp-content\/uploads\/2026\/03\/seguro-vida-socios-empresa-baleares-2026-150x150.webp\" class=\"attachment-thumbnail size-thumbnail wp-post-image\" alt=\"socios de empresa reunidos revisando acuerdo empresarial en oficina de Palma de Mallorca\" style=\"\" srcset=\"https:\/\/balaguergutierrez.es\/wp-content\/uploads\/2026\/03\/seguro-vida-socios-empresa-baleares-2026-150x150.webp 150w, https:\/\/balaguergutierrez.es\/wp-content\/uploads\/2026\/03\/seguro-vida-socios-empresa-baleares-2026-230x230.webp 230w, https:\/\/balaguergutierrez.es\/wp-content\/uploads\/2026\/03\/seguro-vida-socios-empresa-baleares-2026-365x365.webp 365w\" sizes=\"auto, (max-width: 150px) 100vw, 150px\" \/><\/div><a class=\"wp-block-latest-posts__post-title\" href=\"https:\/\/balaguergutierrez.es\/index.php\/2026\/03\/20\/seguro-vida-socios-baleares\/\">Seguro de vida entre socios: la clave para garantizar la continuidad de tu empresa<\/a><time datetime=\"2026-03-20T12:00:00+01:00\" class=\"wp-block-latest-posts__post-date\">20 de marzo de 2026<\/time><div class=\"wp-block-latest-posts__post-excerpt\">Cuando un socio falta, el problema no es solo personal: tambi\u00e9n es empresarialEn nuestro Pa\u00eds, existen miles de peque\u00f1as empresas y negocios familiares donde dos<\/div><\/li>\n<li><div class=\"wp-block-latest-posts__featured-image\"><img loading=\"lazy\" decoding=\"async\" width=\"150\" height=\"150\" src=\"https:\/\/balaguergutierrez.es\/wp-content\/uploads\/2026\/02\/seguro-coche-electrico-baleares-2026-1-150x150.webp\" class=\"attachment-thumbnail size-thumbnail wp-post-image\" alt=\"Coche el\u00e9ctrico cargando en una calle de Palma de Mallorca\" style=\"\" srcset=\"https:\/\/balaguergutierrez.es\/wp-content\/uploads\/2026\/02\/seguro-coche-electrico-baleares-2026-1-150x150.webp 150w, https:\/\/balaguergutierrez.es\/wp-content\/uploads\/2026\/02\/seguro-coche-electrico-baleares-2026-1-230x230.webp 230w, https:\/\/balaguergutierrez.es\/wp-content\/uploads\/2026\/02\/seguro-coche-electrico-baleares-2026-1-365x365.webp 365w\" sizes=\"auto, (max-width: 150px) 100vw, 150px\" \/><\/div><a class=\"wp-block-latest-posts__post-title\" href=\"https:\/\/balaguergutierrez.es\/index.php\/2026\/03\/06\/seguro-coche-electrico-baleares\/\">Veh\u00edculos el\u00e9ctricos: el seguro que necesitas hoy (y los errores m\u00e1s comunes)<\/a><time datetime=\"2026-03-06T12:00:00+01:00\" class=\"wp-block-latest-posts__post-date\">6 de marzo de 2026<\/time><div class=\"wp-block-latest-posts__post-excerpt\">El veh\u00edculo el\u00e9ctrico ya no es futuro: es presente. Cada mes vemos m\u00e1s coches el\u00e9ctricos e h\u00edbridos enchufables, tanto de particulares como de aut\u00f3nomos y<\/div><\/li>\n<li><div class=\"wp-block-latest-posts__featured-image\"><img loading=\"lazy\" decoding=\"async\" width=\"150\" height=\"150\" src=\"https:\/\/balaguergutierrez.es\/wp-content\/uploads\/2026\/02\/seguro-hogar-baleares-lluvias-2026-150x150.webp\" class=\"attachment-thumbnail size-thumbnail wp-post-image\" alt=\"Vivienda en Palma tras una lluvia intensa con da\u00f1os visibles en terraza\" style=\"\" srcset=\"https:\/\/balaguergutierrez.es\/wp-content\/uploads\/2026\/02\/seguro-hogar-baleares-lluvias-2026-150x150.webp 150w, https:\/\/balaguergutierrez.es\/wp-content\/uploads\/2026\/02\/seguro-hogar-baleares-lluvias-2026-230x230.webp 230w, https:\/\/balaguergutierrez.es\/wp-content\/uploads\/2026\/02\/seguro-hogar-baleares-lluvias-2026-365x365.webp 365w\" sizes=\"auto, (max-width: 150px) 100vw, 150px\" \/><\/div><a class=\"wp-block-latest-posts__post-title\" href=\"https:\/\/balaguergutierrez.es\/index.php\/2026\/02\/27\/seguro-hogar-baleares-lluvias\/\">Tormentas, lluvias intensas y da\u00f1os en viviendas: revisa tu seguro de hogar antes de que sea tarde<\/a><time datetime=\"2026-02-27T12:00:00+01:00\" class=\"wp-block-latest-posts__post-date\">27 de febrero de 2026<\/time><div class=\"wp-block-latest-posts__post-excerpt\">En los \u00faltimos meses, las lluvias intensas, rachas de viento y episodios de mal tiempo han vuelto a poner a prueba muchas viviendas y negocios<\/div><\/li>\n<li><div class=\"wp-block-latest-posts__featured-image\"><img loading=\"lazy\" decoding=\"async\" width=\"150\" height=\"150\" src=\"https:\/\/balaguergutierrez.es\/wp-content\/uploads\/2026\/02\/vlpyregistrodgt-150x150.webp\" class=\"attachment-thumbnail size-thumbnail wp-post-image\" alt=\"Seguro obligatorio para patinete el\u00e9ctrico en Palma de Mallorca 2026\" style=\"\" srcset=\"https:\/\/balaguergutierrez.es\/wp-content\/uploads\/2026\/02\/vlpyregistrodgt-150x150.webp 150w, https:\/\/balaguergutierrez.es\/wp-content\/uploads\/2026\/02\/vlpyregistrodgt-230x230.webp 230w, https:\/\/balaguergutierrez.es\/wp-content\/uploads\/2026\/02\/vlpyregistrodgt-365x365.webp 365w\" sizes=\"auto, (max-width: 150px) 100vw, 150px\" \/><\/div><a class=\"wp-block-latest-posts__post-title\" href=\"https:\/\/balaguergutierrez.es\/index.php\/2026\/02\/11\/seguro-obligatorio-patinete-2026-registro-dgt\/\">Nuevo seguro obligatorio para patinetes el\u00e9ctricos en 2026: registro DGT y requisitos legales<\/a><time datetime=\"2026-02-11T13:00:31+01:00\" class=\"wp-block-latest-posts__post-date\">11 de febrero de 2026<\/time><div class=\"wp-block-latest-posts__post-excerpt\">El 30 de enero de 2026 se public\u00f3 en el BOE la creaci\u00f3n del Registro de Veh\u00edculos Personales Ligeros (VPL) en la DGT, paso imprescindible<\/div><\/li>\n<li><div class=\"wp-block-latest-posts__featured-image\"><img loading=\"lazy\" decoding=\"async\" width=\"150\" height=\"150\" src=\"https:\/\/balaguergutierrez.es\/wp-content\/uploads\/2026\/01\/250804-BALAGUER-GUTIERREZ_MEME-RRSS-V2-150x150.webp\" class=\"attachment-thumbnail size-thumbnail wp-post-image\" alt=\"\u00danico n\u00famero de contacto (+34 971 451 651) y App de cliente de Balaguer &amp; Guti\u00e9rrez en Palma de Mallorca\" style=\"\" srcset=\"https:\/\/balaguergutierrez.es\/wp-content\/uploads\/2026\/01\/250804-BALAGUER-GUTIERREZ_MEME-RRSS-V2-150x150.webp 150w, https:\/\/balaguergutierrez.es\/wp-content\/uploads\/2026\/01\/250804-BALAGUER-GUTIERREZ_MEME-RRSS-V2-300x300.webp 300w, https:\/\/balaguergutierrez.es\/wp-content\/uploads\/2026\/01\/250804-BALAGUER-GUTIERREZ_MEME-RRSS-V2-230x230.webp 230w, https:\/\/balaguergutierrez.es\/wp-content\/uploads\/2026\/01\/250804-BALAGUER-GUTIERREZ_MEME-RRSS-V2-365x365.webp 365w, https:\/\/balaguergutierrez.es\/wp-content\/uploads\/2026\/01\/250804-BALAGUER-GUTIERREZ_MEME-RRSS-V2.webp 600w\" sizes=\"auto, (max-width: 150px) 100vw, 150px\" \/><\/div><a class=\"wp-block-latest-posts__post-title\" href=\"https:\/\/balaguergutierrez.es\/index.php\/2026\/01\/29\/unico-numero-whatsapp-fijo-app-cliente\/\">Un \u00fanico n\u00famero para llamadas y WhatsApp (+34 971 451 651) y nuestra nueva App de cliente<\/a><time datetime=\"2026-01-29T12:00:00+01:00\" class=\"wp-block-latest-posts__post-date\">29 de enero de 2026<\/time><div class=\"wp-block-latest-posts__post-excerpt\">A partir del 1 de febrero de 2026, simplificamos tu forma de contactarnos: el \u00fanico n\u00famero de Balaguer &amp; Guti\u00e9rrez (llamadas y WhatsApp) es +34<\/div><\/li>\n<\/ul>","protected":false},"excerpt":{"rendered":"<p>Seguros para Particulares: Protege lo que m\u00e1s importa En Balaguer &amp; Guti\u00e9rrez, sabemos que la tranquilidad de tu familia y la protecci\u00f3n de tu entorno personal son lo m\u00e1s importante. Por eso, nos especializamos en dise\u00f1ar soluciones aseguradoras que se<\/p>\n","protected":false},"author":1,"featured_media":497,"parent":0,"menu_order":0,"comment_status":"closed","ping_status":"closed","template":"","meta":{"footnotes":""},"class_list":["post-585","page","type-page","status-publish","has-post-thumbnail","hentry","","tg-column-third"],"yoast_head":"<!-- This site is optimized with the Yoast SEO plugin v27.4 - https:\/\/yoast.com\/product\/yoast-seo-wordpress\/ -->\n<title>Seguros para Particulares - balaguergutierrez.es<\/title>\n<meta name=\"description\" content=\"Protege tu hogar, salud y familia con los seguros para particulares de Balaguer &amp; Guti\u00e9rrez. Coberturas personalizadas y al mejor precio para tu tranquilidad.\" \/>\n<meta name=\"robots\" content=\"index, follow, max-snippet:-1, max-image-preview:large, max-video-preview:-1\" \/>\n<link rel=\"canonical\" href=\"https:\/\/balaguergutierrez.es\/index.php\/seguros-particulares-familia\/\" \/>\n<meta property=\"og:locale\" content=\"es_ES\" \/>\n<meta property=\"og:type\" content=\"article\" \/>\n<meta property=\"og:title\" content=\"Seguros para Particulares - balaguergutierrez.es\" \/>\n<meta property=\"og:description\" content=\"Protege tu hogar, salud y familia con los seguros para particulares de Balaguer &amp; Guti\u00e9rrez. Coberturas personalizadas y al mejor precio para tu tranquilidad.\" \/>\n<meta property=\"og:url\" content=\"https:\/\/balaguergutierrez.es\/index.php\/seguros-particulares-familia\/\" \/>\n<meta property=\"og:site_name\" content=\"balaguergutierrez.es\" \/>\n<meta property=\"article:publisher\" content=\"https:\/\/www.facebook.com\/balaguergutierrezcs\/\" \/>\n<meta property=\"article:modified_time\" content=\"2025-03-03T20:05:44+00:00\" \/>\n<meta property=\"og:image\" content=\"https:\/\/balaguergutierrez.es\/wp-content\/uploads\/2024\/02\/particulares.jpg\" \/>\n\t<meta property=\"og:image:width\" content=\"700\" \/>\n\t<meta property=\"og:image:height\" content=\"200\" \/>\n\t<meta property=\"og:image:type\" content=\"image\/jpeg\" \/>\n<meta name=\"twitter:label1\" content=\"Tiempo de lectura\" \/>\n\t<meta name=\"twitter:data1\" content=\"2 minutos\" \/>\n<script type=\"application\/ld+json\" class=\"yoast-schema-graph\">{\"@context\":\"https:\\\/\\\/schema.org\",\"@graph\":[{\"@type\":\"WebPage\",\"@id\":\"https:\\\/\\\/balaguergutierrez.es\\\/index.php\\\/seguros-particulares-familia\\\/\",\"url\":\"https:\\\/\\\/balaguergutierrez.es\\\/index.php\\\/seguros-particulares-familia\\\/\",\"name\":\"Seguros para Particulares - balaguergutierrez.es\",\"isPartOf\":{\"@id\":\"https:\\\/\\\/balaguergutierrez.es\\\/#website\"},\"primaryImageOfPage\":{\"@id\":\"https:\\\/\\\/balaguergutierrez.es\\\/index.php\\\/seguros-particulares-familia\\\/#primaryimage\"},\"image\":{\"@id\":\"https:\\\/\\\/balaguergutierrez.es\\\/index.php\\\/seguros-particulares-familia\\\/#primaryimage\"},\"thumbnailUrl\":\"https:\\\/\\\/balaguergutierrez.es\\\/wp-content\\\/uploads\\\/2024\\\/02\\\/particulares.jpg\",\"datePublished\":\"2024-02-18T09:45:30+00:00\",\"dateModified\":\"2025-03-03T20:05:44+00:00\",\"description\":\"Protege tu hogar, salud y familia con los seguros para particulares de Balaguer & Guti\u00e9rrez. Coberturas personalizadas y al mejor precio para tu tranquilidad.\",\"breadcrumb\":{\"@id\":\"https:\\\/\\\/balaguergutierrez.es\\\/index.php\\\/seguros-particulares-familia\\\/#breadcrumb\"},\"inLanguage\":\"es\",\"potentialAction\":[{\"@type\":\"ReadAction\",\"target\":[\"https:\\\/\\\/balaguergutierrez.es\\\/index.php\\\/seguros-particulares-familia\\\/\"]}]},{\"@type\":\"ImageObject\",\"inLanguage\":\"es\",\"@id\":\"https:\\\/\\\/balaguergutierrez.es\\\/index.php\\\/seguros-particulares-familia\\\/#primaryimage\",\"url\":\"https:\\\/\\\/balaguergutierrez.es\\\/wp-content\\\/uploads\\\/2024\\\/02\\\/particulares.jpg\",\"contentUrl\":\"https:\\\/\\\/balaguergutierrez.es\\\/wp-content\\\/uploads\\\/2024\\\/02\\\/particulares.jpg\",\"width\":700,\"height\":200},{\"@type\":\"BreadcrumbList\",\"@id\":\"https:\\\/\\\/balaguergutierrez.es\\\/index.php\\\/seguros-particulares-familia\\\/#breadcrumb\",\"itemListElement\":[{\"@type\":\"ListItem\",\"position\":1,\"name\":\"Portada\",\"item\":\"https:\\\/\\\/balaguergutierrez.es\\\/\"},{\"@type\":\"ListItem\",\"position\":2,\"name\":\"Seguros para Particulares\"}]},{\"@type\":\"WebSite\",\"@id\":\"https:\\\/\\\/balaguergutierrez.es\\\/#website\",\"url\":\"https:\\\/\\\/balaguergutierrez.es\\\/\",\"name\":\"Balaguer & Guti\u00e9rrez, Corredur\u00eda de Seguros\",\"description\":\"Aseguramos lo que de verdad importa\",\"publisher\":{\"@id\":\"https:\\\/\\\/balaguergutierrez.es\\\/#organization\"},\"potentialAction\":[{\"@type\":\"SearchAction\",\"target\":{\"@type\":\"EntryPoint\",\"urlTemplate\":\"https:\\\/\\\/balaguergutierrez.es\\\/?s={search_term_string}\"},\"query-input\":{\"@type\":\"PropertyValueSpecification\",\"valueRequired\":true,\"valueName\":\"search_term_string\"}}],\"inLanguage\":\"es\"},{\"@type\":\"Organization\",\"@id\":\"https:\\\/\\\/balaguergutierrez.es\\\/#organization\",\"name\":\"Balaguer & Guti\u00e9rrez SL\",\"url\":\"https:\\\/\\\/balaguergutierrez.es\\\/\",\"logo\":{\"@type\":\"ImageObject\",\"inLanguage\":\"es\",\"@id\":\"https:\\\/\\\/balaguergutierrez.es\\\/#\\\/schema\\\/logo\\\/image\\\/\",\"url\":\"https:\\\/\\\/balaguergutierrez.es\\\/wp-content\\\/uploads\\\/2023\\\/03\\\/bg2014-Personalizado-1.png\",\"contentUrl\":\"https:\\\/\\\/balaguergutierrez.es\\\/wp-content\\\/uploads\\\/2023\\\/03\\\/bg2014-Personalizado-1.png\",\"width\":300,\"height\":56,\"caption\":\"Balaguer & Guti\u00e9rrez SL\"},\"image\":{\"@id\":\"https:\\\/\\\/balaguergutierrez.es\\\/#\\\/schema\\\/logo\\\/image\\\/\"},\"sameAs\":[\"https:\\\/\\\/www.facebook.com\\\/balaguergutierrezcs\\\/\",\"https:\\\/\\\/www.instagram.com\\\/balaguergutierrezsl\\\/\"]}]}<\/script>\n<!-- \/ Yoast SEO plugin. -->","yoast_head_json":{"title":"Seguros para Particulares - balaguergutierrez.es","description":"Protege tu hogar, salud y familia con los seguros para particulares de Balaguer & Guti\u00e9rrez. Coberturas personalizadas y al mejor precio para tu tranquilidad.","robots":{"index":"index","follow":"follow","max-snippet":"max-snippet:-1","max-image-preview":"max-image-preview:large","max-video-preview":"max-video-preview:-1"},"canonical":"https:\/\/balaguergutierrez.es\/index.php\/seguros-particulares-familia\/","og_locale":"es_ES","og_type":"article","og_title":"Seguros para Particulares - balaguergutierrez.es","og_description":"Protege tu hogar, salud y familia con los seguros para particulares de Balaguer & Guti\u00e9rrez. Coberturas personalizadas y al mejor precio para tu tranquilidad.","og_url":"https:\/\/balaguergutierrez.es\/index.php\/seguros-particulares-familia\/","og_site_name":"balaguergutierrez.es","article_publisher":"https:\/\/www.facebook.com\/balaguergutierrezcs\/","article_modified_time":"2025-03-03T20:05:44+00:00","og_image":[{"width":700,"height":200,"url":"https:\/\/balaguergutierrez.es\/wp-content\/uploads\/2024\/02\/particulares.jpg","type":"image\/jpeg"}],"twitter_misc":{"Tiempo de lectura":"2 minutos"},"schema":{"@context":"https:\/\/schema.org","@graph":[{"@type":"WebPage","@id":"https:\/\/balaguergutierrez.es\/index.php\/seguros-particulares-familia\/","url":"https:\/\/balaguergutierrez.es\/index.php\/seguros-particulares-familia\/","name":"Seguros para Particulares - balaguergutierrez.es","isPartOf":{"@id":"https:\/\/balaguergutierrez.es\/#website"},"primaryImageOfPage":{"@id":"https:\/\/balaguergutierrez.es\/index.php\/seguros-particulares-familia\/#primaryimage"},"image":{"@id":"https:\/\/balaguergutierrez.es\/index.php\/seguros-particulares-familia\/#primaryimage"},"thumbnailUrl":"https:\/\/balaguergutierrez.es\/wp-content\/uploads\/2024\/02\/particulares.jpg","datePublished":"2024-02-18T09:45:30+00:00","dateModified":"2025-03-03T20:05:44+00:00","description":"Protege tu hogar, salud y familia con los seguros para particulares de Balaguer & Guti\u00e9rrez. Coberturas personalizadas y al mejor precio para tu tranquilidad.","breadcrumb":{"@id":"https:\/\/balaguergutierrez.es\/index.php\/seguros-particulares-familia\/#breadcrumb"},"inLanguage":"es","potentialAction":[{"@type":"ReadAction","target":["https:\/\/balaguergutierrez.es\/index.php\/seguros-particulares-familia\/"]}]},{"@type":"ImageObject","inLanguage":"es","@id":"https:\/\/balaguergutierrez.es\/index.php\/seguros-particulares-familia\/#primaryimage","url":"https:\/\/balaguergutierrez.es\/wp-content\/uploads\/2024\/02\/particulares.jpg","contentUrl":"https:\/\/balaguergutierrez.es\/wp-content\/uploads\/2024\/02\/particulares.jpg","width":700,"height":200},{"@type":"BreadcrumbList","@id":"https:\/\/balaguergutierrez.es\/index.php\/seguros-particulares-familia\/#breadcrumb","itemListElement":[{"@type":"ListItem","position":1,"name":"Portada","item":"https:\/\/balaguergutierrez.es\/"},{"@type":"ListItem","position":2,"name":"Seguros para Particulares"}]},{"@type":"WebSite","@id":"https:\/\/balaguergutierrez.es\/#website","url":"https:\/\/balaguergutierrez.es\/","name":"Balaguer & Guti\u00e9rrez, Corredur\u00eda de Seguros","description":"Aseguramos lo que de verdad importa","publisher":{"@id":"https:\/\/balaguergutierrez.es\/#organization"},"potentialAction":[{"@type":"SearchAction","target":{"@type":"EntryPoint","urlTemplate":"https:\/\/balaguergutierrez.es\/?s={search_term_string}"},"query-input":{"@type":"PropertyValueSpecification","valueRequired":true,"valueName":"search_term_string"}}],"inLanguage":"es"},{"@type":"Organization","@id":"https:\/\/balaguergutierrez.es\/#organization","name":"Balaguer & Guti\u00e9rrez SL","url":"https:\/\/balaguergutierrez.es\/","logo":{"@type":"ImageObject","inLanguage":"es","@id":"https:\/\/balaguergutierrez.es\/#\/schema\/logo\/image\/","url":"https:\/\/balaguergutierrez.es\/wp-content\/uploads\/2023\/03\/bg2014-Personalizado-1.png","contentUrl":"https:\/\/balaguergutierrez.es\/wp-content\/uploads\/2023\/03\/bg2014-Personalizado-1.png","width":300,"height":56,"caption":"Balaguer & Guti\u00e9rrez SL"},"image":{"@id":"https:\/\/balaguergutierrez.es\/#\/schema\/logo\/image\/"},"sameAs":["https:\/\/www.facebook.com\/balaguergutierrezcs\/","https:\/\/www.instagram.com\/balaguergutierrezsl\/"]}]}},"_links":{"self":[{"href":"https:\/\/balaguergutierrez.es\/index.php\/wp-json\/wp\/v2\/pages\/585","targetHints":{"allow":["GET"]}}],"collection":[{"href":"https:\/\/balaguergutierrez.es\/index.php\/wp-json\/wp\/v2\/pages"}],"about":[{"href":"https:\/\/balaguergutierrez.es\/index.php\/wp-json\/wp\/v2\/types\/page"}],"author":[{"embeddable":true,"href":"https:\/\/balaguergutierrez.es\/index.php\/wp-json\/wp\/v2\/users\/1"}],"replies":[{"embeddable":true,"href":"https:\/\/balaguergutierrez.es\/index.php\/wp-json\/wp\/v2\/comments?post=585"}],"version-history":[{"count":6,"href":"https:\/\/balaguergutierrez.es\/index.php\/wp-json\/wp\/v2\/pages\/585\/revisions"}],"predecessor-version":[{"id":1056,"href":"https:\/\/balaguergutierrez.es\/index.php\/wp-json\/wp\/v2\/pages\/585\/revisions\/1056"}],"wp:featuredmedia":[{"embeddable":true,"href":"https:\/\/balaguergutierrez.es\/index.php\/wp-json\/wp\/v2\/media\/497"}],"wp:attachment":[{"href":"https:\/\/balaguergutierrez.es\/index.php\/wp-json\/wp\/v2\/media?parent=585"}],"curies":[{"name":"wp","href":"https:\/\/api.w.org\/{rel}","templated":true}]}}