{"id":590,"date":"2024-02-18T17:39:45","date_gmt":"2024-02-18T17:39:45","guid":{"rendered":"https:\/\/brave-visvesvaraya.82-223-114-116.plesk.page\/?page_id=590"},"modified":"2025-03-03T20:51:28","modified_gmt":"2025-03-03T19:51:28","slug":"responsabilidad-civil-administradores-y-altos-cargos","status":"publish","type":"page","link":"https:\/\/balaguergutierrez.es\/index.php\/responsabilidad-civil-administradores-y-altos-cargos\/","title":{"rendered":"Responsabilidad Civil Administradores y Altos Cargos"},"content":{"rendered":"<figure class=\"wp-block-post-featured-image\"><img loading=\"lazy\" decoding=\"async\" width=\"700\" height=\"200\" src=\"https:\/\/balaguergutierrez.es\/wp-content\/uploads\/2024\/12\/rc-dyo.jpg\" class=\"attachment-post-thumbnail size-post-thumbnail wp-post-image\" alt=\"\" style=\"object-fit:cover;\" srcset=\"https:\/\/balaguergutierrez.es\/wp-content\/uploads\/2024\/12\/rc-dyo.jpg 700w, https:\/\/balaguergutierrez.es\/wp-content\/uploads\/2024\/12\/rc-dyo-300x86.jpg 300w, https:\/\/balaguergutierrez.es\/wp-content\/uploads\/2024\/12\/rc-dyo-350x100.jpg 350w\" sizes=\"auto, (max-width: 700px) 100vw, 700px\" \/><\/figure>\n\n\n<h3 class=\"wp-block-heading has-vivid-red-color has-text-color has-link-color wp-elements-a659452517ddf4771374a363beeecfb2\"><strong>RC D&amp;O (Responsabilidad Civil Directivos y Altos Cargos)<\/strong><\/h3>\n\n\n\n<h6 class=\"wp-block-heading has-vivid-red-color has-text-color has-link-color wp-elements-e02fccb2fb37c38b7b392cce4fceecb6\">\u00bfQu\u00e9 es?<\/h6>\n\n\n\n<p>Es un seguro de Responsabilidad Civil que protege a los&nbsp;<strong>Administradores y altos Cargos<\/strong>, y da cobertura a reclamaciones por mala gesti\u00f3n presentadas por la sociedad, los accionistas, los empleados, los acreedores y los \u00d3rganismos P\u00fablicos, entre otros. La mala gesti\u00f3n no s\u00f3lo es responsabilidad del Alto Cargos sino que tambi\u00e9n puede ser consecuencia de las actuaciones negligentes de alguno de sus empleados.<\/p>\n\n\n\n<p><strong>El objeto<\/strong>&nbsp;de este seguro es la&nbsp;protecci\u00f3n del patrimonio individual&nbsp;de los Administradores por los perjuicios financieros causados a terceros como consecuencia de las decisiones tomadas en el contexto de su labor de gesti\u00f3n.<\/p>\n\n\n\n<h6 class=\"wp-block-heading has-vivid-red-color has-text-color has-link-color wp-elements-722fd7146ef9de729bcec554e68f1da4\">Consecuencias<\/h6>\n\n\n\n<p>Como administrador,&nbsp;<strong>eres t\u00fa el que responde con tu patrimonio personal<\/strong>&nbsp;de los perjuicios que te reclamen por actos contrarios a la Ley o a los Estatutos. Tambi\u00e9n respondes con tu patrimonio si te demandan por negligencia en el ejercicio del cargo.<\/p>\n\n\n\n<p>Adem\u00e1s, si formas parte de un Consejo de Administraci\u00f3n,&nbsp;<strong>respondes de forma solidaria<\/strong>, es decir, pueden reclamarte por decisiones de los otros consejeros salvo que puedas exonerarte de acuerdo con la Ley.<\/p>\n\n\n\n<h6 class=\"wp-block-heading has-vivid-red-color has-text-color has-link-color wp-elements-d687cbc988560ca98b27f3d691ad9260\">\u00bfQui\u00e9n puede reclamarte?<\/h6>\n\n\n\n<p>La Sociedad, los accionistas mayoritarios o minoritarios, los empleados, incluso los candidatos a un puesto de trabajo, los acreedores sociales, el Ministrio Fiscal y los \u00d3rganos P\u00fablicos competentes, o cualquier tercero.<\/p>\n\n\n\n<h6 class=\"wp-block-heading has-vivid-red-color has-text-color has-link-color wp-elements-fed28fa6b651c5b8ce009685b5348472\">Para todo tipo de empresa<\/h6>\n\n\n\n<p>Cada d\u00eda aumentan m\u00e1s las reclamaciones, un 20% m\u00e1s en los \u00faltimos a\u00f1os. Aunque desempe\u00f1es correctamente tus funciones, puedes recibir reclamaciones de diversa \u00edndole independientemente del tipo de actividad que desarrolles.<\/p>\n\n\n\n<p>Por ejemplo: un despido improcedente, acusaci\u00f3n de abusos sexuales, mobbing, falta de confidencialidad, &#8230;<\/p>\n\n\n\n<h6 class=\"wp-block-heading has-vivid-red-color has-text-color has-link-color wp-elements-26a31ead9558f14dc2107a402c4d5a60\">Aunque no seas propietario<\/h6>\n\n\n\n<p>Cualquiera que desarrolle funciones de alta gesti\u00f3n en una empresa, est\u00e1 expuesto a reclamaciones.<\/p>\n\n\n\n<h6 class=\"wp-block-heading has-vivid-red-color has-text-color has-link-color wp-elements-b1675f2c2645c381014137c1cc0e5f1b\">\u00bfQu\u00e9 Cubre?<\/h6>\n\n\n\n<p>El seguro de Responsabilidad Civil de Administradores y Altos Cargos cubre:<\/p>\n\n\n\n<ul class=\"wp-block-list\">\n<li>Los gastos de defensa derivados de una reclamaci\u00f3n.<\/li>\n\n\n\n<li>La constituci\u00f3n de fianzas impuestas para atender tu Responsabilidad Civil.<\/li>\n\n\n\n<li>Las indemnizaci\u00f3nes que est\u00e9s obligado a pagar.<\/li>\n\n\n\n<li>Reclamaci\u00f3nes por pr\u00e1cticas laborales, concobertura a la Entidad.<\/li>\n<\/ul>\n\n\n\n<h6 class=\"wp-block-heading has-vivid-red-color has-text-color has-link-color wp-elements-29195924dc33875bf9f674d88975be8d\">Nueva Ley de Sociedades de Capital.<\/h6>\n\n\n\n<p>En Diciembre de 2014 entr\u00f3 en vigor la Ley 31\/2014, de 3 de Diciembre, que modifica la Ley de Sociedades de Capital. Entre otras reformas, especifica que la infracci\u00f3n del deber de lealtad determinar\u00e1 no solo la obligaci\u00f3n de indemnizar el da\u00f1o causado al patrimonio social, sino tambi\u00e9n la de devolver a la sociedad el enriquecimiento injusto obtenido por el administrador.<\/p>\n\n\n\n<hr class=\"wp-block-separator has-text-color has-vivid-red-color has-alpha-channel-opacity has-vivid-red-background-color has-background is-style-wide\"\/>\n\n\n\n<div class=\"wp-block-buttons is-content-justification-center is-layout-flex wp-container-core-buttons-is-layout-16018d1d wp-block-buttons-is-layout-flex\">\n<div class=\"wp-block-button\"><a class=\"wp-block-button__link has-vivid-red-background-color has-background wp-element-button\" href=\"https:\/\/outlook.office.com\/bookwithme\/user\/d067cf286ea94ad79a1915b27c53db14@balaguergutierrez.com?anonymous&amp;ep=plink\" target=\"_blank\" rel=\"noreferrer noopener\">Solicita una cita<\/a><\/div>\n\n\n\n<div class=\"wp-block-button\"><a class=\"wp-block-button__link has-vivid-red-background-color has-background wp-element-button\" href=\"https:\/\/forms.office.com\/e\/dJ9Dm8r2Kp\" target=\"_blank\" rel=\"noreferrer noopener\">Solicita tu presupuesto<\/a><\/div>\n<\/div>\n\n\n\n<hr class=\"wp-block-separator has-text-color has-vivid-red-color has-alpha-channel-opacity has-vivid-red-background-color has-background is-style-wide\"\/>\n\n\n<ul class=\"wp-block-latest-posts__list is-grid columns-3 has-dates wp-block-latest-posts\"><li><div class=\"wp-block-latest-posts__featured-image aligncenter\"><img loading=\"lazy\" decoding=\"async\" width=\"150\" height=\"150\" src=\"https:\/\/balaguergutierrez.es\/wp-content\/uploads\/2026\/03\/ciberseguro-empresas-baleares-2026-150x150.webp\" class=\"attachment-thumbnail size-thumbnail wp-post-image\" alt=\"Profesional trabajando en ordenador con alerta de ciberseguridad en oficina de Palma\" style=\"\" srcset=\"https:\/\/balaguergutierrez.es\/wp-content\/uploads\/2026\/03\/ciberseguro-empresas-baleares-2026-150x150.webp 150w, https:\/\/balaguergutierrez.es\/wp-content\/uploads\/2026\/03\/ciberseguro-empresas-baleares-2026-230x230.webp 230w, https:\/\/balaguergutierrez.es\/wp-content\/uploads\/2026\/03\/ciberseguro-empresas-baleares-2026-365x365.webp 365w\" sizes=\"auto, (max-width: 150px) 100vw, 150px\" \/><\/div><a class=\"wp-block-latest-posts__post-title\" href=\"https:\/\/balaguergutierrez.es\/index.php\/2026\/03\/13\/ciberseguro-baleares-empresas\/\">Ciberataques: el riesgo silencioso que ya amenaza a aut\u00f3nomos y pymes<\/a><time datetime=\"2026-03-13T12:00:00+01:00\" class=\"wp-block-latest-posts__post-date\">13 de marzo de 2026<\/time><div class=\"wp-block-latest-posts__post-excerpt\">Una nueva realidad para empresas y profesionales. La digitalizaci\u00f3n ha cambiado la forma de trabajar en toda Espa\u00f1a. Facturaci\u00f3n online, reservas por internet, bases de<\/div><\/li>\n<li><div class=\"wp-block-latest-posts__featured-image aligncenter\"><img loading=\"lazy\" decoding=\"async\" width=\"150\" height=\"150\" src=\"https:\/\/balaguergutierrez.es\/wp-content\/uploads\/2026\/01\/250804-BALAGUER-GUTIERREZ_MEME-RRSS-V2-150x150.webp\" class=\"attachment-thumbnail size-thumbnail wp-post-image\" alt=\"\u00danico n\u00famero de contacto (+34 971 451 651) y App de cliente de Balaguer &amp; Guti\u00e9rrez en Palma de Mallorca\" style=\"\" srcset=\"https:\/\/balaguergutierrez.es\/wp-content\/uploads\/2026\/01\/250804-BALAGUER-GUTIERREZ_MEME-RRSS-V2-150x150.webp 150w, https:\/\/balaguergutierrez.es\/wp-content\/uploads\/2026\/01\/250804-BALAGUER-GUTIERREZ_MEME-RRSS-V2-300x300.webp 300w, https:\/\/balaguergutierrez.es\/wp-content\/uploads\/2026\/01\/250804-BALAGUER-GUTIERREZ_MEME-RRSS-V2-230x230.webp 230w, https:\/\/balaguergutierrez.es\/wp-content\/uploads\/2026\/01\/250804-BALAGUER-GUTIERREZ_MEME-RRSS-V2-365x365.webp 365w, https:\/\/balaguergutierrez.es\/wp-content\/uploads\/2026\/01\/250804-BALAGUER-GUTIERREZ_MEME-RRSS-V2.webp 600w\" sizes=\"auto, (max-width: 150px) 100vw, 150px\" \/><\/div><a class=\"wp-block-latest-posts__post-title\" href=\"https:\/\/balaguergutierrez.es\/index.php\/2026\/01\/29\/unico-numero-whatsapp-fijo-app-cliente\/\">Un \u00fanico n\u00famero para llamadas y WhatsApp (+34 971 451 651) y nuestra nueva App de cliente<\/a><time datetime=\"2026-01-29T12:00:00+01:00\" class=\"wp-block-latest-posts__post-date\">29 de enero de 2026<\/time><div class=\"wp-block-latest-posts__post-excerpt\">A partir del 1 de febrero de 2026, simplificamos tu forma de contactarnos: el \u00fanico n\u00famero de Balaguer &amp; Guti\u00e9rrez (llamadas y WhatsApp) es +34<\/div><\/li>\n<li><div class=\"wp-block-latest-posts__featured-image aligncenter\"><img loading=\"lazy\" decoding=\"async\" width=\"150\" height=\"150\" src=\"https:\/\/balaguergutierrez.es\/wp-content\/uploads\/2026\/01\/ciberseguro-baleares-2026-150x150.webp\" class=\"attachment-thumbnail size-thumbnail wp-post-image\" alt=\"Empresario en oficina de Palma revisando un ordenador tras un incidente digital\" style=\"\" srcset=\"https:\/\/balaguergutierrez.es\/wp-content\/uploads\/2026\/01\/ciberseguro-baleares-2026-150x150.webp 150w, https:\/\/balaguergutierrez.es\/wp-content\/uploads\/2026\/01\/ciberseguro-baleares-2026-230x230.webp 230w, https:\/\/balaguergutierrez.es\/wp-content\/uploads\/2026\/01\/ciberseguro-baleares-2026-365x365.webp 365w\" sizes=\"auto, (max-width: 150px) 100vw, 150px\" \/><\/div><a class=\"wp-block-latest-posts__post-title\" href=\"https:\/\/balaguergutierrez.es\/index.php\/2026\/01\/07\/ciberseguro-baleares\/\">Ciberataques: por qu\u00e9 el ciberseguro ya no es solo para grandes empresas<\/a><time datetime=\"2026-01-07T12:32:52+01:00\" class=\"wp-block-latest-posts__post-date\">7 de enero de 2026<\/time><div class=\"wp-block-latest-posts__post-excerpt\">En los \u00faltimos meses, los ciberataques a peque\u00f1as empresas, aut\u00f3nomos y despachos profesionales se han multiplicado. No hablamos solo de multinacionales, cada vez m\u00e1s comercios,<\/div><\/li>\n<li><div class=\"wp-block-latest-posts__featured-image aligncenter\"><img loading=\"lazy\" decoding=\"async\" width=\"150\" height=\"150\" src=\"https:\/\/balaguergutierrez.es\/wp-content\/uploads\/2025\/10\/proteccion-vida-salud-empresa-150x150.webp\" class=\"attachment-thumbnail size-thumbnail wp-post-image\" alt=\"Familia y empresario en Baleares conversando con un corredor de seguros en oficina moderna\" style=\"\" srcset=\"https:\/\/balaguergutierrez.es\/wp-content\/uploads\/2025\/10\/proteccion-vida-salud-empresa-150x150.webp 150w, https:\/\/balaguergutierrez.es\/wp-content\/uploads\/2025\/10\/proteccion-vida-salud-empresa-230x230.webp 230w, https:\/\/balaguergutierrez.es\/wp-content\/uploads\/2025\/10\/proteccion-vida-salud-empresa-365x365.webp 365w\" sizes=\"auto, (max-width: 150px) 100vw, 150px\" \/><\/div><a class=\"wp-block-latest-posts__post-title\" href=\"https:\/\/balaguergutierrez.es\/index.php\/2025\/10\/29\/proteccion-integral-para-tu-vida-tu-negocio-y-tu-patrimonio\/\">Protecci\u00f3n integral para tu vida, tu negocio y tu patrimonio<\/a><time datetime=\"2025-10-29T12:00:00+01:00\" class=\"wp-block-latest-posts__post-date\">29 de octubre de 2025<\/time><div class=\"wp-block-latest-posts__post-excerpt\">Vivir en Palma o tener un negocio en Baleares tiene muchas ventajas: la brisa mediterr\u00e1nea, el sol casi todo el a\u00f1o y un estilo de<\/div><\/li>\n<li><div class=\"wp-block-latest-posts__featured-image aligncenter\"><img loading=\"lazy\" decoding=\"async\" width=\"150\" height=\"150\" src=\"https:\/\/balaguergutierrez.es\/wp-content\/uploads\/2025\/09\/seguro-patinete-palma-baleares-2025-150x150.webp\" class=\"attachment-thumbnail size-thumbnail wp-post-image\" alt=\"Corredor de seguros en Palma contratando seguro de patinete\/VMP con cliente\" style=\"\" srcset=\"https:\/\/balaguergutierrez.es\/wp-content\/uploads\/2025\/09\/seguro-patinete-palma-baleares-2025-150x150.webp 150w, https:\/\/balaguergutierrez.es\/wp-content\/uploads\/2025\/09\/seguro-patinete-palma-baleares-2025-230x230.webp 230w, https:\/\/balaguergutierrez.es\/wp-content\/uploads\/2025\/09\/seguro-patinete-palma-baleares-2025-365x365.webp 365w\" sizes=\"auto, (max-width: 150px) 100vw, 150px\" \/><\/div><a class=\"wp-block-latest-posts__post-title\" href=\"https:\/\/balaguergutierrez.es\/index.php\/2025\/09\/10\/seguro-patinete-palma-baleares\/\">Seguro obligatorio para patinetes en Palma: gu\u00eda r\u00e1pida para particulares, aut\u00f3nomos y empresas (2025)<\/a><time datetime=\"2025-09-10T09:36:36+01:00\" class=\"wp-block-latest-posts__post-date\">10 de septiembre de 2025<\/time><div class=\"wp-block-latest-posts__post-excerpt\">En Palma ya no es opcional: si usas patinete o VMP necesitas seguro de responsabilidad civil (m\u00edn. 120.000\u202f\u20ac), casco y chaleco reflectante. La polic\u00eda est\u00e1<\/div><\/li>\n<\/ul>","protected":false},"excerpt":{"rendered":"<p>RC D&amp;O (Responsabilidad Civil Directivos y Altos Cargos) \u00bfQu\u00e9 es? Es un seguro de Responsabilidad Civil que protege a los&nbsp;Administradores y altos Cargos, y da cobertura a reclamaciones por mala gesti\u00f3n presentadas por la sociedad, los accionistas, los empleados, los<\/p>\n","protected":false},"author":1,"featured_media":911,"parent":0,"menu_order":0,"comment_status":"closed","ping_status":"closed","template":"","meta":{"footnotes":""},"class_list":["post-590","page","type-page","status-publish","has-post-thumbnail","hentry","","tg-column-third"],"yoast_head":"<!-- This site is optimized with the Yoast SEO plugin v27.4 - https:\/\/yoast.com\/product\/yoast-seo-wordpress\/ -->\n<title>Responsabilidad Civil Administradores y Altos Cargos - balaguergutierrez.es<\/title>\n<meta name=\"description\" content=\"Protege a directivos y administradores con el seguro D&amp;O de Balaguer &amp; Guti\u00e9rrez. Cobertura ante reclamaciones por decisiones empresariales y gastos legales.\" \/>\n<meta name=\"robots\" content=\"index, follow, max-snippet:-1, max-image-preview:large, max-video-preview:-1\" \/>\n<link rel=\"canonical\" href=\"https:\/\/balaguergutierrez.es\/index.php\/responsabilidad-civil-administradores-y-altos-cargos\/\" \/>\n<meta property=\"og:locale\" content=\"es_ES\" \/>\n<meta property=\"og:type\" content=\"article\" \/>\n<meta property=\"og:title\" content=\"Responsabilidad Civil Administradores y Altos Cargos - balaguergutierrez.es\" \/>\n<meta property=\"og:description\" content=\"Protege a directivos y administradores con el seguro D&amp;O de Balaguer &amp; Guti\u00e9rrez. Cobertura ante reclamaciones por decisiones empresariales y gastos legales.\" \/>\n<meta property=\"og:url\" content=\"https:\/\/balaguergutierrez.es\/index.php\/responsabilidad-civil-administradores-y-altos-cargos\/\" \/>\n<meta property=\"og:site_name\" content=\"balaguergutierrez.es\" \/>\n<meta property=\"article:publisher\" content=\"https:\/\/www.facebook.com\/balaguergutierrezcs\/\" \/>\n<meta property=\"article:modified_time\" content=\"2025-03-03T19:51:28+00:00\" \/>\n<meta property=\"og:image\" content=\"https:\/\/balaguergutierrez.es\/wp-content\/uploads\/2024\/12\/rc-dyo.jpg\" \/>\n\t<meta property=\"og:image:width\" content=\"700\" \/>\n\t<meta property=\"og:image:height\" content=\"200\" \/>\n\t<meta property=\"og:image:type\" content=\"image\/jpeg\" \/>\n<meta name=\"twitter:label1\" content=\"Tiempo de lectura\" \/>\n\t<meta name=\"twitter:data1\" content=\"3 minutos\" \/>\n<script type=\"application\/ld+json\" class=\"yoast-schema-graph\">{\"@context\":\"https:\\\/\\\/schema.org\",\"@graph\":[{\"@type\":\"WebPage\",\"@id\":\"https:\\\/\\\/balaguergutierrez.es\\\/index.php\\\/responsabilidad-civil-administradores-y-altos-cargos\\\/\",\"url\":\"https:\\\/\\\/balaguergutierrez.es\\\/index.php\\\/responsabilidad-civil-administradores-y-altos-cargos\\\/\",\"name\":\"Responsabilidad Civil Administradores y Altos Cargos - balaguergutierrez.es\",\"isPartOf\":{\"@id\":\"https:\\\/\\\/balaguergutierrez.es\\\/#website\"},\"primaryImageOfPage\":{\"@id\":\"https:\\\/\\\/balaguergutierrez.es\\\/index.php\\\/responsabilidad-civil-administradores-y-altos-cargos\\\/#primaryimage\"},\"image\":{\"@id\":\"https:\\\/\\\/balaguergutierrez.es\\\/index.php\\\/responsabilidad-civil-administradores-y-altos-cargos\\\/#primaryimage\"},\"thumbnailUrl\":\"https:\\\/\\\/balaguergutierrez.es\\\/wp-content\\\/uploads\\\/2024\\\/12\\\/rc-dyo.jpg\",\"datePublished\":\"2024-02-18T17:39:45+00:00\",\"dateModified\":\"2025-03-03T19:51:28+00:00\",\"description\":\"Protege a directivos y administradores con el seguro D&O de Balaguer & Guti\u00e9rrez. Cobertura ante reclamaciones por decisiones empresariales y gastos legales.\",\"breadcrumb\":{\"@id\":\"https:\\\/\\\/balaguergutierrez.es\\\/index.php\\\/responsabilidad-civil-administradores-y-altos-cargos\\\/#breadcrumb\"},\"inLanguage\":\"es\",\"potentialAction\":[{\"@type\":\"ReadAction\",\"target\":[\"https:\\\/\\\/balaguergutierrez.es\\\/index.php\\\/responsabilidad-civil-administradores-y-altos-cargos\\\/\"]}]},{\"@type\":\"ImageObject\",\"inLanguage\":\"es\",\"@id\":\"https:\\\/\\\/balaguergutierrez.es\\\/index.php\\\/responsabilidad-civil-administradores-y-altos-cargos\\\/#primaryimage\",\"url\":\"https:\\\/\\\/balaguergutierrez.es\\\/wp-content\\\/uploads\\\/2024\\\/12\\\/rc-dyo.jpg\",\"contentUrl\":\"https:\\\/\\\/balaguergutierrez.es\\\/wp-content\\\/uploads\\\/2024\\\/12\\\/rc-dyo.jpg\",\"width\":700,\"height\":200},{\"@type\":\"BreadcrumbList\",\"@id\":\"https:\\\/\\\/balaguergutierrez.es\\\/index.php\\\/responsabilidad-civil-administradores-y-altos-cargos\\\/#breadcrumb\",\"itemListElement\":[{\"@type\":\"ListItem\",\"position\":1,\"name\":\"Portada\",\"item\":\"https:\\\/\\\/balaguergutierrez.es\\\/\"},{\"@type\":\"ListItem\",\"position\":2,\"name\":\"Responsabilidad Civil Administradores y Altos Cargos\"}]},{\"@type\":\"WebSite\",\"@id\":\"https:\\\/\\\/balaguergutierrez.es\\\/#website\",\"url\":\"https:\\\/\\\/balaguergutierrez.es\\\/\",\"name\":\"Balaguer & Guti\u00e9rrez, Corredur\u00eda de Seguros\",\"description\":\"Aseguramos lo que de verdad importa\",\"publisher\":{\"@id\":\"https:\\\/\\\/balaguergutierrez.es\\\/#organization\"},\"potentialAction\":[{\"@type\":\"SearchAction\",\"target\":{\"@type\":\"EntryPoint\",\"urlTemplate\":\"https:\\\/\\\/balaguergutierrez.es\\\/?s={search_term_string}\"},\"query-input\":{\"@type\":\"PropertyValueSpecification\",\"valueRequired\":true,\"valueName\":\"search_term_string\"}}],\"inLanguage\":\"es\"},{\"@type\":\"Organization\",\"@id\":\"https:\\\/\\\/balaguergutierrez.es\\\/#organization\",\"name\":\"Balaguer & Guti\u00e9rrez SL\",\"url\":\"https:\\\/\\\/balaguergutierrez.es\\\/\",\"logo\":{\"@type\":\"ImageObject\",\"inLanguage\":\"es\",\"@id\":\"https:\\\/\\\/balaguergutierrez.es\\\/#\\\/schema\\\/logo\\\/image\\\/\",\"url\":\"https:\\\/\\\/balaguergutierrez.es\\\/wp-content\\\/uploads\\\/2023\\\/03\\\/bg2014-Personalizado-1.png\",\"contentUrl\":\"https:\\\/\\\/balaguergutierrez.es\\\/wp-content\\\/uploads\\\/2023\\\/03\\\/bg2014-Personalizado-1.png\",\"width\":300,\"height\":56,\"caption\":\"Balaguer & Guti\u00e9rrez SL\"},\"image\":{\"@id\":\"https:\\\/\\\/balaguergutierrez.es\\\/#\\\/schema\\\/logo\\\/image\\\/\"},\"sameAs\":[\"https:\\\/\\\/www.facebook.com\\\/balaguergutierrezcs\\\/\",\"https:\\\/\\\/www.instagram.com\\\/balaguergutierrezsl\\\/\"]}]}<\/script>\n<!-- \/ Yoast SEO plugin. -->","yoast_head_json":{"title":"Responsabilidad Civil Administradores y Altos Cargos - balaguergutierrez.es","description":"Protege a directivos y administradores con el seguro D&O de Balaguer & Guti\u00e9rrez. Cobertura ante reclamaciones por decisiones empresariales y gastos legales.","robots":{"index":"index","follow":"follow","max-snippet":"max-snippet:-1","max-image-preview":"max-image-preview:large","max-video-preview":"max-video-preview:-1"},"canonical":"https:\/\/balaguergutierrez.es\/index.php\/responsabilidad-civil-administradores-y-altos-cargos\/","og_locale":"es_ES","og_type":"article","og_title":"Responsabilidad Civil Administradores y Altos Cargos - balaguergutierrez.es","og_description":"Protege a directivos y administradores con el seguro D&O de Balaguer & Guti\u00e9rrez. Cobertura ante reclamaciones por decisiones empresariales y gastos legales.","og_url":"https:\/\/balaguergutierrez.es\/index.php\/responsabilidad-civil-administradores-y-altos-cargos\/","og_site_name":"balaguergutierrez.es","article_publisher":"https:\/\/www.facebook.com\/balaguergutierrezcs\/","article_modified_time":"2025-03-03T19:51:28+00:00","og_image":[{"width":700,"height":200,"url":"https:\/\/balaguergutierrez.es\/wp-content\/uploads\/2024\/12\/rc-dyo.jpg","type":"image\/jpeg"}],"twitter_misc":{"Tiempo de lectura":"3 minutos"},"schema":{"@context":"https:\/\/schema.org","@graph":[{"@type":"WebPage","@id":"https:\/\/balaguergutierrez.es\/index.php\/responsabilidad-civil-administradores-y-altos-cargos\/","url":"https:\/\/balaguergutierrez.es\/index.php\/responsabilidad-civil-administradores-y-altos-cargos\/","name":"Responsabilidad Civil Administradores y Altos Cargos - balaguergutierrez.es","isPartOf":{"@id":"https:\/\/balaguergutierrez.es\/#website"},"primaryImageOfPage":{"@id":"https:\/\/balaguergutierrez.es\/index.php\/responsabilidad-civil-administradores-y-altos-cargos\/#primaryimage"},"image":{"@id":"https:\/\/balaguergutierrez.es\/index.php\/responsabilidad-civil-administradores-y-altos-cargos\/#primaryimage"},"thumbnailUrl":"https:\/\/balaguergutierrez.es\/wp-content\/uploads\/2024\/12\/rc-dyo.jpg","datePublished":"2024-02-18T17:39:45+00:00","dateModified":"2025-03-03T19:51:28+00:00","description":"Protege a directivos y administradores con el seguro D&O de Balaguer & Guti\u00e9rrez. Cobertura ante reclamaciones por decisiones empresariales y gastos legales.","breadcrumb":{"@id":"https:\/\/balaguergutierrez.es\/index.php\/responsabilidad-civil-administradores-y-altos-cargos\/#breadcrumb"},"inLanguage":"es","potentialAction":[{"@type":"ReadAction","target":["https:\/\/balaguergutierrez.es\/index.php\/responsabilidad-civil-administradores-y-altos-cargos\/"]}]},{"@type":"ImageObject","inLanguage":"es","@id":"https:\/\/balaguergutierrez.es\/index.php\/responsabilidad-civil-administradores-y-altos-cargos\/#primaryimage","url":"https:\/\/balaguergutierrez.es\/wp-content\/uploads\/2024\/12\/rc-dyo.jpg","contentUrl":"https:\/\/balaguergutierrez.es\/wp-content\/uploads\/2024\/12\/rc-dyo.jpg","width":700,"height":200},{"@type":"BreadcrumbList","@id":"https:\/\/balaguergutierrez.es\/index.php\/responsabilidad-civil-administradores-y-altos-cargos\/#breadcrumb","itemListElement":[{"@type":"ListItem","position":1,"name":"Portada","item":"https:\/\/balaguergutierrez.es\/"},{"@type":"ListItem","position":2,"name":"Responsabilidad Civil Administradores y Altos Cargos"}]},{"@type":"WebSite","@id":"https:\/\/balaguergutierrez.es\/#website","url":"https:\/\/balaguergutierrez.es\/","name":"Balaguer & Guti\u00e9rrez, Corredur\u00eda de Seguros","description":"Aseguramos lo que de verdad importa","publisher":{"@id":"https:\/\/balaguergutierrez.es\/#organization"},"potentialAction":[{"@type":"SearchAction","target":{"@type":"EntryPoint","urlTemplate":"https:\/\/balaguergutierrez.es\/?s={search_term_string}"},"query-input":{"@type":"PropertyValueSpecification","valueRequired":true,"valueName":"search_term_string"}}],"inLanguage":"es"},{"@type":"Organization","@id":"https:\/\/balaguergutierrez.es\/#organization","name":"Balaguer & Guti\u00e9rrez SL","url":"https:\/\/balaguergutierrez.es\/","logo":{"@type":"ImageObject","inLanguage":"es","@id":"https:\/\/balaguergutierrez.es\/#\/schema\/logo\/image\/","url":"https:\/\/balaguergutierrez.es\/wp-content\/uploads\/2023\/03\/bg2014-Personalizado-1.png","contentUrl":"https:\/\/balaguergutierrez.es\/wp-content\/uploads\/2023\/03\/bg2014-Personalizado-1.png","width":300,"height":56,"caption":"Balaguer & Guti\u00e9rrez SL"},"image":{"@id":"https:\/\/balaguergutierrez.es\/#\/schema\/logo\/image\/"},"sameAs":["https:\/\/www.facebook.com\/balaguergutierrezcs\/","https:\/\/www.instagram.com\/balaguergutierrezsl\/"]}]}},"_links":{"self":[{"href":"https:\/\/balaguergutierrez.es\/index.php\/wp-json\/wp\/v2\/pages\/590","targetHints":{"allow":["GET"]}}],"collection":[{"href":"https:\/\/balaguergutierrez.es\/index.php\/wp-json\/wp\/v2\/pages"}],"about":[{"href":"https:\/\/balaguergutierrez.es\/index.php\/wp-json\/wp\/v2\/types\/page"}],"author":[{"embeddable":true,"href":"https:\/\/balaguergutierrez.es\/index.php\/wp-json\/wp\/v2\/users\/1"}],"replies":[{"embeddable":true,"href":"https:\/\/balaguergutierrez.es\/index.php\/wp-json\/wp\/v2\/comments?post=590"}],"version-history":[{"count":3,"href":"https:\/\/balaguergutierrez.es\/index.php\/wp-json\/wp\/v2\/pages\/590\/revisions"}],"predecessor-version":[{"id":1042,"href":"https:\/\/balaguergutierrez.es\/index.php\/wp-json\/wp\/v2\/pages\/590\/revisions\/1042"}],"wp:featuredmedia":[{"embeddable":true,"href":"https:\/\/balaguergutierrez.es\/index.php\/wp-json\/wp\/v2\/media\/911"}],"wp:attachment":[{"href":"https:\/\/balaguergutierrez.es\/index.php\/wp-json\/wp\/v2\/media?parent=590"}],"curies":[{"name":"wp","href":"https:\/\/api.w.org\/{rel}","templated":true}]}}