{"id":608,"date":"2024-02-18T18:09:40","date_gmt":"2024-02-18T18:09:40","guid":{"rendered":"https:\/\/brave-visvesvaraya.82-223-114-116.plesk.page\/?page_id=608"},"modified":"2025-03-03T20:54:47","modified_gmt":"2025-03-03T19:54:47","slug":"seguro-de-accidentes","status":"publish","type":"page","link":"https:\/\/balaguergutierrez.es\/index.php\/seguro-de-accidentes\/","title":{"rendered":"Seguro de Accidentes"},"content":{"rendered":"<figure class=\"wp-block-post-featured-image\"><img loading=\"lazy\" decoding=\"async\" width=\"700\" height=\"200\" src=\"https:\/\/balaguergutierrez.es\/wp-content\/uploads\/2024\/02\/vidayaccidente.jpg\" class=\"attachment-post-thumbnail size-post-thumbnail wp-post-image\" alt=\"Familia feliz y despreocupada pues tienen un seguro de vida\" style=\"object-fit:cover;\" srcset=\"https:\/\/balaguergutierrez.es\/wp-content\/uploads\/2024\/02\/vidayaccidente.jpg 700w, https:\/\/balaguergutierrez.es\/wp-content\/uploads\/2024\/02\/vidayaccidente-300x86.jpg 300w\" sizes=\"auto, (max-width: 700px) 100vw, 700px\" \/><\/figure>\n\n\n<div style=\"height:50px\" aria-hidden=\"true\" class=\"wp-block-spacer\"><\/div>\n\n\n\n<h2 class=\"wp-block-heading\"><strong>Seguro de Accidentes: Tu tranquilidad ante cualquier imprevisto<\/strong><\/h2>\n\n\n\n<p>En <strong><span style=\"color: red;\">Balaguer &amp; Guti\u00e9rrez<\/span><\/strong>, sabemos que los accidentes pueden ocurrir en cualquier momento, afectando tu vida personal, laboral y econ\u00f3mica. Nuestro seguro de accidentes est\u00e1 dise\u00f1ado para ofrecerte protecci\u00f3n completa frente a situaciones inesperadas, garantizando estabilidad y tranquilidad.<\/p>\n\n\n\n<p>Como aut\u00f3nomo, tu actividad es tu principal fuente de ingresos, y cualquier incidente que te impida trabajar puede impactar directamente en tu econom\u00eda personal y familiar. Con nuestro seguro de accidentes, estar\u00e1s cubierto ante riesgos laborales y personales, asegurando tu tranquilidad y la de los tuyos.<\/p>\n\n\n\n<h3 class=\"wp-block-heading\">Coberturas principales:<\/h3>\n\n\n\n<ul class=\"wp-block-list\">\n<li><strong>Indemnizaci\u00f3n por incapacidad temporal o permanente<\/strong>.<\/li>\n\n\n\n<li><strong>Gastos m\u00e9dicos y hospitalarios<\/strong>.<\/li>\n\n\n\n<li><strong>Cobertura por accidentes laborales y personales<\/strong>.<\/li>\n\n\n\n<li><strong>Capital adicional en caso de accidentes graves o de circulaci\u00f3n<\/strong>.<\/li>\n\n\n\n<li><strong>Asistencia 24\/7 para cualquier emergencia<\/strong>.<\/li>\n<\/ul>\n\n\n\n<p><strong><span style=\"color: red;\">Prot\u00e9gete hoy y aseg\u00farate un ma\u00f1ana tranquilo.<\/span><\/strong> En <strong><span style=\"color: red;\">Balaguer &amp; Guti\u00e9rrez<\/span><\/strong>, te ayudamos a elegir la cobertura que mejor se adapte a tus necesidades, especialmente si eres aut\u00f3nomo.<\/p>\n\n\n\n<hr class=\"wp-block-separator has-text-color has-vivid-red-color has-alpha-channel-opacity has-vivid-red-background-color has-background is-style-wide\"\/>\n\n\n\n<div class=\"wp-block-buttons is-content-justification-center is-layout-flex wp-container-core-buttons-is-layout-16018d1d wp-block-buttons-is-layout-flex\">\n<div class=\"wp-block-button\"><a class=\"wp-block-button__link has-white-color has-vivid-red-background-color has-text-color has-background has-link-color wp-element-button\" href=\"https:\/\/forms.office.com\/e\/w03vHwWCXj\" target=\"_blank\" rel=\" noreferrer noopener nofollow\">Solicite su Presupuesto<\/a><\/div>\n<\/div>\n\n\n\n<hr class=\"wp-block-separator has-text-color has-vivid-red-color has-alpha-channel-opacity has-vivid-red-background-color has-background is-style-wide\"\/>\n\n\n<ul class=\"wp-block-latest-posts__list is-grid columns-3 has-dates wp-block-latest-posts\"><li><div class=\"wp-block-latest-posts__featured-image aligncenter\"><img loading=\"lazy\" decoding=\"async\" width=\"150\" height=\"150\" src=\"https:\/\/balaguergutierrez.es\/wp-content\/uploads\/2026\/03\/seguro-vida-socios-empresa-baleares-2026-150x150.webp\" class=\"attachment-thumbnail size-thumbnail wp-post-image\" alt=\"socios de empresa reunidos revisando acuerdo empresarial en oficina de Palma de Mallorca\" style=\"\" srcset=\"https:\/\/balaguergutierrez.es\/wp-content\/uploads\/2026\/03\/seguro-vida-socios-empresa-baleares-2026-150x150.webp 150w, https:\/\/balaguergutierrez.es\/wp-content\/uploads\/2026\/03\/seguro-vida-socios-empresa-baleares-2026-230x230.webp 230w, https:\/\/balaguergutierrez.es\/wp-content\/uploads\/2026\/03\/seguro-vida-socios-empresa-baleares-2026-365x365.webp 365w\" sizes=\"auto, (max-width: 150px) 100vw, 150px\" \/><\/div><a class=\"wp-block-latest-posts__post-title\" href=\"https:\/\/balaguergutierrez.es\/index.php\/2026\/03\/20\/seguro-vida-socios-baleares\/\">Seguro de vida entre socios: la clave para garantizar la continuidad de tu empresa<\/a><time datetime=\"2026-03-20T12:00:00+01:00\" class=\"wp-block-latest-posts__post-date\">20 de marzo de 2026<\/time><div class=\"wp-block-latest-posts__post-excerpt\">Cuando un socio falta, el problema no es solo personal: tambi\u00e9n es empresarialEn nuestro Pa\u00eds, existen miles de peque\u00f1as empresas y negocios familiares donde dos<\/div><\/li>\n<li><div class=\"wp-block-latest-posts__featured-image aligncenter\"><img loading=\"lazy\" decoding=\"async\" width=\"150\" height=\"150\" src=\"https:\/\/balaguergutierrez.es\/wp-content\/uploads\/2026\/03\/ciberseguro-empresas-baleares-2026-150x150.webp\" class=\"attachment-thumbnail size-thumbnail wp-post-image\" alt=\"Profesional trabajando en ordenador con alerta de ciberseguridad en oficina de Palma\" style=\"\" srcset=\"https:\/\/balaguergutierrez.es\/wp-content\/uploads\/2026\/03\/ciberseguro-empresas-baleares-2026-150x150.webp 150w, https:\/\/balaguergutierrez.es\/wp-content\/uploads\/2026\/03\/ciberseguro-empresas-baleares-2026-230x230.webp 230w, https:\/\/balaguergutierrez.es\/wp-content\/uploads\/2026\/03\/ciberseguro-empresas-baleares-2026-365x365.webp 365w\" sizes=\"auto, (max-width: 150px) 100vw, 150px\" \/><\/div><a class=\"wp-block-latest-posts__post-title\" href=\"https:\/\/balaguergutierrez.es\/index.php\/2026\/03\/13\/ciberseguro-baleares-empresas\/\">Ciberataques: el riesgo silencioso que ya amenaza a aut\u00f3nomos y pymes<\/a><time datetime=\"2026-03-13T12:00:00+01:00\" class=\"wp-block-latest-posts__post-date\">13 de marzo de 2026<\/time><div class=\"wp-block-latest-posts__post-excerpt\">Una nueva realidad para empresas y profesionales. La digitalizaci\u00f3n ha cambiado la forma de trabajar en toda Espa\u00f1a. Facturaci\u00f3n online, reservas por internet, bases de<\/div><\/li>\n<li><div class=\"wp-block-latest-posts__featured-image aligncenter\"><img loading=\"lazy\" decoding=\"async\" width=\"150\" height=\"150\" src=\"https:\/\/balaguergutierrez.es\/wp-content\/uploads\/2026\/02\/seguro-baja-laboral-baleares-2026-150x150.webp\" class=\"attachment-thumbnail size-thumbnail wp-post-image\" alt=\"Profesional aut\u00f3nomo recuper\u00e1ndose en casa en Palma\" style=\"\" srcset=\"https:\/\/balaguergutierrez.es\/wp-content\/uploads\/2026\/02\/seguro-baja-laboral-baleares-2026-150x150.webp 150w, https:\/\/balaguergutierrez.es\/wp-content\/uploads\/2026\/02\/seguro-baja-laboral-baleares-2026-230x230.webp 230w, https:\/\/balaguergutierrez.es\/wp-content\/uploads\/2026\/02\/seguro-baja-laboral-baleares-2026-365x365.webp 365w\" sizes=\"auto, (max-width: 150px) 100vw, 150px\" \/><\/div><a class=\"wp-block-latest-posts__post-title\" href=\"https:\/\/balaguergutierrez.es\/index.php\/2026\/02\/04\/seguro-baja-laboral-accidentes-baleares\/\">Baja laboral y accidentes: c\u00f3mo proteger tus ingresos cuando no puedes trabajar<\/a><time datetime=\"2026-02-04T12:00:00+01:00\" class=\"wp-block-latest-posts__post-date\">4 de febrero de 2026<\/time><div class=\"wp-block-latest-posts__post-excerpt\">Cada vez m\u00e1s personas viven de su actividad diaria: aut\u00f3nomos, peque\u00f1os empresarios, profesionales liberales y trabajadores clave en pymes. Y hay una realidad inc\u00f3moda que<\/div><\/li>\n<li><div class=\"wp-block-latest-posts__featured-image aligncenter\"><img loading=\"lazy\" decoding=\"async\" width=\"150\" height=\"150\" src=\"https:\/\/balaguergutierrez.es\/wp-content\/uploads\/2026\/01\/250804-BALAGUER-GUTIERREZ_MEME-RRSS-V2-150x150.webp\" class=\"attachment-thumbnail size-thumbnail wp-post-image\" alt=\"\u00danico n\u00famero de contacto (+34 971 451 651) y App de cliente de Balaguer &amp; Guti\u00e9rrez en Palma de Mallorca\" style=\"\" srcset=\"https:\/\/balaguergutierrez.es\/wp-content\/uploads\/2026\/01\/250804-BALAGUER-GUTIERREZ_MEME-RRSS-V2-150x150.webp 150w, https:\/\/balaguergutierrez.es\/wp-content\/uploads\/2026\/01\/250804-BALAGUER-GUTIERREZ_MEME-RRSS-V2-300x300.webp 300w, https:\/\/balaguergutierrez.es\/wp-content\/uploads\/2026\/01\/250804-BALAGUER-GUTIERREZ_MEME-RRSS-V2-230x230.webp 230w, https:\/\/balaguergutierrez.es\/wp-content\/uploads\/2026\/01\/250804-BALAGUER-GUTIERREZ_MEME-RRSS-V2-365x365.webp 365w, https:\/\/balaguergutierrez.es\/wp-content\/uploads\/2026\/01\/250804-BALAGUER-GUTIERREZ_MEME-RRSS-V2.webp 600w\" sizes=\"auto, (max-width: 150px) 100vw, 150px\" \/><\/div><a class=\"wp-block-latest-posts__post-title\" href=\"https:\/\/balaguergutierrez.es\/index.php\/2026\/01\/29\/unico-numero-whatsapp-fijo-app-cliente\/\">Un \u00fanico n\u00famero para llamadas y WhatsApp (+34 971 451 651) y nuestra nueva App de cliente<\/a><time datetime=\"2026-01-29T12:00:00+01:00\" class=\"wp-block-latest-posts__post-date\">29 de enero de 2026<\/time><div class=\"wp-block-latest-posts__post-excerpt\">A partir del 1 de febrero de 2026, simplificamos tu forma de contactarnos: el \u00fanico n\u00famero de Balaguer &amp; Guti\u00e9rrez (llamadas y WhatsApp) es +34<\/div><\/li>\n<li><div class=\"wp-block-latest-posts__featured-image aligncenter\"><img loading=\"lazy\" decoding=\"async\" width=\"150\" height=\"150\" src=\"https:\/\/balaguergutierrez.es\/wp-content\/uploads\/2025\/12\/seguro-vida-socios-buy-sell-2025-150x150.webp\" class=\"attachment-thumbnail size-thumbnail wp-post-image\" alt=\"Socios de una pyme firmando pacto de compra\u2011venta con Corredor de Seguros\" style=\"\" srcset=\"https:\/\/balaguergutierrez.es\/wp-content\/uploads\/2025\/12\/seguro-vida-socios-buy-sell-2025-150x150.webp 150w, https:\/\/balaguergutierrez.es\/wp-content\/uploads\/2025\/12\/seguro-vida-socios-buy-sell-2025-230x230.webp 230w, https:\/\/balaguergutierrez.es\/wp-content\/uploads\/2025\/12\/seguro-vida-socios-buy-sell-2025-365x365.webp 365w\" sizes=\"auto, (max-width: 150px) 100vw, 150px\" \/><\/div><a class=\"wp-block-latest-posts__post-title\" href=\"https:\/\/balaguergutierrez.es\/index.php\/2025\/12\/19\/seguro-vida-socios-buy-sell\/\">Seguro de vida de socios (buy\u2011sell): continuidad real para aut\u00f3nomos y pymes<\/a><time datetime=\"2025-12-19T12:00:00+01:00\" class=\"wp-block-latest-posts__post-date\">19 de diciembre de 2025<\/time><div class=\"wp-block-latest-posts__post-excerpt\">En Espa\u00f1a hay miles de negocios sostenidos por dos o tres socios. Cuando todo va bien, la empresa respira como una vela al sol. Pero<\/div><\/li>\n<\/ul>","protected":false},"excerpt":{"rendered":"<p>Seguro de Accidentes: Tu tranquilidad ante cualquier imprevisto En Balaguer &amp; Guti\u00e9rrez, sabemos que los accidentes pueden ocurrir en cualquier momento, afectando tu vida personal, laboral y econ\u00f3mica. Nuestro seguro de accidentes est\u00e1 dise\u00f1ado para ofrecerte protecci\u00f3n completa frente a<\/p>\n","protected":false},"author":1,"featured_media":512,"parent":0,"menu_order":0,"comment_status":"closed","ping_status":"closed","template":"","meta":{"footnotes":""},"class_list":["post-608","page","type-page","status-publish","has-post-thumbnail","hentry","","tg-column-third"],"yoast_head":"<!-- This site is optimized with the Yoast SEO plugin v27.4 - https:\/\/yoast.com\/product\/yoast-seo-wordpress\/ -->\n<title>Seguro de Accidentes - balaguergutierrez.es<\/title>\n<meta name=\"description\" content=\"Protege tu tranquilidad con el seguro de accidentes de Balaguer &amp; Guti\u00e9rrez. Coberturas completas para aut\u00f3nomos y particulares: incapacidad, gastos m\u00e9dicos y m\u00e1s.\" \/>\n<meta name=\"robots\" content=\"index, follow, max-snippet:-1, max-image-preview:large, max-video-preview:-1\" \/>\n<link rel=\"canonical\" href=\"https:\/\/balaguergutierrez.es\/index.php\/seguro-de-accidentes\/\" \/>\n<meta property=\"og:locale\" content=\"es_ES\" \/>\n<meta property=\"og:type\" content=\"article\" \/>\n<meta property=\"og:title\" content=\"Seguro de Accidentes - balaguergutierrez.es\" \/>\n<meta property=\"og:description\" content=\"Protege tu tranquilidad con el seguro de accidentes de Balaguer &amp; Guti\u00e9rrez. Coberturas completas para aut\u00f3nomos y particulares: incapacidad, gastos m\u00e9dicos y m\u00e1s.\" \/>\n<meta property=\"og:url\" content=\"https:\/\/balaguergutierrez.es\/index.php\/seguro-de-accidentes\/\" \/>\n<meta property=\"og:site_name\" content=\"balaguergutierrez.es\" \/>\n<meta property=\"article:publisher\" content=\"https:\/\/www.facebook.com\/balaguergutierrezcs\/\" \/>\n<meta property=\"article:modified_time\" content=\"2025-03-03T19:54:47+00:00\" \/>\n<meta property=\"og:image\" content=\"https:\/\/balaguergutierrez.es\/wp-content\/uploads\/2024\/02\/vidayaccidente.jpg\" \/>\n\t<meta property=\"og:image:width\" content=\"700\" \/>\n\t<meta property=\"og:image:height\" content=\"200\" \/>\n\t<meta property=\"og:image:type\" content=\"image\/jpeg\" \/>\n<meta name=\"twitter:label1\" content=\"Tiempo de lectura\" \/>\n\t<meta name=\"twitter:data1\" content=\"1 minuto\" \/>\n<script type=\"application\/ld+json\" class=\"yoast-schema-graph\">{\"@context\":\"https:\\\/\\\/schema.org\",\"@graph\":[{\"@type\":\"WebPage\",\"@id\":\"https:\\\/\\\/balaguergutierrez.es\\\/index.php\\\/seguro-de-accidentes\\\/\",\"url\":\"https:\\\/\\\/balaguergutierrez.es\\\/index.php\\\/seguro-de-accidentes\\\/\",\"name\":\"Seguro de Accidentes - balaguergutierrez.es\",\"isPartOf\":{\"@id\":\"https:\\\/\\\/balaguergutierrez.es\\\/#website\"},\"primaryImageOfPage\":{\"@id\":\"https:\\\/\\\/balaguergutierrez.es\\\/index.php\\\/seguro-de-accidentes\\\/#primaryimage\"},\"image\":{\"@id\":\"https:\\\/\\\/balaguergutierrez.es\\\/index.php\\\/seguro-de-accidentes\\\/#primaryimage\"},\"thumbnailUrl\":\"https:\\\/\\\/balaguergutierrez.es\\\/wp-content\\\/uploads\\\/2024\\\/02\\\/vidayaccidente.jpg\",\"datePublished\":\"2024-02-18T18:09:40+00:00\",\"dateModified\":\"2025-03-03T19:54:47+00:00\",\"description\":\"Protege tu tranquilidad con el seguro de accidentes de Balaguer & Guti\u00e9rrez. Coberturas completas para aut\u00f3nomos y particulares: incapacidad, gastos m\u00e9dicos y m\u00e1s.\",\"breadcrumb\":{\"@id\":\"https:\\\/\\\/balaguergutierrez.es\\\/index.php\\\/seguro-de-accidentes\\\/#breadcrumb\"},\"inLanguage\":\"es\",\"potentialAction\":[{\"@type\":\"ReadAction\",\"target\":[\"https:\\\/\\\/balaguergutierrez.es\\\/index.php\\\/seguro-de-accidentes\\\/\"]}]},{\"@type\":\"ImageObject\",\"inLanguage\":\"es\",\"@id\":\"https:\\\/\\\/balaguergutierrez.es\\\/index.php\\\/seguro-de-accidentes\\\/#primaryimage\",\"url\":\"https:\\\/\\\/balaguergutierrez.es\\\/wp-content\\\/uploads\\\/2024\\\/02\\\/vidayaccidente.jpg\",\"contentUrl\":\"https:\\\/\\\/balaguergutierrez.es\\\/wp-content\\\/uploads\\\/2024\\\/02\\\/vidayaccidente.jpg\",\"width\":700,\"height\":200,\"caption\":\"Familia feliz y despreocupada pues tienen un seguro de vida\"},{\"@type\":\"BreadcrumbList\",\"@id\":\"https:\\\/\\\/balaguergutierrez.es\\\/index.php\\\/seguro-de-accidentes\\\/#breadcrumb\",\"itemListElement\":[{\"@type\":\"ListItem\",\"position\":1,\"name\":\"Portada\",\"item\":\"https:\\\/\\\/balaguergutierrez.es\\\/\"},{\"@type\":\"ListItem\",\"position\":2,\"name\":\"Seguro de Accidentes\"}]},{\"@type\":\"WebSite\",\"@id\":\"https:\\\/\\\/balaguergutierrez.es\\\/#website\",\"url\":\"https:\\\/\\\/balaguergutierrez.es\\\/\",\"name\":\"Balaguer & Guti\u00e9rrez, Corredur\u00eda de Seguros\",\"description\":\"Aseguramos lo que de verdad importa\",\"publisher\":{\"@id\":\"https:\\\/\\\/balaguergutierrez.es\\\/#organization\"},\"potentialAction\":[{\"@type\":\"SearchAction\",\"target\":{\"@type\":\"EntryPoint\",\"urlTemplate\":\"https:\\\/\\\/balaguergutierrez.es\\\/?s={search_term_string}\"},\"query-input\":{\"@type\":\"PropertyValueSpecification\",\"valueRequired\":true,\"valueName\":\"search_term_string\"}}],\"inLanguage\":\"es\"},{\"@type\":\"Organization\",\"@id\":\"https:\\\/\\\/balaguergutierrez.es\\\/#organization\",\"name\":\"Balaguer & Guti\u00e9rrez SL\",\"url\":\"https:\\\/\\\/balaguergutierrez.es\\\/\",\"logo\":{\"@type\":\"ImageObject\",\"inLanguage\":\"es\",\"@id\":\"https:\\\/\\\/balaguergutierrez.es\\\/#\\\/schema\\\/logo\\\/image\\\/\",\"url\":\"https:\\\/\\\/balaguergutierrez.es\\\/wp-content\\\/uploads\\\/2023\\\/03\\\/bg2014-Personalizado-1.png\",\"contentUrl\":\"https:\\\/\\\/balaguergutierrez.es\\\/wp-content\\\/uploads\\\/2023\\\/03\\\/bg2014-Personalizado-1.png\",\"width\":300,\"height\":56,\"caption\":\"Balaguer & Guti\u00e9rrez SL\"},\"image\":{\"@id\":\"https:\\\/\\\/balaguergutierrez.es\\\/#\\\/schema\\\/logo\\\/image\\\/\"},\"sameAs\":[\"https:\\\/\\\/www.facebook.com\\\/balaguergutierrezcs\\\/\",\"https:\\\/\\\/www.instagram.com\\\/balaguergutierrezsl\\\/\"]}]}<\/script>\n<!-- \/ Yoast SEO plugin. -->","yoast_head_json":{"title":"Seguro de Accidentes - balaguergutierrez.es","description":"Protege tu tranquilidad con el seguro de accidentes de Balaguer & Guti\u00e9rrez. Coberturas completas para aut\u00f3nomos y particulares: incapacidad, gastos m\u00e9dicos y m\u00e1s.","robots":{"index":"index","follow":"follow","max-snippet":"max-snippet:-1","max-image-preview":"max-image-preview:large","max-video-preview":"max-video-preview:-1"},"canonical":"https:\/\/balaguergutierrez.es\/index.php\/seguro-de-accidentes\/","og_locale":"es_ES","og_type":"article","og_title":"Seguro de Accidentes - balaguergutierrez.es","og_description":"Protege tu tranquilidad con el seguro de accidentes de Balaguer & Guti\u00e9rrez. Coberturas completas para aut\u00f3nomos y particulares: incapacidad, gastos m\u00e9dicos y m\u00e1s.","og_url":"https:\/\/balaguergutierrez.es\/index.php\/seguro-de-accidentes\/","og_site_name":"balaguergutierrez.es","article_publisher":"https:\/\/www.facebook.com\/balaguergutierrezcs\/","article_modified_time":"2025-03-03T19:54:47+00:00","og_image":[{"width":700,"height":200,"url":"https:\/\/balaguergutierrez.es\/wp-content\/uploads\/2024\/02\/vidayaccidente.jpg","type":"image\/jpeg"}],"twitter_misc":{"Tiempo de lectura":"1 minuto"},"schema":{"@context":"https:\/\/schema.org","@graph":[{"@type":"WebPage","@id":"https:\/\/balaguergutierrez.es\/index.php\/seguro-de-accidentes\/","url":"https:\/\/balaguergutierrez.es\/index.php\/seguro-de-accidentes\/","name":"Seguro de Accidentes - balaguergutierrez.es","isPartOf":{"@id":"https:\/\/balaguergutierrez.es\/#website"},"primaryImageOfPage":{"@id":"https:\/\/balaguergutierrez.es\/index.php\/seguro-de-accidentes\/#primaryimage"},"image":{"@id":"https:\/\/balaguergutierrez.es\/index.php\/seguro-de-accidentes\/#primaryimage"},"thumbnailUrl":"https:\/\/balaguergutierrez.es\/wp-content\/uploads\/2024\/02\/vidayaccidente.jpg","datePublished":"2024-02-18T18:09:40+00:00","dateModified":"2025-03-03T19:54:47+00:00","description":"Protege tu tranquilidad con el seguro de accidentes de Balaguer & Guti\u00e9rrez. Coberturas completas para aut\u00f3nomos y particulares: incapacidad, gastos m\u00e9dicos y m\u00e1s.","breadcrumb":{"@id":"https:\/\/balaguergutierrez.es\/index.php\/seguro-de-accidentes\/#breadcrumb"},"inLanguage":"es","potentialAction":[{"@type":"ReadAction","target":["https:\/\/balaguergutierrez.es\/index.php\/seguro-de-accidentes\/"]}]},{"@type":"ImageObject","inLanguage":"es","@id":"https:\/\/balaguergutierrez.es\/index.php\/seguro-de-accidentes\/#primaryimage","url":"https:\/\/balaguergutierrez.es\/wp-content\/uploads\/2024\/02\/vidayaccidente.jpg","contentUrl":"https:\/\/balaguergutierrez.es\/wp-content\/uploads\/2024\/02\/vidayaccidente.jpg","width":700,"height":200,"caption":"Familia feliz y despreocupada pues tienen un seguro de vida"},{"@type":"BreadcrumbList","@id":"https:\/\/balaguergutierrez.es\/index.php\/seguro-de-accidentes\/#breadcrumb","itemListElement":[{"@type":"ListItem","position":1,"name":"Portada","item":"https:\/\/balaguergutierrez.es\/"},{"@type":"ListItem","position":2,"name":"Seguro de Accidentes"}]},{"@type":"WebSite","@id":"https:\/\/balaguergutierrez.es\/#website","url":"https:\/\/balaguergutierrez.es\/","name":"Balaguer & Guti\u00e9rrez, Corredur\u00eda de Seguros","description":"Aseguramos lo que de verdad importa","publisher":{"@id":"https:\/\/balaguergutierrez.es\/#organization"},"potentialAction":[{"@type":"SearchAction","target":{"@type":"EntryPoint","urlTemplate":"https:\/\/balaguergutierrez.es\/?s={search_term_string}"},"query-input":{"@type":"PropertyValueSpecification","valueRequired":true,"valueName":"search_term_string"}}],"inLanguage":"es"},{"@type":"Organization","@id":"https:\/\/balaguergutierrez.es\/#organization","name":"Balaguer & Guti\u00e9rrez SL","url":"https:\/\/balaguergutierrez.es\/","logo":{"@type":"ImageObject","inLanguage":"es","@id":"https:\/\/balaguergutierrez.es\/#\/schema\/logo\/image\/","url":"https:\/\/balaguergutierrez.es\/wp-content\/uploads\/2023\/03\/bg2014-Personalizado-1.png","contentUrl":"https:\/\/balaguergutierrez.es\/wp-content\/uploads\/2023\/03\/bg2014-Personalizado-1.png","width":300,"height":56,"caption":"Balaguer & Guti\u00e9rrez SL"},"image":{"@id":"https:\/\/balaguergutierrez.es\/#\/schema\/logo\/image\/"},"sameAs":["https:\/\/www.facebook.com\/balaguergutierrezcs\/","https:\/\/www.instagram.com\/balaguergutierrezsl\/"]}]}},"_links":{"self":[{"href":"https:\/\/balaguergutierrez.es\/index.php\/wp-json\/wp\/v2\/pages\/608","targetHints":{"allow":["GET"]}}],"collection":[{"href":"https:\/\/balaguergutierrez.es\/index.php\/wp-json\/wp\/v2\/pages"}],"about":[{"href":"https:\/\/balaguergutierrez.es\/index.php\/wp-json\/wp\/v2\/types\/page"}],"author":[{"embeddable":true,"href":"https:\/\/balaguergutierrez.es\/index.php\/wp-json\/wp\/v2\/users\/1"}],"replies":[{"embeddable":true,"href":"https:\/\/balaguergutierrez.es\/index.php\/wp-json\/wp\/v2\/comments?post=608"}],"version-history":[{"count":4,"href":"https:\/\/balaguergutierrez.es\/index.php\/wp-json\/wp\/v2\/pages\/608\/revisions"}],"predecessor-version":[{"id":1046,"href":"https:\/\/balaguergutierrez.es\/index.php\/wp-json\/wp\/v2\/pages\/608\/revisions\/1046"}],"wp:featuredmedia":[{"embeddable":true,"href":"https:\/\/balaguergutierrez.es\/index.php\/wp-json\/wp\/v2\/media\/512"}],"wp:attachment":[{"href":"https:\/\/balaguergutierrez.es\/index.php\/wp-json\/wp\/v2\/media?parent=608"}],"curies":[{"name":"wp","href":"https:\/\/api.w.org\/{rel}","templated":true}]}}