{"id":655,"date":"2024-02-24T12:15:37","date_gmt":"2024-02-24T12:15:37","guid":{"rendered":"https:\/\/brave-visvesvaraya.82-223-114-116.plesk.page\/?page_id=655"},"modified":"2026-02-23T11:50:50","modified_gmt":"2026-02-23T10:50:50","slug":"automoviles","status":"publish","type":"page","link":"https:\/\/balaguergutierrez.es\/index.php\/automoviles\/","title":{"rendered":"Autom\u00f3viles"},"content":{"rendered":"<figure class=\"wp-block-post-featured-image\"><img loading=\"lazy\" decoding=\"async\" width=\"720\" height=\"300\" src=\"https:\/\/balaguergutierrez.es\/wp-content\/uploads\/2024\/10\/720-300-automovil.jpg\" class=\"attachment-post-thumbnail size-post-thumbnail wp-post-image\" alt=\"\" style=\"object-fit:cover;\" srcset=\"https:\/\/balaguergutierrez.es\/wp-content\/uploads\/2024\/10\/720-300-automovil.jpg 720w, https:\/\/balaguergutierrez.es\/wp-content\/uploads\/2024\/10\/720-300-automovil-300x125.jpg 300w\" sizes=\"auto, (max-width: 720px) 100vw, 720px\" \/><\/figure>\n\n\n<p>En Balaguer &amp; Gutierrez le asesoramos para que asegure sus veh\u00edculos a motor (autom\u00f3viles, motocicletas, etc.) con la modalidad que mejor se ajuste a sus necesidades: seguro obligatorio (SOA) y voluntario; da\u00f1os a terceros; terceros ampliados (incendio, robo y lunas); seguros a todo riesgo, con y sin franquicia, etc.<\/p>\n\n\n\n<p>Le ayudamos a ajustar su seguro al tipo de veh\u00edculo, su antig\u00fcedad y valor; su uso (zona de circulaci\u00f3n, etc) y&nbsp;circunstancias personales (edad, antig\u00fcedad carn\u00e9, etc.), siempre en las mejores condiciones de precio del mercado. Para que no pague ni un c\u00e9ntimo de m\u00e1s.<\/p>\n\n\n\n<p>Garant\u00edas:<\/p>\n\n\n\n<ul class=\"wp-block-list\">\n<li>Responsabilidad civil obligatoria<\/li>\n\n\n\n<li>Responsabilidad civil voluntaria<\/li>\n\n\n\n<li>Seguro de Accidentes personales: ocupantes y conductor<\/li>\n\n\n\n<li>Asistencia en viaje<\/li>\n\n\n\n<li>Rotura de lunas<\/li>\n\n\n\n<li>Protecci\u00f3n jur\u00eddica del automovilista: Defensa penal, Fianza y Reclamaci\u00f3n de Da\u00f1os<\/li>\n\n\n\n<li>Da\u00f1os al veh\u00edculo<\/li>\n\n\n\n<li>Incendio<\/li>\n\n\n\n<li>Robo del veh\u00edculo y de sus accesorios<\/li>\n\n\n\n<li>Veh\u00edculo de sustituci\u00f3n<\/li>\n\n\n\n<li>Subsidio por privaci\u00f3n temporal del permiso de conducir<\/li>\n\n\n\n<li>Recursos de Multas<\/li>\n\n\n\n<li>Etc.<\/li>\n<\/ul>\n\n\n\n<hr class=\"wp-block-separator has-text-color has-vivid-red-color has-alpha-channel-opacity has-vivid-red-background-color has-background is-style-wide\"\/>\n\n\n\n<div class=\"wp-block-buttons is-content-justification-center is-layout-flex wp-container-core-buttons-is-layout-16018d1d wp-block-buttons-is-layout-flex\">\n<div class=\"wp-block-button\"><a class=\"wp-block-button__link has-white-color has-vivid-red-background-color has-text-color has-background has-link-color wp-element-button\" href=\"mailto:info@balaguergutierrez.com?subject=Informaci\u00f3n%20sobre%20seguro%20de%20coche\">Contacte con nosotros<\/a><\/div>\n<\/div>\n\n\n\n<hr class=\"wp-block-separator has-text-color has-vivid-red-color has-alpha-channel-opacity has-vivid-red-background-color has-background is-style-wide\"\/>\n\n\n<ul class=\"wp-block-latest-posts__list is-grid columns-3 has-dates wp-block-latest-posts\"><li><div class=\"wp-block-latest-posts__featured-image aligncenter\"><img loading=\"lazy\" decoding=\"async\" width=\"150\" height=\"150\" src=\"https:\/\/balaguergutierrez.es\/wp-content\/uploads\/2026\/02\/seguro-coche-electrico-baleares-2026-1-150x150.webp\" class=\"attachment-thumbnail size-thumbnail wp-post-image\" alt=\"Coche el\u00e9ctrico cargando en una calle de Palma de Mallorca\" style=\"\" srcset=\"https:\/\/balaguergutierrez.es\/wp-content\/uploads\/2026\/02\/seguro-coche-electrico-baleares-2026-1-150x150.webp 150w, https:\/\/balaguergutierrez.es\/wp-content\/uploads\/2026\/02\/seguro-coche-electrico-baleares-2026-1-230x230.webp 230w, https:\/\/balaguergutierrez.es\/wp-content\/uploads\/2026\/02\/seguro-coche-electrico-baleares-2026-1-365x365.webp 365w\" sizes=\"auto, (max-width: 150px) 100vw, 150px\" \/><\/div><a class=\"wp-block-latest-posts__post-title\" href=\"https:\/\/balaguergutierrez.es\/index.php\/2026\/03\/06\/seguro-coche-electrico-baleares\/\">Veh\u00edculos el\u00e9ctricos: el seguro que necesitas hoy (y los errores m\u00e1s comunes)<\/a><time datetime=\"2026-03-06T12:00:00+01:00\" class=\"wp-block-latest-posts__post-date\">6 de marzo de 2026<\/time><div class=\"wp-block-latest-posts__post-excerpt\">El veh\u00edculo el\u00e9ctrico ya no es futuro: es presente. Cada mes vemos m\u00e1s coches el\u00e9ctricos e h\u00edbridos enchufables, tanto de particulares como de aut\u00f3nomos y<\/div><\/li>\n<li><div class=\"wp-block-latest-posts__featured-image aligncenter\"><img loading=\"lazy\" decoding=\"async\" width=\"150\" height=\"150\" src=\"https:\/\/balaguergutierrez.es\/wp-content\/uploads\/2026\/01\/250804-BALAGUER-GUTIERREZ_MEME-RRSS-V2-150x150.webp\" class=\"attachment-thumbnail size-thumbnail wp-post-image\" alt=\"\u00danico n\u00famero de contacto (+34 971 451 651) y App de cliente de Balaguer &amp; Guti\u00e9rrez en Palma de Mallorca\" style=\"\" srcset=\"https:\/\/balaguergutierrez.es\/wp-content\/uploads\/2026\/01\/250804-BALAGUER-GUTIERREZ_MEME-RRSS-V2-150x150.webp 150w, https:\/\/balaguergutierrez.es\/wp-content\/uploads\/2026\/01\/250804-BALAGUER-GUTIERREZ_MEME-RRSS-V2-300x300.webp 300w, https:\/\/balaguergutierrez.es\/wp-content\/uploads\/2026\/01\/250804-BALAGUER-GUTIERREZ_MEME-RRSS-V2-230x230.webp 230w, https:\/\/balaguergutierrez.es\/wp-content\/uploads\/2026\/01\/250804-BALAGUER-GUTIERREZ_MEME-RRSS-V2-365x365.webp 365w, https:\/\/balaguergutierrez.es\/wp-content\/uploads\/2026\/01\/250804-BALAGUER-GUTIERREZ_MEME-RRSS-V2.webp 600w\" sizes=\"auto, (max-width: 150px) 100vw, 150px\" \/><\/div><a class=\"wp-block-latest-posts__post-title\" href=\"https:\/\/balaguergutierrez.es\/index.php\/2026\/01\/29\/unico-numero-whatsapp-fijo-app-cliente\/\">Un \u00fanico n\u00famero para llamadas y WhatsApp (+34 971 451 651) y nuestra nueva App de cliente<\/a><time datetime=\"2026-01-29T12:00:00+01:00\" class=\"wp-block-latest-posts__post-date\">29 de enero de 2026<\/time><div class=\"wp-block-latest-posts__post-excerpt\">A partir del 1 de febrero de 2026, simplificamos tu forma de contactarnos: el \u00fanico n\u00famero de Balaguer &amp; Guti\u00e9rrez (llamadas y WhatsApp) es +34<\/div><\/li>\n<li><div class=\"wp-block-latest-posts__featured-image aligncenter\"><img loading=\"lazy\" decoding=\"async\" width=\"150\" height=\"150\" src=\"https:\/\/balaguergutierrez.es\/wp-content\/uploads\/2025\/10\/proteccion-vida-salud-empresa-150x150.webp\" class=\"attachment-thumbnail size-thumbnail wp-post-image\" alt=\"Familia y empresario en Baleares conversando con un corredor de seguros en oficina moderna\" style=\"\" srcset=\"https:\/\/balaguergutierrez.es\/wp-content\/uploads\/2025\/10\/proteccion-vida-salud-empresa-150x150.webp 150w, https:\/\/balaguergutierrez.es\/wp-content\/uploads\/2025\/10\/proteccion-vida-salud-empresa-230x230.webp 230w, https:\/\/balaguergutierrez.es\/wp-content\/uploads\/2025\/10\/proteccion-vida-salud-empresa-365x365.webp 365w\" sizes=\"auto, (max-width: 150px) 100vw, 150px\" \/><\/div><a class=\"wp-block-latest-posts__post-title\" href=\"https:\/\/balaguergutierrez.es\/index.php\/2025\/10\/29\/proteccion-integral-para-tu-vida-tu-negocio-y-tu-patrimonio\/\">Protecci\u00f3n integral para tu vida, tu negocio y tu patrimonio<\/a><time datetime=\"2025-10-29T12:00:00+01:00\" class=\"wp-block-latest-posts__post-date\">29 de octubre de 2025<\/time><div class=\"wp-block-latest-posts__post-excerpt\">Vivir en Palma o tener un negocio en Baleares tiene muchas ventajas: la brisa mediterr\u00e1nea, el sol casi todo el a\u00f1o y un estilo de<\/div><\/li>\n<li><div class=\"wp-block-latest-posts__featured-image aligncenter\"><img loading=\"lazy\" decoding=\"async\" width=\"150\" height=\"150\" src=\"https:\/\/balaguergutierrez.es\/wp-content\/uploads\/2025\/09\/seguros\u2011primas\u2011Mallorca-150x150.webp\" class=\"attachment-thumbnail size-thumbnail wp-post-image\" alt=\"Asesor seguro hablando con cliente en oficina en Palma\" style=\"\" srcset=\"https:\/\/balaguergutierrez.es\/wp-content\/uploads\/2025\/09\/seguros\u2011primas\u2011Mallorca-150x150.webp 150w, https:\/\/balaguergutierrez.es\/wp-content\/uploads\/2025\/09\/seguros\u2011primas\u2011Mallorca-230x230.webp 230w, https:\/\/balaguergutierrez.es\/wp-content\/uploads\/2025\/09\/seguros\u2011primas\u2011Mallorca-365x365.webp 365w\" sizes=\"auto, (max-width: 150px) 100vw, 150px\" \/><\/div><a class=\"wp-block-latest-posts__post-title\" href=\"https:\/\/balaguergutierrez.es\/index.php\/2025\/09\/05\/seguros-incremento-primas-palma-mallorca\/\">Por qu\u00e9 subir\u00e1n tus primas de seguro y c\u00f3mo sobrevivir a ello.<\/a><time datetime=\"2025-09-05T09:11:59+01:00\" class=\"wp-block-latest-posts__post-date\">5 de septiembre de 2025<\/time><div class=\"wp-block-latest-posts__post-excerpt\">La realidad es clara: los costes de los seguros de hogar, auto y salud est\u00e1n al alza. Inflaci\u00f3n, siniestralidad creciente y demandas m\u00e1s altas explican<\/div><\/li>\n<li><div class=\"wp-block-latest-posts__featured-image aligncenter\"><img loading=\"lazy\" decoding=\"async\" width=\"150\" height=\"150\" src=\"https:\/\/balaguergutierrez.es\/wp-content\/uploads\/2025\/08\/balaguergutierrez-guia-seguros-palma-2025-150x150.webp\" class=\"attachment-thumbnail size-thumbnail wp-post-image\" alt=\"Corredores de seguros asesorando en Palma sobre hogar, auto, vida, salud y empresa\" style=\"\" srcset=\"https:\/\/balaguergutierrez.es\/wp-content\/uploads\/2025\/08\/balaguergutierrez-guia-seguros-palma-2025-150x150.webp 150w, https:\/\/balaguergutierrez.es\/wp-content\/uploads\/2025\/08\/balaguergutierrez-guia-seguros-palma-2025-230x230.webp 230w, https:\/\/balaguergutierrez.es\/wp-content\/uploads\/2025\/08\/balaguergutierrez-guia-seguros-palma-2025-365x365.webp 365w\" sizes=\"auto, (max-width: 150px) 100vw, 150px\" \/><\/div><a class=\"wp-block-latest-posts__post-title\" href=\"https:\/\/balaguergutierrez.es\/index.php\/2025\/08\/21\/guia-seguros-palma-baleares\/\">Gu\u00eda pr\u00e1ctica de los seguros que ofrecemos en Balaguer &amp; Guti\u00e9rrez<\/a><time datetime=\"2025-08-21T12:44:06+01:00\" class=\"wp-block-latest-posts__post-date\">21 de agosto de 2025<\/time><div class=\"wp-block-latest-posts__post-excerpt\">En Balaguer &amp; Guti\u00e9rrez llevamos m\u00e1s de 30 a\u00f1os ayudando a personas, aut\u00f3nomos y empresas de Baleares a asegurar lo importante sin complicaciones. Como Corredur\u00eda<\/div><\/li>\n<\/ul>","protected":false},"excerpt":{"rendered":"<p>En Balaguer &amp; Gutierrez le asesoramos para que asegure sus veh\u00edculos a motor (autom\u00f3viles, motocicletas, etc.) con la modalidad que mejor se ajuste a sus necesidades: seguro obligatorio (SOA) y voluntario; da\u00f1os a terceros; terceros ampliados (incendio, robo y lunas);<\/p>\n","protected":false},"author":1,"featured_media":751,"parent":0,"menu_order":0,"comment_status":"closed","ping_status":"closed","template":"","meta":{"footnotes":""},"class_list":["post-655","page","type-page","status-publish","has-post-thumbnail","hentry","","tg-column-third"],"yoast_head":"<!-- This site is optimized with the Yoast SEO plugin v27.4 - https:\/\/yoast.com\/product\/yoast-seo-wordpress\/ -->\n<title>Autom\u00f3viles - balaguergutierrez.es<\/title>\n<meta name=\"description\" content=\"Le asesoramos para que asegure sus veh\u00edculos a motor (autom\u00f3viles, motocicletas, etc.) con la modalidad que mejor se ajuste a sus necesidades\" \/>\n<meta name=\"robots\" content=\"index, follow, max-snippet:-1, max-image-preview:large, max-video-preview:-1\" \/>\n<link rel=\"canonical\" href=\"https:\/\/balaguergutierrez.es\/index.php\/automoviles\/\" \/>\n<meta property=\"og:locale\" content=\"es_ES\" \/>\n<meta property=\"og:type\" content=\"article\" \/>\n<meta property=\"og:title\" content=\"Autom\u00f3viles - balaguergutierrez.es\" \/>\n<meta property=\"og:description\" content=\"Le asesoramos para que asegure sus veh\u00edculos a motor (autom\u00f3viles, motocicletas, etc.) con la modalidad que mejor se ajuste a sus necesidades\" \/>\n<meta property=\"og:url\" content=\"https:\/\/balaguergutierrez.es\/index.php\/automoviles\/\" \/>\n<meta property=\"og:site_name\" content=\"balaguergutierrez.es\" \/>\n<meta property=\"article:publisher\" content=\"https:\/\/www.facebook.com\/balaguergutierrezcs\/\" \/>\n<meta property=\"article:modified_time\" content=\"2026-02-23T10:50:50+00:00\" \/>\n<meta property=\"og:image\" content=\"https:\/\/balaguergutierrez.es\/wp-content\/uploads\/2024\/10\/720-300-automovil.jpg\" \/>\n\t<meta property=\"og:image:width\" content=\"720\" \/>\n\t<meta property=\"og:image:height\" content=\"300\" \/>\n\t<meta property=\"og:image:type\" content=\"image\/jpeg\" \/>\n<meta name=\"twitter:label1\" content=\"Tiempo de lectura\" \/>\n\t<meta name=\"twitter:data1\" content=\"1 minuto\" \/>\n<script type=\"application\/ld+json\" class=\"yoast-schema-graph\">{\"@context\":\"https:\\\/\\\/schema.org\",\"@graph\":[{\"@type\":\"WebPage\",\"@id\":\"https:\\\/\\\/balaguergutierrez.es\\\/index.php\\\/automoviles\\\/\",\"url\":\"https:\\\/\\\/balaguergutierrez.es\\\/index.php\\\/automoviles\\\/\",\"name\":\"Autom\u00f3viles - balaguergutierrez.es\",\"isPartOf\":{\"@id\":\"https:\\\/\\\/balaguergutierrez.es\\\/#website\"},\"primaryImageOfPage\":{\"@id\":\"https:\\\/\\\/balaguergutierrez.es\\\/index.php\\\/automoviles\\\/#primaryimage\"},\"image\":{\"@id\":\"https:\\\/\\\/balaguergutierrez.es\\\/index.php\\\/automoviles\\\/#primaryimage\"},\"thumbnailUrl\":\"https:\\\/\\\/balaguergutierrez.es\\\/wp-content\\\/uploads\\\/2024\\\/10\\\/720-300-automovil.jpg\",\"datePublished\":\"2024-02-24T12:15:37+00:00\",\"dateModified\":\"2026-02-23T10:50:50+00:00\",\"description\":\"Le asesoramos para que asegure sus veh\u00edculos a motor (autom\u00f3viles, motocicletas, etc.) con la modalidad que mejor se ajuste a sus necesidades\",\"breadcrumb\":{\"@id\":\"https:\\\/\\\/balaguergutierrez.es\\\/index.php\\\/automoviles\\\/#breadcrumb\"},\"inLanguage\":\"es\",\"potentialAction\":[{\"@type\":\"ReadAction\",\"target\":[\"https:\\\/\\\/balaguergutierrez.es\\\/index.php\\\/automoviles\\\/\"]}]},{\"@type\":\"ImageObject\",\"inLanguage\":\"es\",\"@id\":\"https:\\\/\\\/balaguergutierrez.es\\\/index.php\\\/automoviles\\\/#primaryimage\",\"url\":\"https:\\\/\\\/balaguergutierrez.es\\\/wp-content\\\/uploads\\\/2024\\\/10\\\/720-300-automovil.jpg\",\"contentUrl\":\"https:\\\/\\\/balaguergutierrez.es\\\/wp-content\\\/uploads\\\/2024\\\/10\\\/720-300-automovil.jpg\",\"width\":720,\"height\":300},{\"@type\":\"BreadcrumbList\",\"@id\":\"https:\\\/\\\/balaguergutierrez.es\\\/index.php\\\/automoviles\\\/#breadcrumb\",\"itemListElement\":[{\"@type\":\"ListItem\",\"position\":1,\"name\":\"Portada\",\"item\":\"https:\\\/\\\/balaguergutierrez.es\\\/\"},{\"@type\":\"ListItem\",\"position\":2,\"name\":\"Autom\u00f3viles\"}]},{\"@type\":\"WebSite\",\"@id\":\"https:\\\/\\\/balaguergutierrez.es\\\/#website\",\"url\":\"https:\\\/\\\/balaguergutierrez.es\\\/\",\"name\":\"Balaguer & Guti\u00e9rrez, Corredur\u00eda de Seguros\",\"description\":\"Aseguramos lo que de verdad importa\",\"publisher\":{\"@id\":\"https:\\\/\\\/balaguergutierrez.es\\\/#organization\"},\"potentialAction\":[{\"@type\":\"SearchAction\",\"target\":{\"@type\":\"EntryPoint\",\"urlTemplate\":\"https:\\\/\\\/balaguergutierrez.es\\\/?s={search_term_string}\"},\"query-input\":{\"@type\":\"PropertyValueSpecification\",\"valueRequired\":true,\"valueName\":\"search_term_string\"}}],\"inLanguage\":\"es\"},{\"@type\":\"Organization\",\"@id\":\"https:\\\/\\\/balaguergutierrez.es\\\/#organization\",\"name\":\"Balaguer & Guti\u00e9rrez SL\",\"url\":\"https:\\\/\\\/balaguergutierrez.es\\\/\",\"logo\":{\"@type\":\"ImageObject\",\"inLanguage\":\"es\",\"@id\":\"https:\\\/\\\/balaguergutierrez.es\\\/#\\\/schema\\\/logo\\\/image\\\/\",\"url\":\"https:\\\/\\\/balaguergutierrez.es\\\/wp-content\\\/uploads\\\/2023\\\/03\\\/bg2014-Personalizado-1.png\",\"contentUrl\":\"https:\\\/\\\/balaguergutierrez.es\\\/wp-content\\\/uploads\\\/2023\\\/03\\\/bg2014-Personalizado-1.png\",\"width\":300,\"height\":56,\"caption\":\"Balaguer & Guti\u00e9rrez SL\"},\"image\":{\"@id\":\"https:\\\/\\\/balaguergutierrez.es\\\/#\\\/schema\\\/logo\\\/image\\\/\"},\"sameAs\":[\"https:\\\/\\\/www.facebook.com\\\/balaguergutierrezcs\\\/\",\"https:\\\/\\\/www.instagram.com\\\/balaguergutierrezsl\\\/\"]}]}<\/script>\n<!-- \/ Yoast SEO plugin. -->","yoast_head_json":{"title":"Autom\u00f3viles - balaguergutierrez.es","description":"Le asesoramos para que asegure sus veh\u00edculos a motor (autom\u00f3viles, motocicletas, etc.) con la modalidad que mejor se ajuste a sus necesidades","robots":{"index":"index","follow":"follow","max-snippet":"max-snippet:-1","max-image-preview":"max-image-preview:large","max-video-preview":"max-video-preview:-1"},"canonical":"https:\/\/balaguergutierrez.es\/index.php\/automoviles\/","og_locale":"es_ES","og_type":"article","og_title":"Autom\u00f3viles - balaguergutierrez.es","og_description":"Le asesoramos para que asegure sus veh\u00edculos a motor (autom\u00f3viles, motocicletas, etc.) con la modalidad que mejor se ajuste a sus necesidades","og_url":"https:\/\/balaguergutierrez.es\/index.php\/automoviles\/","og_site_name":"balaguergutierrez.es","article_publisher":"https:\/\/www.facebook.com\/balaguergutierrezcs\/","article_modified_time":"2026-02-23T10:50:50+00:00","og_image":[{"width":720,"height":300,"url":"https:\/\/balaguergutierrez.es\/wp-content\/uploads\/2024\/10\/720-300-automovil.jpg","type":"image\/jpeg"}],"twitter_misc":{"Tiempo de lectura":"1 minuto"},"schema":{"@context":"https:\/\/schema.org","@graph":[{"@type":"WebPage","@id":"https:\/\/balaguergutierrez.es\/index.php\/automoviles\/","url":"https:\/\/balaguergutierrez.es\/index.php\/automoviles\/","name":"Autom\u00f3viles - balaguergutierrez.es","isPartOf":{"@id":"https:\/\/balaguergutierrez.es\/#website"},"primaryImageOfPage":{"@id":"https:\/\/balaguergutierrez.es\/index.php\/automoviles\/#primaryimage"},"image":{"@id":"https:\/\/balaguergutierrez.es\/index.php\/automoviles\/#primaryimage"},"thumbnailUrl":"https:\/\/balaguergutierrez.es\/wp-content\/uploads\/2024\/10\/720-300-automovil.jpg","datePublished":"2024-02-24T12:15:37+00:00","dateModified":"2026-02-23T10:50:50+00:00","description":"Le asesoramos para que asegure sus veh\u00edculos a motor (autom\u00f3viles, motocicletas, etc.) con la modalidad que mejor se ajuste a sus necesidades","breadcrumb":{"@id":"https:\/\/balaguergutierrez.es\/index.php\/automoviles\/#breadcrumb"},"inLanguage":"es","potentialAction":[{"@type":"ReadAction","target":["https:\/\/balaguergutierrez.es\/index.php\/automoviles\/"]}]},{"@type":"ImageObject","inLanguage":"es","@id":"https:\/\/balaguergutierrez.es\/index.php\/automoviles\/#primaryimage","url":"https:\/\/balaguergutierrez.es\/wp-content\/uploads\/2024\/10\/720-300-automovil.jpg","contentUrl":"https:\/\/balaguergutierrez.es\/wp-content\/uploads\/2024\/10\/720-300-automovil.jpg","width":720,"height":300},{"@type":"BreadcrumbList","@id":"https:\/\/balaguergutierrez.es\/index.php\/automoviles\/#breadcrumb","itemListElement":[{"@type":"ListItem","position":1,"name":"Portada","item":"https:\/\/balaguergutierrez.es\/"},{"@type":"ListItem","position":2,"name":"Autom\u00f3viles"}]},{"@type":"WebSite","@id":"https:\/\/balaguergutierrez.es\/#website","url":"https:\/\/balaguergutierrez.es\/","name":"Balaguer & Guti\u00e9rrez, Corredur\u00eda de Seguros","description":"Aseguramos lo que de verdad importa","publisher":{"@id":"https:\/\/balaguergutierrez.es\/#organization"},"potentialAction":[{"@type":"SearchAction","target":{"@type":"EntryPoint","urlTemplate":"https:\/\/balaguergutierrez.es\/?s={search_term_string}"},"query-input":{"@type":"PropertyValueSpecification","valueRequired":true,"valueName":"search_term_string"}}],"inLanguage":"es"},{"@type":"Organization","@id":"https:\/\/balaguergutierrez.es\/#organization","name":"Balaguer & Guti\u00e9rrez SL","url":"https:\/\/balaguergutierrez.es\/","logo":{"@type":"ImageObject","inLanguage":"es","@id":"https:\/\/balaguergutierrez.es\/#\/schema\/logo\/image\/","url":"https:\/\/balaguergutierrez.es\/wp-content\/uploads\/2023\/03\/bg2014-Personalizado-1.png","contentUrl":"https:\/\/balaguergutierrez.es\/wp-content\/uploads\/2023\/03\/bg2014-Personalizado-1.png","width":300,"height":56,"caption":"Balaguer & Guti\u00e9rrez SL"},"image":{"@id":"https:\/\/balaguergutierrez.es\/#\/schema\/logo\/image\/"},"sameAs":["https:\/\/www.facebook.com\/balaguergutierrezcs\/","https:\/\/www.instagram.com\/balaguergutierrezsl\/"]}]}},"_links":{"self":[{"href":"https:\/\/balaguergutierrez.es\/index.php\/wp-json\/wp\/v2\/pages\/655","targetHints":{"allow":["GET"]}}],"collection":[{"href":"https:\/\/balaguergutierrez.es\/index.php\/wp-json\/wp\/v2\/pages"}],"about":[{"href":"https:\/\/balaguergutierrez.es\/index.php\/wp-json\/wp\/v2\/types\/page"}],"author":[{"embeddable":true,"href":"https:\/\/balaguergutierrez.es\/index.php\/wp-json\/wp\/v2\/users\/1"}],"replies":[{"embeddable":true,"href":"https:\/\/balaguergutierrez.es\/index.php\/wp-json\/wp\/v2\/comments?post=655"}],"version-history":[{"count":6,"href":"https:\/\/balaguergutierrez.es\/index.php\/wp-json\/wp\/v2\/pages\/655\/revisions"}],"predecessor-version":[{"id":1341,"href":"https:\/\/balaguergutierrez.es\/index.php\/wp-json\/wp\/v2\/pages\/655\/revisions\/1341"}],"wp:featuredmedia":[{"embeddable":true,"href":"https:\/\/balaguergutierrez.es\/index.php\/wp-json\/wp\/v2\/media\/751"}],"wp:attachment":[{"href":"https:\/\/balaguergutierrez.es\/index.php\/wp-json\/wp\/v2\/media?parent=655"}],"curies":[{"name":"wp","href":"https:\/\/api.w.org\/{rel}","templated":true}]}}