{"id":772,"date":"2024-11-11T20:27:59","date_gmt":"2024-11-11T19:27:59","guid":{"rendered":"https:\/\/brave-visvesvaraya.82-223-114-116.plesk.page\/?page_id=772"},"modified":"2025-02-23T19:32:23","modified_gmt":"2025-02-23T18:32:23","slug":"politica-de-privacidad","status":"publish","type":"page","link":"https:\/\/balaguergutierrez.es\/index.php\/politica-de-privacidad\/","title":{"rendered":"POL\u00cdTICA DE PRIVACIDAD"},"content":{"rendered":"\n<figure class=\"wp-block-image size-full\"><img decoding=\"async\" sizes=\"(max-width: 720px) 100vw, 720px\" src=\"https:\/\/balaguergutierrez.es\/wp-content\/uploads\/2024\/11\/consultoria-lopdgdd.jpg\" alt=\"\" class=\"wp-image-786\"\/><\/figure>\n\n\n\n<p>En BALAGUER &amp; GUTIERREZ SL nos preocupamos por la privacidad y la transparencia.<\/p>\n\n\n\n<p>A continuaci\u00f3n, le indicamos en detalle los tratamientos de datos personales que realizamos, as\u00ed como toda la informaci\u00f3n relativa a los mismos.<\/p>\n\n\n\n<p>Informaci\u00f3n completa sobre Protecci\u00f3n de Datos<\/p>\n\n\n\n<p><strong>Cl\u00e1usula para recabar datos de clientes<\/strong><\/p>\n\n\n\n<p>Informaci\u00f3n completa sobre Protecci\u00f3n de Datos<\/p>\n\n\n\n<ol class=\"wp-block-list\">\n<li>\u00bfQui\u00e9n es el responsable del tratamiento de sus datos?<\/li>\n<\/ol>\n\n\n\n<p>BALAGUER &amp; GUTIERREZ SL<\/p>\n\n\n\n<p>B57797276<\/p>\n\n\n\n<p>CL BARTOMEU ROSSELL\u00d3-P\u00d2RCEL 10 &#8211; 07014 &#8211; PALMA DE MALLORCA &#8211; ISLAS BALEARES<\/p>\n\n\n\n<p>971451651<\/p>\n\n\n\n<p>antonio.balaguer@balaguergutierrez.com<\/p>\n\n\n\n<ul class=\"wp-block-list\">\n<li>\u00bfCon qu\u00e9 finalidad tratamos sus datos personales?<\/li>\n<\/ul>\n\n\n\n<p>En BALAGUER &amp; GUTIERREZ SL tratamos la informaci\u00f3n que nos facilitan las personas interesadas con el fin de realizar la gesti\u00f3n administrativa, contable y fiscal de los servicios solicitados, as\u00ed como enviar comunicaciones comerciales sobre nuestros productos y servicios, contrataci\u00f3n de p\u00f3lizas, seguimiento y gesti\u00f3n de incidencias y siniestros,. En el caso de que no facilite sus datos personales, no podremos cumplir con las finalidades descritas.<\/p>\n\n\n\n<p>en base a al informaci\u00f3n facilitada, se realizan an\u00e1lisis de su perfil personal, al objeto de prestarle un eficaz asesoramiento. Los datos proporcionados a las Compa\u00f1\u00edas o entidades, pueden ser tratados por las mismas al objeto de adoptar decisiones automatizadas, en base a sus estad\u00edsticas de an\u00e1lisis de riesgos. En tal caso, se tratar\u00eda de decisiones permitidas por la normativa, al ser necesaria para la celebraci\u00f3n de un contrato con la compa\u00f1\u00eda o entidad.<\/p>\n\n\n\n<ul class=\"wp-block-list\">\n<li>\u00bfPor cu\u00e1nto tiempo conservaremos sus datos?<\/li>\n<\/ul>\n\n\n\n<p>Los datos se conservar\u00e1n mientras se mantenga la relaci\u00f3n comercial, y en su caso, durante los a\u00f1os necesarios para cumplir con las obligaciones legales.<\/p>\n\n\n\n<ul class=\"wp-block-list\">\n<li>\u00bfCu\u00e1l es la legitimaci\u00f3n para el tratamiento de sus datos?<\/li>\n<\/ul>\n\n\n\n<p>Le indicamos la base legal para el tratamiento de sus datos:<\/p>\n\n\n\n<ul class=\"wp-block-list\">\n<li>Ejecuci\u00f3n de un contrato o medidas precontractuales: La Ley 26\/2006, de Mediaci\u00f3n de Seguros y Reaseguros Privados, o cualquier norma que la sustituya en un futuro autoriza al Corredor para tratar los datos de las personas que a ellos se dirijan, sin necesidad de su consentimiento:1) Antes de celebrar el contrato, para ofrecerles asesoramiento independiente, profesional e imparcial, y facilitar dichos datos a la entidad aseguradora o reaseguradora con la que fuese a celebrarse el correspondiente contrato.2) Despu\u00e9s de celebrado el contrato, para facilitar al tomador, al asegurado y al beneficiario del seguro la informaci\u00f3n que reclamen sobre cualquiera de las cl\u00e1usulas de la p\u00f3liza y, en caso de siniestro, a prestarles su asistencia y asesoramiento.Prestaci\u00f3n de los servicios de consultor\u00eda solicitados.<\/li>\n\n\n\n<li>Inter\u00e9s leg\u00edtimo del Responsable: Env\u00edo de comunicaciones comerciales, sin que en ning\u00fan caso, la retirada de ese consentimiento condicione la ejecuci\u00f3n del contrato de Mediaci\u00f3n en Seguros Privados o de servicios de consultor\u00eda.<\/li>\n\n\n\n<li>\u00bfA qu\u00e9 destinatarios se comunicar\u00e1n sus datos?<\/li>\n<\/ul>\n\n\n\n<p>Los datos se comunicar\u00e1n a los siguientes destinatarios:<\/p>\n\n\n\n<ul class=\"wp-block-list\">\n<li>Administraciones p\u00fablicas, con la finalidad de Cumplimiento de deberes legales<\/li>\n\n\n\n<li>Compa\u00f1\u00edas de Seguros, Agencias de Suscripci\u00f3n u otras Corredur\u00edas, con la finalidad de Celebraci\u00f3n de contratos de seguros<\/li>\n\n\n\n<li>Transferencias de datos a terceros pa\u00edses<\/li>\n<\/ul>\n\n\n\n<p>Est\u00e1n previstas las siguientes transferencias de datos a terceros pa\u00edses:<\/p>\n\n\n\n<ul class=\"wp-block-list\">\n<li>Meta Platforms Ireland Limited, con la finalidad de Recepci\u00f3n de mensajes instantaneos. La garant\u00eda para esta transferencia se ha establecido a trav\u00e9s de: Cl\u00e1usulas tipo de protecci\u00f3n de datos. Puede consultar informaci\u00f3n adicional en: https:\/\/www.facebook.com\/help\/566994660333381.<\/li>\n\n\n\n<li>\u00bfCu\u00e1les son sus derechos cuando nos facilita sus datos?<\/li>\n<\/ul>\n\n\n\n<p>Cualquier persona tiene derecho a obtener confirmaci\u00f3n sobre si en BALAGUER &amp; GUTIERREZ SL estamos tratando, o no, datos personales que les conciernan.<\/p>\n\n\n\n<p>Las personas interesadas tienen derecho a acceder a sus datos personales, as\u00ed como a solicitar la rectificaci\u00f3n de los datos inexactos o, en su caso, solicitar su supresi\u00f3n cuando, entre otros motivos, los datos ya no sean necesarios para los fines que fueron recogidos. Igualmente tiene derecho a la portabilidad de sus datos.<\/p>\n\n\n\n<p>En determinadas circunstancias, los interesados podr\u00e1n solicitar la limitaci\u00f3n del tratamiento de sus datos, en cuyo caso \u00fanicamente los conservaremos para el ejercicio o la defensa de reclamaciones.<\/p>\n\n\n\n<p>En determinadas circunstancias y por motivos relacionados con su situaci\u00f3n particular, los interesados podr\u00e1n oponerse al tratamiento de sus datos. En este caso, BALAGUER &amp; GUTIERREZ SL dejar\u00e1 de tratar los datos, salvo por motivos leg\u00edtimos imperiosos, o el ejercicio o la defensa de posibles reclamaciones.<\/p>\n\n\n\n<p>Podr\u00e1 ejercitar materialmente sus derechos de la siguiente forma: enviando un correo electr\u00f3nico a lopd@balaguergutierrez.com<\/p>\n\n\n\n<p>Cuando se realice el env\u00edo de comunicaciones comerciales utilizando como base jur\u00eddica el inter\u00e9s leg\u00edtimo del responsable, el interesado podr\u00e1 oponerse al tratamiento de sus datos con ese fin.<\/p>\n\n\n\n<p>Si ha otorgado su consentimiento para alguna finalidad concreta, tiene derecho a retirar el consentimiento otorgado en cualquier momento, sin que ello afecte a la licitud del tratamiento basado en el consentimiento previo a su retirada.<\/p>\n\n\n\n<p>En caso de que sienta vulnerados sus derechos en lo concerniente a la protecci\u00f3n de sus datos personales, especialmente cuando no haya obtenido satisfacci\u00f3n en el ejercicio de sus derechos, puede presentar una reclamaci\u00f3n ante la Autoridad de Control en materia de Protecci\u00f3n de Datos competente a trav\u00e9s de su sitio web: www.aepd.es.<\/p>\n\n\n\n<ul class=\"wp-block-list\">\n<li>\u00bfC\u00f3mo hemos obtenido sus datos?<\/li>\n<\/ul>\n\n\n\n<p>Los datos personales que tratamos en BALAGUER &amp; GUTIERREZ SL proceden de: El propio interesado.<\/p>\n\n\n\n<p>Las categor\u00edas de datos que se tratan son:<\/p>\n\n\n\n<ul class=\"wp-block-list\">\n<li>Datos identificativos.<\/li>\n\n\n\n<li>Direcciones postales y electr\u00f3nicas.<\/li>\n\n\n\n<li>Informaci\u00f3n comercial.<\/li>\n\n\n\n<li>Datos econ\u00f3micos.<\/li>\n<\/ul>\n\n\n\n<p>Se tratan las siguientes categor\u00edas de datos especiales: Datos relativos a la salud para la gesti\u00f3n de siniestros y p\u00f3lizas que requieran de esta informaic\u00f3n.<\/p>\n\n\n\n<hr class=\"wp-block-separator has-alpha-channel-opacity\"\/>\n\n\n\n<p><strong>Cl\u00e1usula para recabar datos de trabajadores<\/strong><\/p>\n\n\n\n<p>Informaci\u00f3n completa sobre Protecci\u00f3n de Datos<\/p>\n\n\n\n<ol class=\"wp-block-list\">\n<li>\u00bfQui\u00e9n es el responsable del tratamiento de sus datos?<\/li>\n<\/ol>\n\n\n\n<p>BALAGUER &amp; GUTIERREZ SL<\/p>\n\n\n\n<p>B57797276<\/p>\n\n\n\n<p>CL BARTOMEU ROSSELL\u00d3-P\u00d2RCEL 10 &#8211; 07014 &#8211; PALMA DE MALLORCA &#8211; ISLAS BALEARES<\/p>\n\n\n\n<p>971451651<\/p>\n\n\n\n<p>antonio.balaguer@balaguergutierrez.com<\/p>\n\n\n\n<ul class=\"wp-block-list\">\n<li>\u00bfCon qu\u00e9 finalidad tratamos sus datos personales?<\/li>\n<\/ul>\n\n\n\n<p>En BALAGUER &amp; GUTIERREZ SL tratamos la informaci\u00f3n que nos facilitan las personas interesadas con el fin de elaborar el contrato de trabajo, n\u00f3minas y seguros sociales, as\u00ed como realizar la prevenci\u00f3n de riesgos laborales y la vigilancia de la salud. En el caso de que no facilite sus datos personales, no podremos cumplir con las finalidades descritas.<\/p>\n\n\n\n<p>No se van a tomar decisiones automatizadas.<\/p>\n\n\n\n<ul class=\"wp-block-list\">\n<li>\u00bfPor cu\u00e1nto tiempo conservaremos sus datos?<\/li>\n<\/ul>\n\n\n\n<p>Mientras se mantenga la relaci\u00f3n laboral con la entidad y durante los a\u00f1os necesarios para cumplir con las obligaciones legales.<\/p>\n\n\n\n<ul class=\"wp-block-list\">\n<li>\u00bfCu\u00e1l es la legitimaci\u00f3n para el tratamiento de sus datos?<\/li>\n<\/ul>\n\n\n\n<p>Le indicamos la base legal para el tratamiento de sus datos:<\/p>\n\n\n\n<ul class=\"wp-block-list\">\n<li>Ejecuci\u00f3n de un contrato o medidas precontractuales: Mantenimiento de la relaci\u00f3n laboral<\/li>\n\n\n\n<li>\u00bfA qu\u00e9 destinatarios se comunicar\u00e1n sus datos?<\/li>\n<\/ul>\n\n\n\n<p>Los datos se comunicar\u00e1n a los siguientes destinatarios:<\/p>\n\n\n\n<ul class=\"wp-block-list\">\n<li>Administraciones p\u00fablicas, con la finalidad de Cumplimiento de las obligaciones legales derivadas de la relaci\u00f3n laboral.<\/li>\n\n\n\n<li>Transferencias de datos a terceros pa\u00edses<\/li>\n<\/ul>\n\n\n\n<p>No est\u00e1n previstas transferencias de datos a terceros pa\u00edses.<\/p>\n\n\n\n<ul class=\"wp-block-list\">\n<li>\u00bfCu\u00e1les son sus derechos cuando nos facilita sus datos?<\/li>\n<\/ul>\n\n\n\n<p>Cualquier persona tiene derecho a obtener confirmaci\u00f3n sobre si en BALAGUER &amp; GUTIERREZ SL estamos tratando, o no, datos personales que les conciernan.<\/p>\n\n\n\n<p>Las personas interesadas tienen derecho a acceder a sus datos personales, as\u00ed como a solicitar la rectificaci\u00f3n de los datos inexactos o, en su caso, solicitar su supresi\u00f3n cuando, entre otros motivos, los datos ya no sean necesarios para los fines que fueron recogidos. Igualmente tiene derecho a la portabilidad de sus datos.<\/p>\n\n\n\n<p>En determinadas circunstancias, los interesados podr\u00e1n solicitar la limitaci\u00f3n del tratamiento de sus datos, en cuyo caso \u00fanicamente los conservaremos para el ejercicio o la defensa de reclamaciones.<\/p>\n\n\n\n<p>En determinadas circunstancias y por motivos relacionados con su situaci\u00f3n particular, los interesados podr\u00e1n oponerse al tratamiento de sus datos. En este caso, BALAGUER &amp; GUTIERREZ SL dejar\u00e1 de tratar los datos, salvo por motivos leg\u00edtimos imperiosos, o el ejercicio o la defensa de posibles reclamaciones.<\/p>\n\n\n\n<p>Podr\u00e1 ejercitar materialmente sus derechos de la siguiente forma: enviando un correo electr\u00f3nico a lopd@balaguergutierrez.com<\/p>\n\n\n\n<p>Cuando se realice el env\u00edo de comunicaciones comerciales utilizando como base jur\u00eddica el inter\u00e9s leg\u00edtimo del responsable, el interesado podr\u00e1 oponerse al tratamiento de sus datos con ese fin.<\/p>\n\n\n\n<p>Si ha otorgado su consentimiento para alguna finalidad concreta, tiene derecho a retirar el consentimiento otorgado en cualquier momento, sin que ello afecte a la licitud del tratamiento basado en el consentimiento previo a su retirada.<\/p>\n\n\n\n<p>En caso de que sienta vulnerados sus derechos en lo concerniente a la protecci\u00f3n de sus datos personales, especialmente cuando no haya obtenido satisfacci\u00f3n en el ejercicio de sus derechos, puede presentar una reclamaci\u00f3n ante la Autoridad de Control en materia de Protecci\u00f3n de Datos competente a trav\u00e9s de su sitio web: www.aepd.es.<\/p>\n\n\n\n<ul class=\"wp-block-list\">\n<li>\u00bfC\u00f3mo hemos obtenido sus datos?<\/li>\n<\/ul>\n\n\n\n<p>Los datos personales que tratamos en BALAGUER &amp; GUTIERREZ SL proceden de: El propio interesado.<\/p>\n\n\n\n<p>Las categor\u00edas de datos que se tratan son:<\/p>\n\n\n\n<ul class=\"wp-block-list\">\n<li>Datos identificativos.<\/li>\n\n\n\n<li>Direcciones postales y electr\u00f3nicas.<\/li>\n\n\n\n<li>Informaci\u00f3n comercial.<\/li>\n\n\n\n<li>Datos econ\u00f3micos.<\/li>\n<\/ul>\n\n\n\n<p>Se tratan las siguientes categor\u00edas de datos especiales: salud.<\/p>\n\n\n\n<hr class=\"wp-block-separator has-alpha-channel-opacity\"\/>\n\n\n\n<p><strong>Cl\u00e1usulas de respuesta a Curriculum Vitae<\/strong><\/p>\n\n\n\n<p>Informaci\u00f3n completa sobre Protecci\u00f3n de Datos<\/p>\n\n\n\n<ol class=\"wp-block-list\">\n<li>\u00bfQui\u00e9n es el responsable del tratamiento de sus datos?<\/li>\n<\/ol>\n\n\n\n<p>BALAGUER &amp; GUTIERREZ SL<\/p>\n\n\n\n<p>B57797276<\/p>\n\n\n\n<p>CL BARTOMEU ROSSELL\u00d3-P\u00d2RCEL 10 &#8211; 07014 &#8211; PALMA DE MALLORCA &#8211; ISLAS BALEARES<\/p>\n\n\n\n<p>971451651<\/p>\n\n\n\n<p>antonio.balaguer@balaguergutierrez.com<\/p>\n\n\n\n<ul class=\"wp-block-list\">\n<li>\u00bfCon qu\u00e9 finalidad tratamos sus datos personales?<\/li>\n<\/ul>\n\n\n\n<p>En BALAGUER &amp; GUTIERREZ SL tratamos la informaci\u00f3n que nos facilitan las personas interesadas con el fin de Realizar los procesos de selecci\u00f3n de personal. En el caso de que no facilite sus datos personales, no podremos cumplir con las finalidades descritas.<\/p>\n\n\n\n<p>No se van a tomar decisiones automatizadas.<\/p>\n\n\n\n<ul class=\"wp-block-list\">\n<li>\u00bfPor cu\u00e1nto tiempo conservaremos sus datos?<\/li>\n<\/ul>\n\n\n\n<p>Dos a\u00f1os<\/p>\n\n\n\n<ul class=\"wp-block-list\">\n<li>\u00bfCu\u00e1l es la legitimaci\u00f3n para el tratamiento de sus datos?<\/li>\n<\/ul>\n\n\n\n<p>Le indicamos la base legal para el tratamiento de sus datos:<\/p>\n\n\n\n<ul class=\"wp-block-list\">\n<li>Consentimiento del interesado: Participar en los procesos de selecci\u00f3n de personal<\/li>\n\n\n\n<li>\u00bfA qu\u00e9 destinatarios se comunicar\u00e1n sus datos?<\/li>\n<\/ul>\n\n\n\n<p>No se ceder\u00e1n datos a terceros, salvo obligaci\u00f3n legal.<\/p>\n\n\n\n<ul class=\"wp-block-list\">\n<li>Transferencias de datos a terceros pa\u00edses<\/li>\n<\/ul>\n\n\n\n<p>Est\u00e1n previstas las siguientes transferencias de datos a terceros pa\u00edses:<\/p>\n\n\n\n<ul class=\"wp-block-list\">\n<li>Meta Platforms Ireland Limited, con la finalidad de recepci\u00f3n de mensajes instant\u00e1neos. La garant\u00eda para esta transferencia se ha establecido a trav\u00e9s de: Cl\u00e1usulas tipo de protecci\u00f3n de datos. Puede consultar informaci\u00f3n adicional en: https:\/\/www.facebook.com\/help\/566994660333381.<\/li>\n\n\n\n<li>\u00bfCu\u00e1les son sus derechos cuando nos facilita sus datos?<\/li>\n<\/ul>\n\n\n\n<p>Cualquier persona tiene derecho a obtener confirmaci\u00f3n sobre si en BALAGUER &amp; GUTIERREZ SL estamos tratando, o no, datos personales que les conciernan.<\/p>\n\n\n\n<p>Las personas interesadas tienen derecho a acceder a sus datos personales, as\u00ed como a solicitar la rectificaci\u00f3n de los datos inexactos o, en su caso, solicitar su supresi\u00f3n cuando, entre otros motivos, los datos ya no sean necesarios para los fines que fueron recogidos. Igualmente tiene derecho a la portabilidad de sus datos.<\/p>\n\n\n\n<p>En determinadas circunstancias, los interesados podr\u00e1n solicitar la limitaci\u00f3n del tratamiento de sus datos, en cuyo caso \u00fanicamente los conservaremos para el ejercicio o la defensa de reclamaciones.<\/p>\n\n\n\n<p>En determinadas circunstancias y por motivos relacionados con su situaci\u00f3n particular, los interesados podr\u00e1n oponerse al tratamiento de sus datos. En este caso, BALAGUER &amp; GUTIERREZ SL dejar\u00e1 de tratar los datos, salvo por motivos leg\u00edtimos imperiosos, o el ejercicio o la defensa de posibles reclamaciones.<\/p>\n\n\n\n<p>Podr\u00e1 ejercitar materialmente sus derechos de la siguiente forma: enviando un correo electr\u00f3nico a lopd@balaguergutierrez.com<\/p>\n\n\n\n<p>Cuando se realice el env\u00edo de comunicaciones comerciales utilizando como base jur\u00eddica el inter\u00e9s leg\u00edtimo del responsable, el interesado podr\u00e1 oponerse al tratamiento de sus datos con ese fin.<\/p>\n\n\n\n<p>Si ha otorgado su consentimiento para alguna finalidad concreta, tiene derecho a retirar el consentimiento otorgado en cualquier momento, sin que ello afecte a la licitud del tratamiento basado en el consentimiento previo a su retirada.<\/p>\n\n\n\n<p>En caso de que sienta vulnerados sus derechos en lo concerniente a la protecci\u00f3n de sus datos personales, especialmente cuando no haya obtenido satisfacci\u00f3n en el ejercicio de sus derechos, puede presentar una reclamaci\u00f3n ante la Autoridad de Control en materia de Protecci\u00f3n de Datos competente a trav\u00e9s de su sitio web: www.aepd.es.<\/p>\n\n\n\n<ul class=\"wp-block-list\">\n<li>\u00bfC\u00f3mo hemos obtenido sus datos?<\/li>\n<\/ul>\n\n\n\n<p>Los datos personales que tratamos en BALAGUER &amp; GUTIERREZ SL proceden de: El propio interesado.<\/p>\n\n\n\n<p>Las categor\u00edas de datos que se tratan son:<\/p>\n\n\n\n<ul class=\"wp-block-list\">\n<li>Datos identificativos.<\/li>\n\n\n\n<li>Direcciones postales y electr\u00f3nicas.<\/li>\n<\/ul>\n\n\n\n<hr class=\"wp-block-separator has-alpha-channel-opacity\"\/>\n\n\n\n<p><strong>Gesti\u00f3n de contactos v\u00eda web<\/strong><\/p>\n\n\n\n<p>Informaci\u00f3n completa sobre Protecci\u00f3n de Datos<\/p>\n\n\n\n<ol class=\"wp-block-list\">\n<li>\u00bfQui\u00e9n es el responsable del tratamiento de sus datos?<\/li>\n<\/ol>\n\n\n\n<p>BALAGUER &amp; GUTIERREZ SL<\/p>\n\n\n\n<p>B57797276<\/p>\n\n\n\n<p>CL BARTOMEU ROSSELL\u00d3-P\u00d2RCEL 10 &#8211; 07014 &#8211; PALMA DE MALLORCA &#8211; ISLAS BALEARES<\/p>\n\n\n\n<p>971451651<\/p>\n\n\n\n<p>antonio.balaguer@balaguergutierrez.com<\/p>\n\n\n\n<ul class=\"wp-block-list\">\n<li>\u00bfCon qu\u00e9 finalidad tratamos sus datos personales?<\/li>\n<\/ul>\n\n\n\n<p>En BALAGUER &amp; GUTIERREZ SL tratamos la informaci\u00f3n que nos facilitan las personas interesadas con el fin de Atender su solicitud y enviarle comunicaciones comerciales, as\u00ed como nuestros boletines. En el caso de que no facilite sus datos personales, no podremos cumplir con las finalidades descritas.<\/p>\n\n\n\n<p>No se tomar\u00e1n decisiones automatizadas en base a los datos proporcionados<\/p>\n\n\n\n<ul class=\"wp-block-list\">\n<li>\u00bfPor cu\u00e1nto tiempo conservaremos sus datos?<\/li>\n<\/ul>\n\n\n\n<p>Los datos se conservar\u00e1n mientras el interesado no solicite su supresi\u00f3n<\/p>\n\n\n\n<ul class=\"wp-block-list\">\n<li>\u00bfCu\u00e1l es la legitimaci\u00f3n para el tratamiento de sus datos?<\/li>\n<\/ul>\n\n\n\n<p>Le indicamos la base legal para el tratamiento de sus datos:<\/p>\n\n\n\n<ul class=\"wp-block-list\">\n<li>Consentimiento del interesado: Atender su solicitud y enviarle comunicaciones comerciales, as\u00ed como nuestros boletines<\/li>\n\n\n\n<li>\u00bfA qu\u00e9 destinatarios se comunicar\u00e1n sus datos?<\/li>\n<\/ul>\n\n\n\n<p>Los datos se comunicar\u00e1n a los siguientes destinatarios:<\/p>\n\n\n\n<ul class=\"wp-block-list\">\n<li>Compa\u00f1\u00edas de Seguros, Agencias de Suscripci\u00f3n u otras Corredur\u00edas, con la finalidad de Celebraci\u00f3n de contratos de seguros, con la finalidad de celebraci\u00f3n de contratos de seguros<\/li>\n\n\n\n<li>Transferencias de datos a terceros pa\u00edses<\/li>\n<\/ul>\n\n\n\n<p>Est\u00e1n previstas las siguientes transferencias de datos a terceros pa\u00edses:<\/p>\n\n\n\n<ul class=\"wp-block-list\">\n<li>Google Ireland Limited, con la finalidad de gesti\u00f3n de correo electr\u00f3nico, contactos, agenda y almacenamiento de documentos. La garant\u00eda para esta transferencia se ha establecido a trav\u00e9s de: Existencia de una decisi\u00f3n de adecuaci\u00f3n de la Comisi\u00f3n. Puede consultar informaci\u00f3n adicional en: https:\/\/www.privacyshield.gov\/participant?id=a2zt000000001L5AAI&amp;status=Active.<\/li>\n\n\n\n<li>\u00bfCu\u00e1les son sus derechos cuando nos facilita sus datos?<\/li>\n<\/ul>\n\n\n\n<p>Cualquier persona tiene derecho a obtener confirmaci\u00f3n sobre si en BALAGUER &amp; GUTIERREZ SL estamos tratando, o no, datos personales que les conciernan.<\/p>\n\n\n\n<p>Las personas interesadas tienen derecho a acceder a sus datos personales, as\u00ed como a solicitar la rectificaci\u00f3n de los datos inexactos o, en su caso, solicitar su supresi\u00f3n cuando, entre otros motivos, los datos ya no sean necesarios para los fines que fueron recogidos. Igualmente tiene derecho a la portabilidad de sus datos.<\/p>\n\n\n\n<p>En determinadas circunstancias, los interesados podr\u00e1n solicitar la limitaci\u00f3n del tratamiento de sus datos, en cuyo caso \u00fanicamente los conservaremos para el ejercicio o la defensa de reclamaciones.<\/p>\n\n\n\n<p>En determinadas circunstancias y por motivos relacionados con su situaci\u00f3n particular, los interesados podr\u00e1n oponerse al tratamiento de sus datos. En este caso, BALAGUER &amp; GUTIERREZ SL dejar\u00e1 de tratar los datos, salvo por motivos leg\u00edtimos imperiosos, o el ejercicio o la defensa de posibles reclamaciones.<\/p>\n\n\n\n<p>Podr\u00e1 ejercitar materialmente sus derechos de la siguiente forma: Puede ejercer sus derechos enviando un correo electr\u00f3nico a lopd@balaguergutierrez.com<\/p>\n\n\n\n<p>Cuando se realice el env\u00edo de comunicaciones comerciales utilizando como base jur\u00eddica el inter\u00e9s leg\u00edtimo del responsable, el interesado podr\u00e1 oponerse al tratamiento de sus datos con ese fin.<\/p>\n\n\n\n<p>Si ha otorgado su consentimiento para alguna finalidad concreta, tiene derecho a retirar el consentimiento otorgado en cualquier momento, sin que ello afecte a la licitud del tratamiento basado en el consentimiento previo a su retirada.<\/p>\n\n\n\n<p>En caso de que sienta vulnerados sus derechos en lo concerniente a la protecci\u00f3n de sus datos personales, especialmente cuando no haya obtenido satisfacci\u00f3n en el ejercicio de sus derechos, puede presentar una reclamaci\u00f3n ante la Autoridad de Control en materia de Protecci\u00f3n de Datos competente a trav\u00e9s de su sitio web: www.aepd.es.<\/p>\n\n\n\n<ul class=\"wp-block-list\">\n<li>\u00bfC\u00f3mo hemos obtenido sus datos?<\/li>\n<\/ul>\n\n\n\n<p>Los datos personales que tratamos en BALAGUER &amp; GUTIERREZ SL proceden de: El propio interesado.<\/p>\n\n\n\n<p>Las categor\u00edas de datos que se tratan son:<\/p>\n\n\n\n<ul class=\"wp-block-list\">\n<li>Datos identificativos.<\/li>\n\n\n\n<li>Direcciones postales y electr\u00f3nicas.<\/li>\n\n\n\n<li>Informaci\u00f3n comercial.<\/li>\n<\/ul>\n\n\n\n<p>Se tratan las siguientes categor\u00edas de datos especiales: Datos relativos a la salud para la gesti\u00f3n de siniestros y p\u00f3lizas que requieran de esta informaci\u00f3n.<\/p>\n\n\n\n<hr class=\"wp-block-separator has-alpha-channel-opacity\"\/>\n\n\n\n<p><strong>Tratamiento de los datos de clientes<\/strong><\/p>\n\n\n\n<p>Informaci\u00f3n completa sobre Protecci\u00f3n de Datos<\/p>\n\n\n\n<ol class=\"wp-block-list\">\n<li>\u00bfQui\u00e9n es el responsable del tratamiento de sus datos?<\/li>\n<\/ol>\n\n\n\n<p>BALAGUER &amp; GUTIERREZ SL<\/p>\n\n\n\n<p>B57797276<\/p>\n\n\n\n<p>CL BARTOMEU ROSSELL\u00d3-P\u00d2RCEL 10 &#8211; 07014 &#8211; PALMA DE MALLORCA &#8211; ISLAS BALEARES<\/p>\n\n\n\n<p>971451651<\/p>\n\n\n\n<p>antonio.balaguer@balaguergutierrez.com<\/p>\n\n\n\n<ul class=\"wp-block-list\">\n<li>\u00bfCon qu\u00e9 finalidad tratamos sus datos personales?<\/li>\n<\/ul>\n\n\n\n<p>En BALAGUER &amp; GUTIERREZ SL tratamos la informaci\u00f3n que nos facilitan las personas interesadas con el fin de realizar la gesti\u00f3n administrativa, contable y fiscal de los servicios solicitados, as\u00ed como enviar comunicaciones comerciales sobre nuestros productos y servicios. En el caso de que no facilite sus datos personales, no podremos cumplir con las finalidades descritas.<\/p>\n\n\n\n<p>No se van a tomar decisiones automatizadas en base a los datos proporcionados.<\/p>\n\n\n\n<ul class=\"wp-block-list\">\n<li>\u00bfPor cu\u00e1nto tiempo conservaremos sus datos?<\/li>\n<\/ul>\n\n\n\n<p>Los datos se conservar\u00e1n mientras el interesado no solicite su supresi\u00f3n, y en su caso, durante los a\u00f1os necesarios para cumplir con las obligaciones legales.<\/p>\n\n\n\n<ul class=\"wp-block-list\">\n<li>\u00bfCu\u00e1l es la legitimaci\u00f3n para el tratamiento de sus datos?<\/li>\n<\/ul>\n\n\n\n<p>Le indicamos la base legal para el tratamiento de sus datos:<\/p>\n\n\n\n<ul class=\"wp-block-list\">\n<li>Ejecuci\u00f3n de un contrato o medidas precontractuales: Realizar la gesti\u00f3n administrativa, contable y fiscal de los servicios solicitados.<\/li>\n\n\n\n<li>Inter\u00e9s leg\u00edtimo del Responsable: Enviar comunicaciones comerciales sobre nuestros productos y servicios.<\/li>\n\n\n\n<li>\u00bfA qu\u00e9 destinatarios se comunicar\u00e1n sus datos?<\/li>\n<\/ul>\n\n\n\n<p>Los datos se comunicar\u00e1n a los siguientes destinatarios:<\/p>\n\n\n\n<ul class=\"wp-block-list\">\n<li>Administraci\u00f3n Tributaria, con la finalidad de cumplir con las obligaciones legales (requisito legal).<\/li>\n\n\n\n<li>Entidades financieras, con la finalidad de girar los recibos correspondientes (requisito contractual).<\/li>\n\n\n\n<li>Transferencias de datos a terceros pa\u00edses<\/li>\n<\/ul>\n\n\n\n<p>Est\u00e1n previstas las siguientes transferencias de datos a terceros pa\u00edses:<\/p>\n\n\n\n<ul class=\"wp-block-list\">\n<li>Meta Platforms Ireland Limited, con la finalidad de Mensajer\u00eda Instantanea. La garant\u00eda para esta transferencia se ha establecido a trav\u00e9s de: Cl\u00e1usulas tipo de protecci\u00f3n de datos. Puede consultar informaci\u00f3n adicional en: https:\/\/www.facebook.com\/help\/566994660333381.<\/li>\n\n\n\n<li>\u00bfCu\u00e1les son sus derechos cuando nos facilita sus datos?<\/li>\n<\/ul>\n\n\n\n<p>Cualquier persona tiene derecho a obtener confirmaci\u00f3n sobre si en BALAGUER &amp; GUTIERREZ SL estamos tratando, o no, datos personales que les conciernan.<\/p>\n\n\n\n<p>Las personas interesadas tienen derecho a acceder a sus datos personales, as\u00ed como a solicitar la rectificaci\u00f3n de los datos inexactos o, en su caso, solicitar su supresi\u00f3n cuando, entre otros motivos, los datos ya no sean necesarios para los fines que fueron recogidos. Igualmente tiene derecho a la portabilidad de sus datos.<\/p>\n\n\n\n<p>En determinadas circunstancias, los interesados podr\u00e1n solicitar la limitaci\u00f3n del tratamiento de sus datos, en cuyo caso \u00fanicamente los conservaremos para el ejercicio o la defensa de reclamaciones.<\/p>\n\n\n\n<p>En determinadas circunstancias y por motivos relacionados con su situaci\u00f3n particular, los interesados podr\u00e1n oponerse al tratamiento de sus datos. En este caso, BALAGUER &amp; GUTIERREZ SL dejar\u00e1 de tratar los datos, salvo por motivos leg\u00edtimos imperiosos, o el ejercicio o la defensa de posibles reclamaciones.<\/p>\n\n\n\n<p>Podr\u00e1 ejercitar materialmente sus derechos de la siguiente forma: enviando un correo electr\u00f3nico a lopd@balaguergutierrez.com<\/p>\n\n\n\n<p>Cuando se realice el env\u00edo de comunicaciones comerciales utilizando como base jur\u00eddica el inter\u00e9s leg\u00edtimo del responsable, el interesado podr\u00e1 oponerse al tratamiento de sus datos con ese fin.<\/p>\n\n\n\n<p>Si ha otorgado su consentimiento para alguna finalidad concreta, tiene derecho a retirar el consentimiento otorgado en cualquier momento, sin que ello afecte a la licitud del tratamiento basado en el consentimiento previo a su retirada.<\/p>\n\n\n\n<p>En caso de que sienta vulnerados sus derechos en lo concerniente a la protecci\u00f3n de sus datos personales, especialmente cuando no haya obtenido satisfacci\u00f3n en el ejercicio de sus derechos, puede presentar una reclamaci\u00f3n ante la Autoridad de Control en materia de Protecci\u00f3n de Datos competente a trav\u00e9s de su sitio web: www.aepd.es.<\/p>\n\n\n\n<ul class=\"wp-block-list\">\n<li>\u00bfC\u00f3mo hemos obtenido sus datos?<\/li>\n<\/ul>\n\n\n\n<p>Los datos personales que tratamos en BALAGUER &amp; GUTIERREZ SL proceden de: El propio interesado.<\/p>\n\n\n\n<hr class=\"wp-block-separator has-alpha-channel-opacity\"\/>\n\n\n\n<p><strong>Tratamiento de los datos para el env\u00edo de la Newsletter<\/strong><\/p>\n\n\n\n<p>Informaci\u00f3n completa sobre Protecci\u00f3n de Datos<\/p>\n\n\n\n<ol class=\"wp-block-list\">\n<li>\u00bfQui\u00e9n es el responsable del tratamiento de sus datos?<\/li>\n<\/ol>\n\n\n\n<p>BALAGUER &amp; GUTIERREZ SL<\/p>\n\n\n\n<p>B57797276<\/p>\n\n\n\n<p>CL BARTOMEU ROSSELL\u00d3-P\u00d2RCEL 10 &#8211; 07014 &#8211; PALMA DE MALLORCA &#8211; ISLAS BALEARES<\/p>\n\n\n\n<p>971451651<\/p>\n\n\n\n<p>antonio.balaguer@balaguergutierrez.com<\/p>\n\n\n\n<ul class=\"wp-block-list\">\n<li>\u00bfCon qu\u00e9 finalidad tratamos sus datos personales?<\/li>\n<\/ul>\n\n\n\n<p>En BALAGUER &amp; GUTIERREZ SL tratamos la informaci\u00f3n que nos facilitan las personas interesadas con el fin de gestionar la suscripci\u00f3n de la Newsletter, que mandamos de forma peri\u00f3dica a los clientes e interesados que se suscriben a ella. En el caso de que no facilite sus datos personales, no podremos cumplir con las finalidades descritas.<\/p>\n\n\n\n<p>No se van a tomar decisiones automatizadas en base a los datos proporcionados.<\/p>\n\n\n\n<ul class=\"wp-block-list\">\n<li>\u00bfPor cu\u00e1nto tiempo conservaremos sus datos?<\/li>\n<\/ul>\n\n\n\n<p>Los datos se conservar\u00e1n mientras no manifieste su deseo de que sean suprimidos.<\/p>\n\n\n\n<ul class=\"wp-block-list\">\n<li>\u00bfCu\u00e1l es la legitimaci\u00f3n para el tratamiento de sus datos?<\/li>\n<\/ul>\n\n\n\n<p>Le indicamos la base legal para el tratamiento de sus datos:<\/p>\n\n\n\n<ul class=\"wp-block-list\">\n<li>Consentimiento del interesado: Enviarle la Newsletter, que se manda de forma peri\u00f3dica.<\/li>\n\n\n\n<li>\u00bfA qu\u00e9 destinatarios se comunicar\u00e1n sus datos?<\/li>\n<\/ul>\n\n\n\n<p>No se ceder\u00e1n datos a terceros, salvo obligaci\u00f3n legal.<\/p>\n\n\n\n<ul class=\"wp-block-list\">\n<li>Transferencias de datos a terceros pa\u00edses<\/li>\n<\/ul>\n\n\n\n<p>Est\u00e1n previstas las siguientes transferencias de datos a terceros pa\u00edses:<\/p>\n\n\n\n<ul class=\"wp-block-list\">\n<li>The Rocket Science Group LLC (Mailchimp), con la finalidad de Gesti\u00f3n de env\u00edo y seguimiento de Newsletter. La garant\u00eda para esta transferencia se ha establecido a trav\u00e9s de: Existencia de una decisi\u00f3n de adecuaci\u00f3n de la Comisi\u00f3n. Puede consultar informaci\u00f3n adicional en: https:\/\/mailchimp.com\/es\/legal\/data-processing-addendum\/?_gl=1*q033c3*_up*MQ..&amp;gclid=93c8b02f7c0519041a21d71d249e38f3&amp;gclsrc=3p.ds#6._Transferencias_internacionales.<\/li>\n\n\n\n<li>\u00bfCu\u00e1les son sus derechos cuando nos facilita sus datos?<\/li>\n<\/ul>\n\n\n\n<p>Cualquier persona tiene derecho a obtener confirmaci\u00f3n sobre si en BALAGUER &amp; GUTIERREZ SL estamos tratando, o no, datos personales que les conciernan.<\/p>\n\n\n\n<p>Las personas interesadas tienen derecho a acceder a sus datos personales, as\u00ed como a solicitar la rectificaci\u00f3n de los datos inexactos o, en su caso, solicitar su supresi\u00f3n cuando, entre otros motivos, los datos ya no sean necesarios para los fines que fueron recogidos. Igualmente tiene derecho a la portabilidad de sus datos.<\/p>\n\n\n\n<p>En determinadas circunstancias, los interesados podr\u00e1n solicitar la limitaci\u00f3n del tratamiento de sus datos, en cuyo caso \u00fanicamente los conservaremos para el ejercicio o la defensa de reclamaciones.<\/p>\n\n\n\n<p>En determinadas circunstancias y por motivos relacionados con su situaci\u00f3n particular, los interesados podr\u00e1n oponerse al tratamiento de sus datos. En este caso, BALAGUER &amp; GUTIERREZ SL dejar\u00e1 de tratar los datos, salvo por motivos leg\u00edtimos imperiosos, o el ejercicio o la defensa de posibles reclamaciones.<\/p>\n\n\n\n<p>Podr\u00e1 ejercitar materialmente sus derechos de la siguiente forma: dirigi\u00e9ndose a la direcci\u00f3n del responsable<\/p>\n\n\n\n<p>Cuando se realice el env\u00edo de comunicaciones comerciales utilizando como base jur\u00eddica el inter\u00e9s leg\u00edtimo del responsable, el interesado podr\u00e1 oponerse al tratamiento de sus datos con ese fin.<\/p>\n\n\n\n<p>Si ha otorgado su consentimiento para alguna finalidad concreta, tiene derecho a retirar el consentimiento otorgado en cualquier momento, sin que ello afecte a la licitud del tratamiento basado en el consentimiento previo a su retirada.<\/p>\n\n\n\n<p>En caso de que sienta vulnerados sus derechos en lo concerniente a la protecci\u00f3n de sus datos personales, especialmente cuando no haya obtenido satisfacci\u00f3n en el ejercicio de sus derechos, puede presentar una reclamaci\u00f3n ante la Autoridad de Control en materia de Protecci\u00f3n de Datos competente a trav\u00e9s de su sitio web: www.aepd.es.<\/p>\n\n\n\n<ul class=\"wp-block-list\">\n<li>\u00bfC\u00f3mo hemos obtenido sus datos?<\/li>\n<\/ul>\n\n\n\n<p>Los datos personales que tratamos en BALAGUER &amp; GUTIERREZ SL proceden de: El propio interesado.<\/p>\n","protected":false},"excerpt":{"rendered":"<p>En BALAGUER &amp; GUTIERREZ SL nos preocupamos por la privacidad y la transparencia. A continuaci\u00f3n, le indicamos en detalle los tratamientos de datos personales que realizamos, as\u00ed como toda la informaci\u00f3n relativa a los mismos. Informaci\u00f3n completa sobre Protecci\u00f3n de<\/p>\n","protected":false},"author":1,"featured_media":786,"parent":0,"menu_order":0,"comment_status":"closed","ping_status":"closed","template":"","meta":{"footnotes":""},"class_list":["post-772","page","type-page","status-publish","has-post-thumbnail","hentry","","tg-column-third"],"yoast_head":"<!-- This site is optimized with the Yoast SEO plugin v27.4 - https:\/\/yoast.com\/product\/yoast-seo-wordpress\/ -->\n<title>POL\u00cdTICA DE PRIVACIDAD - balaguergutierrez.es<\/title>\n<meta name=\"robots\" content=\"index, follow, max-snippet:-1, max-image-preview:large, max-video-preview:-1\" \/>\n<link rel=\"canonical\" href=\"https:\/\/balaguergutierrez.es\/index.php\/politica-de-privacidad\/\" \/>\n<meta property=\"og:locale\" content=\"es_ES\" \/>\n<meta property=\"og:type\" content=\"article\" \/>\n<meta property=\"og:title\" content=\"POL\u00cdTICA DE PRIVACIDAD - balaguergutierrez.es\" \/>\n<meta property=\"og:description\" content=\"En BALAGUER &amp; GUTIERREZ SL nos preocupamos por la privacidad y la transparencia. A continuaci\u00f3n, le indicamos en detalle los tratamientos de datos personales que realizamos, as\u00ed como toda la informaci\u00f3n relativa a los mismos. Informaci\u00f3n completa sobre Protecci\u00f3n de\" \/>\n<meta property=\"og:url\" content=\"https:\/\/balaguergutierrez.es\/index.php\/politica-de-privacidad\/\" \/>\n<meta property=\"og:site_name\" content=\"balaguergutierrez.es\" \/>\n<meta property=\"article:publisher\" content=\"https:\/\/www.facebook.com\/balaguergutierrezcs\/\" \/>\n<meta property=\"article:modified_time\" content=\"2025-02-23T18:32:23+00:00\" \/>\n<meta property=\"og:image\" content=\"https:\/\/balaguergutierrez.es\/wp-content\/uploads\/2024\/11\/consultoria-lopdgdd.jpg\" \/>\n\t<meta property=\"og:image:width\" content=\"720\" \/>\n\t<meta property=\"og:image:height\" content=\"300\" \/>\n\t<meta property=\"og:image:type\" content=\"image\/jpeg\" \/>\n<meta name=\"twitter:label1\" content=\"Tiempo de lectura\" \/>\n\t<meta name=\"twitter:data1\" content=\"18 minutos\" \/>\n<script type=\"application\/ld+json\" class=\"yoast-schema-graph\">{\"@context\":\"https:\\\/\\\/schema.org\",\"@graph\":[{\"@type\":\"WebPage\",\"@id\":\"https:\\\/\\\/balaguergutierrez.es\\\/index.php\\\/politica-de-privacidad\\\/\",\"url\":\"https:\\\/\\\/balaguergutierrez.es\\\/index.php\\\/politica-de-privacidad\\\/\",\"name\":\"POL\u00cdTICA DE PRIVACIDAD - balaguergutierrez.es\",\"isPartOf\":{\"@id\":\"https:\\\/\\\/balaguergutierrez.es\\\/#website\"},\"primaryImageOfPage\":{\"@id\":\"https:\\\/\\\/balaguergutierrez.es\\\/index.php\\\/politica-de-privacidad\\\/#primaryimage\"},\"image\":{\"@id\":\"https:\\\/\\\/balaguergutierrez.es\\\/index.php\\\/politica-de-privacidad\\\/#primaryimage\"},\"thumbnailUrl\":\"https:\\\/\\\/balaguergutierrez.es\\\/wp-content\\\/uploads\\\/2024\\\/11\\\/consultoria-lopdgdd-e1741452714393.jpg\",\"datePublished\":\"2024-11-11T19:27:59+00:00\",\"dateModified\":\"2025-02-23T18:32:23+00:00\",\"breadcrumb\":{\"@id\":\"https:\\\/\\\/balaguergutierrez.es\\\/index.php\\\/politica-de-privacidad\\\/#breadcrumb\"},\"inLanguage\":\"es\",\"potentialAction\":[{\"@type\":\"ReadAction\",\"target\":[\"https:\\\/\\\/balaguergutierrez.es\\\/index.php\\\/politica-de-privacidad\\\/\"]}]},{\"@type\":\"ImageObject\",\"inLanguage\":\"es\",\"@id\":\"https:\\\/\\\/balaguergutierrez.es\\\/index.php\\\/politica-de-privacidad\\\/#primaryimage\",\"url\":\"https:\\\/\\\/balaguergutierrez.es\\\/wp-content\\\/uploads\\\/2024\\\/11\\\/consultoria-lopdgdd-e1741452714393.jpg\",\"contentUrl\":\"https:\\\/\\\/balaguergutierrez.es\\\/wp-content\\\/uploads\\\/2024\\\/11\\\/consultoria-lopdgdd-e1741452714393.jpg\",\"width\":720,\"height\":206,\"caption\":\"Equipo de Balaguer & Guti\u00e9rrez asesorando en protecci\u00f3n de datos y ciberseguridad en Mallorca\"},{\"@type\":\"BreadcrumbList\",\"@id\":\"https:\\\/\\\/balaguergutierrez.es\\\/index.php\\\/politica-de-privacidad\\\/#breadcrumb\",\"itemListElement\":[{\"@type\":\"ListItem\",\"position\":1,\"name\":\"Portada\",\"item\":\"https:\\\/\\\/balaguergutierrez.es\\\/\"},{\"@type\":\"ListItem\",\"position\":2,\"name\":\"POL\u00cdTICA DE PRIVACIDAD\"}]},{\"@type\":\"WebSite\",\"@id\":\"https:\\\/\\\/balaguergutierrez.es\\\/#website\",\"url\":\"https:\\\/\\\/balaguergutierrez.es\\\/\",\"name\":\"Balaguer & Guti\u00e9rrez, Corredur\u00eda de Seguros\",\"description\":\"Aseguramos lo que de verdad importa\",\"publisher\":{\"@id\":\"https:\\\/\\\/balaguergutierrez.es\\\/#organization\"},\"potentialAction\":[{\"@type\":\"SearchAction\",\"target\":{\"@type\":\"EntryPoint\",\"urlTemplate\":\"https:\\\/\\\/balaguergutierrez.es\\\/?s={search_term_string}\"},\"query-input\":{\"@type\":\"PropertyValueSpecification\",\"valueRequired\":true,\"valueName\":\"search_term_string\"}}],\"inLanguage\":\"es\"},{\"@type\":\"Organization\",\"@id\":\"https:\\\/\\\/balaguergutierrez.es\\\/#organization\",\"name\":\"Balaguer & Guti\u00e9rrez SL\",\"url\":\"https:\\\/\\\/balaguergutierrez.es\\\/\",\"logo\":{\"@type\":\"ImageObject\",\"inLanguage\":\"es\",\"@id\":\"https:\\\/\\\/balaguergutierrez.es\\\/#\\\/schema\\\/logo\\\/image\\\/\",\"url\":\"https:\\\/\\\/balaguergutierrez.es\\\/wp-content\\\/uploads\\\/2023\\\/03\\\/bg2014-Personalizado-1.png\",\"contentUrl\":\"https:\\\/\\\/balaguergutierrez.es\\\/wp-content\\\/uploads\\\/2023\\\/03\\\/bg2014-Personalizado-1.png\",\"width\":300,\"height\":56,\"caption\":\"Balaguer & Guti\u00e9rrez SL\"},\"image\":{\"@id\":\"https:\\\/\\\/balaguergutierrez.es\\\/#\\\/schema\\\/logo\\\/image\\\/\"},\"sameAs\":[\"https:\\\/\\\/www.facebook.com\\\/balaguergutierrezcs\\\/\",\"https:\\\/\\\/www.instagram.com\\\/balaguergutierrezsl\\\/\"]}]}<\/script>\n<!-- \/ Yoast SEO plugin. -->","yoast_head_json":{"title":"POL\u00cdTICA DE PRIVACIDAD - balaguergutierrez.es","robots":{"index":"index","follow":"follow","max-snippet":"max-snippet:-1","max-image-preview":"max-image-preview:large","max-video-preview":"max-video-preview:-1"},"canonical":"https:\/\/balaguergutierrez.es\/index.php\/politica-de-privacidad\/","og_locale":"es_ES","og_type":"article","og_title":"POL\u00cdTICA DE PRIVACIDAD - balaguergutierrez.es","og_description":"En BALAGUER &amp; GUTIERREZ SL nos preocupamos por la privacidad y la transparencia. A continuaci\u00f3n, le indicamos en detalle los tratamientos de datos personales que realizamos, as\u00ed como toda la informaci\u00f3n relativa a los mismos. Informaci\u00f3n completa sobre Protecci\u00f3n de","og_url":"https:\/\/balaguergutierrez.es\/index.php\/politica-de-privacidad\/","og_site_name":"balaguergutierrez.es","article_publisher":"https:\/\/www.facebook.com\/balaguergutierrezcs\/","article_modified_time":"2025-02-23T18:32:23+00:00","og_image":[{"width":720,"height":300,"url":"https:\/\/balaguergutierrez.es\/wp-content\/uploads\/2024\/11\/consultoria-lopdgdd.jpg","type":"image\/jpeg"}],"twitter_misc":{"Tiempo de lectura":"18 minutos"},"schema":{"@context":"https:\/\/schema.org","@graph":[{"@type":"WebPage","@id":"https:\/\/balaguergutierrez.es\/index.php\/politica-de-privacidad\/","url":"https:\/\/balaguergutierrez.es\/index.php\/politica-de-privacidad\/","name":"POL\u00cdTICA DE PRIVACIDAD - balaguergutierrez.es","isPartOf":{"@id":"https:\/\/balaguergutierrez.es\/#website"},"primaryImageOfPage":{"@id":"https:\/\/balaguergutierrez.es\/index.php\/politica-de-privacidad\/#primaryimage"},"image":{"@id":"https:\/\/balaguergutierrez.es\/index.php\/politica-de-privacidad\/#primaryimage"},"thumbnailUrl":"https:\/\/balaguergutierrez.es\/wp-content\/uploads\/2024\/11\/consultoria-lopdgdd-e1741452714393.jpg","datePublished":"2024-11-11T19:27:59+00:00","dateModified":"2025-02-23T18:32:23+00:00","breadcrumb":{"@id":"https:\/\/balaguergutierrez.es\/index.php\/politica-de-privacidad\/#breadcrumb"},"inLanguage":"es","potentialAction":[{"@type":"ReadAction","target":["https:\/\/balaguergutierrez.es\/index.php\/politica-de-privacidad\/"]}]},{"@type":"ImageObject","inLanguage":"es","@id":"https:\/\/balaguergutierrez.es\/index.php\/politica-de-privacidad\/#primaryimage","url":"https:\/\/balaguergutierrez.es\/wp-content\/uploads\/2024\/11\/consultoria-lopdgdd-e1741452714393.jpg","contentUrl":"https:\/\/balaguergutierrez.es\/wp-content\/uploads\/2024\/11\/consultoria-lopdgdd-e1741452714393.jpg","width":720,"height":206,"caption":"Equipo de Balaguer & Guti\u00e9rrez asesorando en protecci\u00f3n de datos y ciberseguridad en Mallorca"},{"@type":"BreadcrumbList","@id":"https:\/\/balaguergutierrez.es\/index.php\/politica-de-privacidad\/#breadcrumb","itemListElement":[{"@type":"ListItem","position":1,"name":"Portada","item":"https:\/\/balaguergutierrez.es\/"},{"@type":"ListItem","position":2,"name":"POL\u00cdTICA DE PRIVACIDAD"}]},{"@type":"WebSite","@id":"https:\/\/balaguergutierrez.es\/#website","url":"https:\/\/balaguergutierrez.es\/","name":"Balaguer & Guti\u00e9rrez, Corredur\u00eda de Seguros","description":"Aseguramos lo que de verdad importa","publisher":{"@id":"https:\/\/balaguergutierrez.es\/#organization"},"potentialAction":[{"@type":"SearchAction","target":{"@type":"EntryPoint","urlTemplate":"https:\/\/balaguergutierrez.es\/?s={search_term_string}"},"query-input":{"@type":"PropertyValueSpecification","valueRequired":true,"valueName":"search_term_string"}}],"inLanguage":"es"},{"@type":"Organization","@id":"https:\/\/balaguergutierrez.es\/#organization","name":"Balaguer & Guti\u00e9rrez SL","url":"https:\/\/balaguergutierrez.es\/","logo":{"@type":"ImageObject","inLanguage":"es","@id":"https:\/\/balaguergutierrez.es\/#\/schema\/logo\/image\/","url":"https:\/\/balaguergutierrez.es\/wp-content\/uploads\/2023\/03\/bg2014-Personalizado-1.png","contentUrl":"https:\/\/balaguergutierrez.es\/wp-content\/uploads\/2023\/03\/bg2014-Personalizado-1.png","width":300,"height":56,"caption":"Balaguer & Guti\u00e9rrez SL"},"image":{"@id":"https:\/\/balaguergutierrez.es\/#\/schema\/logo\/image\/"},"sameAs":["https:\/\/www.facebook.com\/balaguergutierrezcs\/","https:\/\/www.instagram.com\/balaguergutierrezsl\/"]}]}},"_links":{"self":[{"href":"https:\/\/balaguergutierrez.es\/index.php\/wp-json\/wp\/v2\/pages\/772","targetHints":{"allow":["GET"]}}],"collection":[{"href":"https:\/\/balaguergutierrez.es\/index.php\/wp-json\/wp\/v2\/pages"}],"about":[{"href":"https:\/\/balaguergutierrez.es\/index.php\/wp-json\/wp\/v2\/types\/page"}],"author":[{"embeddable":true,"href":"https:\/\/balaguergutierrez.es\/index.php\/wp-json\/wp\/v2\/users\/1"}],"replies":[{"embeddable":true,"href":"https:\/\/balaguergutierrez.es\/index.php\/wp-json\/wp\/v2\/comments?post=772"}],"version-history":[{"count":2,"href":"https:\/\/balaguergutierrez.es\/index.php\/wp-json\/wp\/v2\/pages\/772\/revisions"}],"predecessor-version":[{"id":985,"href":"https:\/\/balaguergutierrez.es\/index.php\/wp-json\/wp\/v2\/pages\/772\/revisions\/985"}],"wp:featuredmedia":[{"embeddable":true,"href":"https:\/\/balaguergutierrez.es\/index.php\/wp-json\/wp\/v2\/media\/786"}],"wp:attachment":[{"href":"https:\/\/balaguergutierrez.es\/index.php\/wp-json\/wp\/v2\/media?parent=772"}],"curies":[{"name":"wp","href":"https:\/\/api.w.org\/{rel}","templated":true}]}}